{"version":"1.0","provider_name":"Magazin Mein Pflegejob","provider_url":"https:\/\/www.mein-pflegejob.de\/blog","author_name":"Edwin","author_url":"https:\/\/www.mein-pflegejob.de\/blog\/author\/edwin\/","title":"Gesetzentwurf: Verg\u00fctung w\u00e4hrend des Pflegestudiums - Magazin Mein Pflegejob","type":"rich","width":600,"height":338,"html":"<blockquote class=\"wp-embedded-content\" data-secret=\"93iUOS7p37\"><a href=\"https:\/\/www.mein-pflegejob.de\/blog\/gesetzentwurf-verguetung-waehrend-des-pflegestudiums\/\">Gesetzentwurf: Verg\u00fctung w\u00e4hrend des Pflegestudiums<\/a><\/blockquote><iframe sandbox=\"allow-scripts\" security=\"restricted\" src=\"https:\/\/www.mein-pflegejob.de\/blog\/gesetzentwurf-verguetung-waehrend-des-pflegestudiums\/embed\/#?secret=93iUOS7p37\" width=\"600\" height=\"338\" title=\"&#8222;Gesetzentwurf: Verg\u00fctung w\u00e4hrend des Pflegestudiums&#8220; &#8211; Magazin Mein Pflegejob\" data-secret=\"93iUOS7p37\" frameborder=\"0\" marginwidth=\"0\" marginheight=\"0\" scrolling=\"no\" class=\"wp-embedded-content\"><\/iframe><script type=\"text\/javascript\">\n\/* <![CDATA[ *\/\n\/*! This file is auto-generated *\/\n!function(d,l){\"use strict\";l.querySelector&&d.addEventListener&&\"undefined\"!=typeof URL&&(d.wp=d.wp||{},d.wp.receiveEmbedMessage||(d.wp.receiveEmbedMessage=function(e){var t=e.data;if((t||t.secret||t.message||t.value)&&!\/[^a-zA-Z0-9]\/.test(t.secret)){for(var s,r,n,a=l.querySelectorAll('iframe[data-secret=\"'+t.secret+'\"]'),o=l.querySelectorAll('blockquote[data-secret=\"'+t.secret+'\"]'),c=new RegExp(\"^https?:$\",\"i\"),i=0;i<o.length;i++)o[i].style.display=\"none\";for(i=0;i<a.length;i++)s=a[i],e.source===s.contentWindow&&(s.removeAttribute(\"style\"),\"height\"===t.message?(1e3<(r=parseInt(t.value,10))?r=1e3:~~r<200&&(r=200),s.height=r):\"link\"===t.message&&(r=new URL(s.getAttribute(\"src\")),n=new URL(t.value),c.test(n.protocol))&&n.host===r.host&&l.activeElement===s&&(d.top.location.href=t.value))}},d.addEventListener(\"message\",d.wp.receiveEmbedMessage,!1),l.addEventListener(\"DOMContentLoaded\",function(){for(var e,t,s=l.querySelectorAll(\"iframe.wp-embedded-content\"),r=0;r<s.length;r++)(t=(e=s[r]).getAttribute(\"data-secret\"))||(t=Math.random().toString(36).substring(2,12),e.src+=\"#?secret=\"+t,e.setAttribute(\"data-secret\",t)),e.contentWindow.postMessage({message:\"ready\",secret:t},\"*\")},!1)))}(window,document);\n\/* ]]> *\/\n<\/script>\n","thumbnail_url":"https:\/\/www.mein-pflegejob.de\/blog\/media\/Pflegestudium-Verguetung-scaled.jpg","thumbnail_width":1920,"thumbnail_height":1280,"description":"Um das Pflegestudium attraktiver zu gestalten, soll dieses zuk\u00fcnftig w\u00e4hrend der Gesamtdauer des Studiums verg\u00fctet werden."}