{"id":1190,"date":"2019-02-07T14:56:49","date_gmt":"2019-02-07T14:56:49","guid":{"rendered":"http:\/\/blog.mein-pflegejob.com\/?page_id=2"},"modified":"2024-09-11T12:35:51","modified_gmt":"2024-09-11T10:35:51","slug":"sample-page","status":"publish","type":"page","link":"https:\/\/www.mein-pflegejob.de\/blog\/","title":{"rendered":"Home"},"content":{"rendered":"<p><div class=\"fusion-fullwidth fullwidth-box fusion-builder-row-1 fusion-flex-container nonhundred-percent-fullwidth non-hundred-percent-height-scrolling fusion-no-small-visibility\" style=\"--awb-background-position:left top;--awb-border-radius-top-left:0px;--awb-border-radius-top-right:0px;--awb-border-radius-bottom-right:0px;--awb-border-radius-bottom-left:0px;--awb-padding-top:50px;--awb-padding-bottom:50px;--awb-margin-top:0px;--awb-margin-bottom:0px;--awb-background-color:#eff2f5;--awb-flex-wrap:wrap;\" ><div class=\"fusion-builder-row fusion-row fusion-flex-align-items-flex-start fusion-flex-content-wrap\" style=\"max-width:93.6%;margin-left: calc(-4% \/ 2 );margin-right: calc(-4% \/ 2 );\"><div class=\"fusion-layout-column fusion_builder_column fusion-builder-column-0 fusion_builder_column_1_2 1_2 fusion-flex-column fusion-no-small-visibility\" style=\"--awb-padding-top:20%;--awb-bg-position:center center;--awb-bg-size:cover;--awb-box-shadow:0px 20px 50px 0px rgba(0,0,0,0.06);;--awb-border-color:#ffffff;--awb-border-top:30px;--awb-border-right:30px;--awb-border-bottom:30px;--awb-border-left:30px;--awb-border-style:solid;--awb-width-large:50%;--awb-margin-top-large:20px;--awb-spacing-right-large:9.6%;--awb-margin-bottom-large:20px;--awb-spacing-left-large:3.84%;--awb-width-medium:100%;--awb-order-medium:0;--awb-spacing-right-medium:1.92%;--awb-spacing-left-medium:1.92%;--awb-width-small:100%;--awb-order-small:0;--awb-spacing-right-small:1.92%;--awb-spacing-left-small:1.92%;\"><div class=\"fusion-column-wrapper lazyload fusion-column-has-shadow fusion-flex-justify-content-flex-start fusion-content-layout-column fusion-column-has-bg-image\" data-bg-url=\"https:\/\/www.mein-pflegejob.de\/blog\/media\/adult-affection-embrace-1421769-600x406.jpg\" data-bg=\"https:\/\/www.mein-pflegejob.de\/blog\/media\/adult-affection-embrace-1421769-600x406.jpg\"><div class=\"fusion-separator fusion-full-width-sep\" style=\"align-self: center;margin-left: auto;margin-right: auto;margin-top:150px;margin-bottom:150px;width:100%;\"><\/div><\/div><\/div><div class=\"fusion-layout-column fusion_builder_column fusion-builder-column-1 fusion_builder_column_1_2 1_2 fusion-flex-column\" style=\"--awb-bg-size:cover;--awb-width-large:50%;--awb-margin-top-large:20px;--awb-spacing-right-large:3.84%;--awb-margin-bottom-large:20px;--awb-spacing-left-large:9.6%;--awb-width-medium:100%;--awb-order-medium:0;--awb-spacing-right-medium:1.92%;--awb-spacing-left-medium:1.92%;--awb-width-small:100%;--awb-order-small:0;--awb-spacing-right-small:1.92%;--awb-spacing-left-small:1.92%;\"><div class=\"fusion-column-wrapper fusion-column-has-shadow fusion-flex-justify-content-center fusion-content-layout-column\"><div class=\"fusion-separator\" style=\"align-self: flex-start;margin-right:auto;width:100%;max-width:32px;\"><div class=\"fusion-separator-border sep-single sep-solid\" style=\"--awb-height:20px;--awb-amount:20px;--awb-sep-color:#181818;border-color:#181818;border-top-width:2px;\"><\/div><\/div><div class=\"fusion-text fusion-text-1 caption\"><p><span style=\"padding-left: 52px;\">\u00dcBER MEIN PFLEGEJOB<\/span><\/p>\n<\/div><div class=\"fusion-title title fusion-title-1 fusion-sep-none fusion-title-text fusion-title-size-two\" style=\"--awb-margin-top:27px;--awb-margin-bottom:20px;\"><h2 class=\"fusion-title-heading title-heading-left fusion-responsive-typography-calculated\" style=\"margin:0;--fontSize:36;line-height:1.28;\"><h1>Magazin &amp; News<\/h1><\/h2><\/div><div class=\"fusion-text fusion-text-2\"><p>Mit unserem Magazin halten wir Dich zu News aus der Pflegebranche auf dem Laufenden. Zudem findest Du bei uns Tipps rund um die Themen Bewerben &amp; Arbeiten in der Pflege.<\/p>\n<\/div><div class=\"fusion-separator fusion-full-width-sep\" style=\"align-self: center;margin-left: auto;margin-right: auto;margin-top:15px;width:100%;\"><\/div><div style=\"text-align:left;\"><a class=\"fusion-button button-flat fusion-button-default-size button-default fusion-button-default button-1 fusion-button-default-span fusion-button-default-type\" target=\"_self\" href=\"\/blog\/ueber-uns\/\"><span class=\"fusion-button-text\">\u00dcber uns<\/span><\/a><\/div><\/div><\/div><\/div><\/div><div class=\"fusion-fullwidth fullwidth-box fusion-builder-row-2 fusion-flex-container nonhundred-percent-fullwidth non-hundred-percent-height-scrolling fusion-no-medium-visibility fusion-no-large-visibility\" style=\"--awb-background-position:left top;--awb-border-radius-top-left:0px;--awb-border-radius-top-right:0px;--awb-border-radius-bottom-right:0px;--awb-border-radius-bottom-left:0px;--awb-margin-top:75px;--awb-flex-wrap:wrap;\" ><div class=\"fusion-builder-row fusion-row fusion-flex-align-items-stretch fusion-flex-content-wrap\" style=\"max-width:93.6%;margin-left: calc(-4% \/ 2 );margin-right: calc(-4% \/ 2 );\"><div class=\"fusion-layout-column fusion_builder_column fusion-builder-column-2 fusion_builder_column_1_1 1_1 fusion-flex-column\" style=\"--awb-bg-size:cover;--awb-width-large:100%;--awb-margin-top-large:20px;--awb-spacing-right-large:1.92%;--awb-margin-bottom-large:20px;--awb-spacing-left-large:4.8%;--awb-width-medium:100%;--awb-order-medium:0;--awb-spacing-right-medium:1.92%;--awb-spacing-left-medium:1.92%;--awb-width-small:100%;--awb-order-small:0;--awb-spacing-right-small:1.92%;--awb-spacing-left-small:1.92%;\"><div class=\"fusion-column-wrapper fusion-column-has-shadow fusion-flex-justify-content-center fusion-content-layout-column\"><div class=\"fusion-title title fusion-title-2 fusion-sep-none fusion-title-text fusion-title-size-two\" style=\"--awb-margin-top:27px;--awb-margin-bottom:20px;\"><h2 class=\"fusion-title-heading title-heading-left fusion-responsive-typography-calculated\" style=\"margin:0;--fontSize:36;line-height:1.28;\"><h1>Magazin &amp; News<\/h1><\/h2><\/div><div class=\"fusion-text fusion-text-3\"><p>Mit unserem Magazin halten wir Dich zu News aus der Pflegebranche auf dem Laufenden. Zudem findest Du bei uns Tipps rund um die Themen Bewerben &amp; Arbeiten in der Pflege.<\/p>\n<\/div><div class=\"fusion-separator fusion-full-width-sep\" style=\"align-self: center;margin-left: auto;margin-right: auto;margin-top:15px;width:100%;\"><\/div><div class=\"fusion-image-element sm-text-align-center\" style=\"--awb-caption-title-font-family:var(--h2_typography-font-family);--awb-caption-title-font-weight:var(--h2_typography-font-weight);--awb-caption-title-font-style:var(--h2_typography-font-style);--awb-caption-title-size:var(--h2_typography-font-size);--awb-caption-title-transform:var(--h2_typography-text-transform);--awb-caption-title-line-height:var(--h2_typography-line-height);--awb-caption-title-letter-spacing:var(--h2_typography-letter-spacing);\"><span class=\" fusion-imageframe imageframe-none imageframe-1 hover-type-none\"><img decoding=\"async\" width=\"400\" height=\"271\" alt=\"Pflegekraft k\u00fcsst Seniorin auf die Wange\" title=\"adult-affection-embrace-1421769\" src=\"data:image\/gif;base64,R0lGODlhAQABAAAAACH5BAEKAAEALAAAAAABAAEAAAICTAEAOw==\" data-orig-src=\"https:\/\/www.mein-pflegejob.de\/blog\/media\/adult-affection-embrace-1421769-400x271.jpg\" class=\"lazyload img-responsive wp-image-2372\"\/><\/span><\/div><div class=\"fusion-separator fusion-full-width-sep\" style=\"align-self: center;margin-left: auto;margin-right: auto;margin-top:15px;width:100%;\"><\/div><div style=\"text-align:center;\"><a class=\"fusion-button button-flat fusion-button-default-size button-default fusion-button-default button-2 fusion-button-default-span fusion-button-default-type\" target=\"_self\" href=\"\/blog\/ueber-uns\/\"><span class=\"fusion-button-text\">\u00dcber uns<\/span><\/a><\/div><\/div><\/div><\/div><\/div><div class=\"fusion-fullwidth fullwidth-box fusion-builder-row-3 fusion-flex-container nonhundred-percent-fullwidth non-hundred-percent-height-scrolling\" style=\"--awb-border-radius-top-left:0px;--awb-border-radius-top-right:0px;--awb-border-radius-bottom-right:0px;--awb-border-radius-bottom-left:0px;--awb-padding-top:4%;--awb-padding-bottom:4%;--awb-flex-wrap:wrap;\" ><div class=\"fusion-builder-row fusion-row fusion-flex-align-items-flex-start fusion-flex-content-wrap\" style=\"max-width:93.6%;margin-left: calc(-4% \/ 2 );margin-right: calc(-4% \/ 2 );\"><div class=\"fusion-layout-column fusion_builder_column fusion-builder-column-3 fusion_builder_column_1_1 1_1 fusion-flex-column fusion-animated\" style=\"--awb-bg-blend:overlay;--awb-bg-size:cover;--awb-width-large:100%;--awb-margin-top-large:20px;--awb-spacing-right-large:1.92%;--awb-margin-bottom-large:0px;--awb-spacing-left-large:1.92%;--awb-width-medium:100%;--awb-spacing-right-medium:1.92%;--awb-spacing-left-medium:1.92%;--awb-width-small:100%;--awb-spacing-right-small:1.92%;--awb-spacing-left-small:1.92%;\" data-animationType=\"fadeInDown\" data-animationDuration=\"0.8\" data-animationOffset=\"top-into-view\"><div class=\"fusion-column-wrapper fusion-column-has-shadow fusion-flex-justify-content-flex-start fusion-content-layout-column\"><div class=\"fusion-text fusion-text-4 caption\"><p style=\"text-align: center;\">Darum Mein Pflegejob<\/p>\n<\/div><\/div><\/div><div class=\"fusion-layout-column fusion_builder_column fusion-builder-column-4 fusion_builder_column_1_3 1_3 fusion-flex-column\" style=\"--awb-padding-bottom:10px;--awb-bg-blend:overlay;--awb-bg-size:cover;--awb-border-color:#f1f1f1;--awb-border-bottom:2px;--awb-border-style:solid;--awb-width-large:33.333333333333%;--awb-margin-top-large:0px;--awb-spacing-right-large:17.28%;--awb-margin-bottom-large:0px;--awb-spacing-left-large:5.76%;--awb-width-medium:100%;--awb-spacing-right-medium:1.92%;--awb-spacing-left-medium:1.92%;--awb-width-small:100%;--awb-spacing-right-small:1.92%;--awb-spacing-left-small:1.92%;\"><div class=\"fusion-column-wrapper fusion-column-has-shadow fusion-flex-justify-content-flex-start fusion-content-layout-column\"><div class=\"fusion-counters-box counters-box row fusion-clearfix fusion-columns-1\"><div class=\"fusion-counter-box fusion-column col-counter-box counter-box-wrapper col-lg-12 col-md-12 col-sm-12\" data-animationOffset=\"top-into-view\"><div class=\"counter-box-container\"><div class=\"content-box-percentage content-box-counter\"><span class=\"display-counter\" data-value=\"55.532\" data-direction=\"up\" data-decimals=\"3\">0<\/span><\/div><div class=\"counter-box-content\">Pflegejobs im Jahr 2021<\/div><\/div><\/div><\/div><\/div><\/div><div class=\"fusion-layout-column fusion_builder_column fusion-builder-column-5 fusion_builder_column_1_3 1_3 fusion-flex-column\" style=\"--awb-padding-bottom:10px;--awb-bg-blend:overlay;--awb-bg-size:cover;--awb-border-color:#f1f1f1;--awb-border-bottom:2px;--awb-border-style:solid;--awb-width-large:33.333333333333%;--awb-margin-top-large:0px;--awb-spacing-right-large:17.28%;--awb-margin-bottom-large:0px;--awb-spacing-left-large:17.28%;--awb-width-medium:100%;--awb-spacing-right-medium:1.92%;--awb-spacing-left-medium:1.92%;--awb-width-small:100%;--awb-spacing-right-small:1.92%;--awb-spacing-left-small:1.92%;\"><div class=\"fusion-column-wrapper fusion-column-has-shadow fusion-flex-justify-content-flex-start fusion-content-layout-column\"><div class=\"fusion-separator fusion-no-small-visibility fusion-no-medium-visibility fusion-full-width-sep\" style=\"align-self: center;margin-left: auto;margin-right: auto;margin-bottom:50px;width:100%;\"><\/div><div class=\"fusion-counters-box counters-box row fusion-clearfix fusion-columns-1\"><div class=\"fusion-counter-box fusion-column col-counter-box counter-box-wrapper col-lg-12 col-md-12 col-sm-12\" data-animationOffset=\"top-into-view\"><div class=\"counter-box-container\"><div class=\"content-box-percentage content-box-counter\"><span class=\"display-counter\" data-value=\"9.739\" data-direction=\"up\" data-decimals=\"3\">0<\/span><\/div><div class=\"counter-box-content\">Bewerber im Jahr 2021<\/div><\/div><\/div><\/div><\/div><\/div><div class=\"fusion-layout-column fusion_builder_column fusion-builder-column-6 fusion_builder_column_1_3 1_3 fusion-flex-column\" style=\"--awb-padding-bottom:10px;--awb-bg-blend:overlay;--awb-bg-size:cover;--awb-border-color:#f1f1f1;--awb-border-bottom:2px;--awb-border-style:solid;--awb-width-large:33.333333333333%;--awb-margin-top-large:0px;--awb-spacing-right-large:5.76%;--awb-margin-bottom-large:0px;--awb-spacing-left-large:17.28%;--awb-width-medium:100%;--awb-spacing-right-medium:1.92%;--awb-spacing-left-medium:1.92%;--awb-width-small:100%;--awb-spacing-right-small:1.92%;--awb-spacing-left-small:1.92%;\"><div class=\"fusion-column-wrapper fusion-column-has-shadow fusion-flex-justify-content-flex-start fusion-content-layout-column\"><div class=\"fusion-counters-box counters-box row fusion-clearfix fusion-columns-1\"><div class=\"fusion-counter-box fusion-column col-counter-box counter-box-wrapper col-lg-12 col-md-12 col-sm-12\" data-animationOffset=\"top-into-view\"><div class=\"counter-box-container\"><div class=\"content-box-percentage content-box-counter\"><span class=\"display-counter\" data-value=\"30.000\" data-direction=\"up\" data-decimals=\"3\">0<\/span><\/div><div class=\"counter-box-content\">Potentielle Arbeitgeber<\/div><\/div><\/div><\/div><\/div><\/div><\/div><\/div><div class=\"fusion-fullwidth fullwidth-box fusion-builder-row-4 fusion-flex-container nonhundred-percent-fullwidth non-hundred-percent-height-scrolling\" style=\"--awb-border-radius-top-left:0px;--awb-border-radius-top-right:0px;--awb-border-radius-bottom-right:0px;--awb-border-radius-bottom-left:0px;--awb-padding-bottom:4%;--awb-background-color:#eff2f5;--awb-flex-wrap:wrap;\" ><div class=\"fusion-builder-row fusion-row fusion-flex-align-items-flex-start fusion-flex-content-wrap\" style=\"max-width:93.6%;margin-left: calc(-4% \/ 2 );margin-right: calc(-4% \/ 2 );\"><div class=\"fusion-layout-column fusion_builder_column fusion-builder-column-7 fusion_builder_column_1_1 1_1 fusion-flex-column\" style=\"--awb-bg-size:cover;--awb-width-large:100%;--awb-margin-top-large:20px;--awb-spacing-right-large:1.92%;--awb-margin-bottom-large:20px;--awb-spacing-left-large:1.92%;--awb-width-medium:100%;--awb-order-medium:0;--awb-spacing-right-medium:1.92%;--awb-spacing-left-medium:1.92%;--awb-width-small:100%;--awb-order-small:0;--awb-spacing-right-small:1.92%;--awb-spacing-left-small:1.92%;\"><div class=\"fusion-column-wrapper fusion-column-has-shadow fusion-flex-justify-content-flex-start fusion-content-layout-column\"><div class=\"fusion-text fusion-text-5\"><h2 style=\"text-align: center;\">Noch ein Pflegestellenmarkt? Was wir anders machen!<\/h2>\n<\/div><\/div><\/div><div class=\"fusion-layout-column fusion_builder_column fusion-builder-column-8 fusion_builder_column_1_5 1_5 fusion-flex-column fusion-no-small-visibility\" style=\"--awb-bg-size:cover;--awb-width-large:20%;--awb-margin-top-large:20px;--awb-spacing-right-large:9.6%;--awb-margin-bottom-large:20px;--awb-spacing-left-large:9.6%;--awb-width-medium:100%;--awb-order-medium:0;--awb-spacing-right-medium:1.92%;--awb-spacing-left-medium:1.92%;--awb-width-small:100%;--awb-order-small:0;--awb-spacing-right-small:1.92%;--awb-spacing-left-small:1.92%;\"><div class=\"fusion-column-wrapper fusion-column-has-shadow fusion-flex-justify-content-flex-start fusion-content-layout-column\"><\/div><\/div><div class=\"fusion-layout-column fusion_builder_column fusion-builder-column-9 fusion_builder_column_3_5 3_5 fusion-flex-column\" style=\"--awb-bg-size:cover;--awb-width-large:60%;--awb-margin-top-large:20px;--awb-spacing-right-large:3.2%;--awb-margin-bottom-large:20px;--awb-spacing-left-large:3.2%;--awb-width-medium:100%;--awb-order-medium:0;--awb-spacing-right-medium:1.92%;--awb-spacing-left-medium:1.92%;--awb-width-small:100%;--awb-order-small:0;--awb-spacing-right-small:1.92%;--awb-spacing-left-small:1.92%;\"><div class=\"fusion-column-wrapper fusion-column-has-shadow fusion-flex-justify-content-flex-start fusion-content-layout-column\"><div class=\"video-container\">\n<div id=\"schema-videoobject\" class=\"video-container\"> <div class=\"brlbs-cmpnt-container brlbs-cmpnt-content-blocker brlbs-cmpnt-with-individual-styles\" data-borlabs-cookie-content-blocker-id=\"youtube-content-blocker\" data-borlabs-cookie-content=\"PGlmcmFtZSBzcmM9Imh0dHBzOi8vd3d3LnlvdXR1YmUtbm9jb29raWUuY29tL2VtYmVkL0g4X1h1VU1WV2VFIiB3aWR0aD0iMTAyNCIgaGVpZ2h0PSI1NzYiIGZyYW1lYm9yZGVyPSIwIiBhbGxvd2Z1bGxzY3JlZW49ImFsbG93ZnVsbHNjcmVlbiI+PC9pZnJhbWU+\"><div class=\"brlbs-cmpnt-cb-preset-c brlbs-cmpnt-cb-youtube\"> <div class=\"brlbs-cmpnt-cb-thumbnail\" style=\"background-image: url('https:\/\/www.mein-pflegejob.de\/blog\/wp-content\/uploads\/borlabs-cookie\/1\/yt_H8_XuUMVWeE_hqdefault.jpg')\"><\/div> <div class=\"brlbs-cmpnt-cb-main\"> <div class=\"brlbs-cmpnt-cb-play-button\"><\/div> <div class=\"brlbs-cmpnt-cb-content\"> <p class=\"brlbs-cmpnt-cb-description\">Sie sehen gerade einen Platzhalterinhalt von <strong>YouTube<\/strong>. Um auf den eigentlichen Inhalt zuzugreifen, klicken Sie auf die Schaltfl\u00e4che unten. Bitte beachten Sie, dass dabei Daten an Drittanbieter weitergegeben werden.<\/p> <a class=\"brlbs-cmpnt-cb-provider-toggle\" href=\"#\" data-borlabs-cookie-show-provider-information role=\"button\">Mehr Informationen<\/a> <\/div> <div class=\"brlbs-cmpnt-cb-buttons\"> <a class=\"brlbs-cmpnt-cb-btn\" href=\"#\" data-borlabs-cookie-unblock role=\"button\">Inhalt entsperren<\/a> <a class=\"brlbs-cmpnt-cb-btn\" href=\"#\" data-borlabs-cookie-accept-service role=\"button\" style=\"display: inherit\">Erforderlichen Service akzeptieren und Inhalte entsperren<\/a> <\/div> <\/div> <\/div><\/div><\/div>\n<\/div>\n<\/div><\/div><div class=\"fusion-layout-column fusion_builder_column fusion-builder-column-10 fusion_builder_column_1_5 1_5 fusion-flex-column fusion-no-small-visibility\" style=\"--awb-bg-size:cover;--awb-width-large:20%;--awb-margin-top-large:20px;--awb-spacing-right-large:9.6%;--awb-margin-bottom-large:20px;--awb-spacing-left-large:9.6%;--awb-width-medium:100%;--awb-order-medium:0;--awb-spacing-right-medium:1.92%;--awb-spacing-left-medium:1.92%;--awb-width-small:100%;--awb-order-small:0;--awb-spacing-right-small:1.92%;--awb-spacing-left-small:1.92%;\"><div class=\"fusion-column-wrapper fusion-column-has-shadow fusion-flex-justify-content-flex-start fusion-content-layout-column\"><\/div><\/div><\/div><\/div><div class=\"fusion-fullwidth fullwidth-box fusion-builder-row-5 fusion-flex-container nonhundred-percent-fullwidth non-hundred-percent-height-scrolling fusion-no-small-visibility fusion-no-medium-visibility\" style=\"--awb-border-radius-top-left:0px;--awb-border-radius-top-right:0px;--awb-border-radius-bottom-right:0px;--awb-border-radius-bottom-left:0px;--awb-padding-top:4%;--awb-padding-bottom:4%;--awb-flex-wrap:wrap;\" ><div class=\"fusion-builder-row fusion-row fusion-flex-align-items-flex-start fusion-flex-content-wrap\" style=\"max-width:93.6%;margin-left: calc(-4% \/ 2 );margin-right: calc(-4% \/ 2 );\"><div class=\"fusion-layout-column fusion_builder_column fusion-builder-column-11 fusion_builder_column_3_5 3_5 fusion-flex-column fusion-animated\" style=\"--awb-bg-blend:overlay;--awb-bg-size:cover;--awb-width-large:60%;--awb-margin-top-large:20px;--awb-spacing-right-large:3.2%;--awb-margin-bottom-large:20px;--awb-spacing-left-large:3.2%;--awb-width-medium:100%;--awb-spacing-right-medium:1.92%;--awb-spacing-left-medium:1.92%;--awb-width-small:100%;--awb-spacing-right-small:1.92%;--awb-spacing-left-small:1.92%;\" data-animationType=\"fadeInLeft\" data-animationDuration=\"0.3\" data-animationOffset=\"top-into-view\"><div class=\"fusion-column-wrapper fusion-column-has-shadow fusion-flex-justify-content-flex-start fusion-content-layout-column\"><div class=\"fusion-title title fusion-title-3 fusion-sep-none fusion-title-text fusion-title-size-three\" style=\"--awb-margin-top:0px;\"><h3 class=\"fusion-title-heading title-heading-left fusion-responsive-typography-calculated\" style=\"margin:0;--fontSize:32;line-height:1.28;\">Neuste Blogartikel<\/h3><\/div><div class=\"fusion-text fusion-text-6\"><p>Aktuelle News aus der Pflegebranche &#8211; schnapp dir einen Kaffee \u2615 und los geht&#8217;s :)<\/p>\n<\/div><\/div><\/div><div class=\"fusion-layout-column fusion_builder_column fusion-builder-column-12 fusion_builder_column_2_5 2_5 fusion-flex-column fusion-animated\" style=\"--awb-bg-size:cover;--awb-width-large:40%;--awb-margin-top-large:20px;--awb-spacing-right-large:4.8%;--awb-margin-bottom-large:20px;--awb-spacing-left-large:4.8%;--awb-width-medium:100%;--awb-order-medium:0;--awb-spacing-right-medium:1.92%;--awb-spacing-left-medium:1.92%;--awb-width-small:100%;--awb-order-small:0;--awb-spacing-right-small:1.92%;--awb-spacing-left-small:1.92%;\" data-animationType=\"fadeInRight\" data-animationDuration=\"0.8\" data-animationOffset=\"top-into-view\"><div class=\"fusion-column-wrapper fusion-column-has-shadow fusion-flex-justify-content-flex-start fusion-content-layout-column\"><div style=\"text-align:center;\"><a class=\"fusion-button button-flat fusion-button-default-size button-default fusion-button-default button-3 fusion-button-default-span fusion-button-default-type\" target=\"_self\" href=\"https:\/\/www.mein-pflegejob.de\/blog\/news\/\"><span class=\"fusion-button-text\">Zu den News<\/span><\/a><\/div><\/div><\/div><div class=\"fusion-layout-column fusion_builder_column fusion-builder-column-13 fusion_builder_column_3_5 3_5 fusion-flex-column\" style=\"--awb-bg-blend:overlay;--awb-bg-size:cover;--awb-width-large:60%;--awb-margin-top-large:20px;--awb-spacing-right-large:5.76%;--awb-margin-bottom-large:20px;--awb-spacing-left-large:3.2%;--awb-width-medium:100%;--awb-spacing-right-medium:1.92%;--awb-spacing-left-medium:1.92%;--awb-width-small:100%;--awb-spacing-right-small:1.92%;--awb-spacing-left-small:1.92%;\"><div class=\"fusion-column-wrapper fusion-flex-justify-content-flex-start fusion-content-layout-column\"><div class=\"fusion-blog-shortcode fusion-blog-shortcode-1 fusion-blog-archive fusion-blog-layout-grid-wrapper fusion-blog-no\"><style type=\"text\/css\">.fusion-blog-shortcode-1 .fusion-blog-layout-grid .fusion-post-grid{padding:30px;}.fusion-blog-shortcode-1 .fusion-posts-container{margin-left: -30px !important; margin-right:-30px !important;}<\/style><div class=\"fusion-posts-container fusion-posts-container-no fusion-blog-rollover fusion-blog-layout-grid fusion-blog-layout-grid-2 isotope\" data-pages=\"7\" data-grid-col-space=\"60\" style=\"margin: -30px -30px 0;min-height:500px;\"><article id=\"blog-1-post-7296\" class=\"fusion-post-grid post-7296 post type-post status-publish format-standard has-post-thumbnail hentry category-allgemein\">\n<div class=\"fusion-post-wrapper\" style=\"background-color:rgba(255,255,255,0);border:none;\">\n\n\t\t\t<div class=\"fusion-flexslider flexslider fusion-flexslider-loading fusion-post-slideshow\" style=\"border-color:rgba(235,234,234,0);\">\n\t\t<ul class=\"slides\">\n\t\t\t\n\t\t\t\t\t\t\t\t\t\t\t\t\t\t<li><div  class=\"fusion-image-wrapper\" aria-haspopup=\"true\">\n\t\t\t\t<img decoding=\"async\" width=\"1280\" height=\"867\" src=\"https:\/\/www.mein-pflegejob.de\/blog\/media\/money-6163908_1280.png\" class=\"attachment-full size-full lazyload wp-post-image\" alt=\"Altenpflege neuer Mindestlohn Juli 2025\" srcset=\"data:image\/svg+xml,%3Csvg%20xmlns%3D%27http%3A%2F%2Fwww.w3.org%2F2000%2Fsvg%27%20width%3D%271280%27%20height%3D%27867%27%20viewBox%3D%270%200%201280%20867%27%3E%3Crect%20width%3D%271280%27%20height%3D%27867%27%20fill-opacity%3D%220%22%2F%3E%3C%2Fsvg%3E\" data-orig-src=\"https:\/\/www.mein-pflegejob.de\/blog\/media\/money-6163908_1280.png\" data-srcset=\"https:\/\/www.mein-pflegejob.de\/blog\/media\/money-6163908_1280-200x135.png 200w, https:\/\/www.mein-pflegejob.de\/blog\/media\/money-6163908_1280-400x271.png 400w, https:\/\/www.mein-pflegejob.de\/blog\/media\/money-6163908_1280-600x406.png 600w, https:\/\/www.mein-pflegejob.de\/blog\/media\/money-6163908_1280-800x542.png 800w, https:\/\/www.mein-pflegejob.de\/blog\/media\/money-6163908_1280-1200x813.png 1200w, https:\/\/www.mein-pflegejob.de\/blog\/media\/money-6163908_1280.png 1280w\" data-sizes=\"auto\" \/><div class=\"fusion-rollover\">\n\t<div class=\"fusion-rollover-content\">\n\n\t\t\t\t\n\t\t\n\t\t\t\t\t\t\t\t\t\t\t\t<h4 class=\"fusion-rollover-title\">\n\t\t\t\t\t<a class=\"fusion-rollover-title-link\" href=\"https:\/\/www.mein-pflegejob.de\/blog\/gute-nachrichten-fuer-die-altenpflege-der-neue-mindestlohn-ist-da\/\">\n\t\t\t\t\t\tGute Nachrichten f\u00fcr die Altenpflege: Der neue Mindestlohn ist da!\t\t\t\t\t<\/a>\n\t\t\t\t<\/h4>\n\t\t\t\n\t\t\t\t\t\t\t\t\n\t\t\n\t\t\t\t\t\t<a class=\"fusion-link-wrapper\" href=\"https:\/\/www.mein-pflegejob.de\/blog\/gute-nachrichten-fuer-die-altenpflege-der-neue-mindestlohn-ist-da\/\" aria-label=\"Gute Nachrichten f\u00fcr die Altenpflege: Der neue Mindestlohn ist da!\"><\/a>\n\t<\/div>\n<\/div>\n<\/div>\n<\/li>\n\t\t\t\n\t\t\t\n\t\t\t\t\t\t\t\t\t\t\t\t\t\t\t\t\t\t\t\t\t\t\t\t\t\t\t\t\t\t\t\t\t\t\t\t\t\t\t\t\t\t\t\t\t\t\t\t\t\t\t\t\t\t\t\t\t\t\t\t\t\t\t\t\t\t\t\t<\/ul>\n\t<\/div>\n\t<div class=\"fusion-post-content-wrapper\" style=\"padding:30px 0px 0px 0px;\"><div class=\"fusion-post-content post-content\"><h2 class=\"blog-shortcode-post-title entry-title\"><a href=\"https:\/\/www.mein-pflegejob.de\/blog\/gute-nachrichten-fuer-die-altenpflege-der-neue-mindestlohn-ist-da\/\">Gute Nachrichten f\u00fcr die Altenpflege: Der neue Mindestlohn ist da!<\/a><\/h2><p class=\"fusion-single-line-meta\"><span class=\"vcard\" style=\"display: none;\"><span class=\"fn\"><a href=\"https:\/\/www.mein-pflegejob.de\/blog\/author\/edwin\/\" title=\"Beitr\u00e4ge von Edwin\" rel=\"author\">Edwin<\/a><\/span><\/span><span class=\"updated\" style=\"display:none;\">2025-07-16T15:53:28+02:00<\/span><span>16\/07\/25<\/span><span class=\"fusion-inline-sep\">|<\/span><\/p><\/div><\/div><div class=\"fusion-clearfix\"><\/div><\/div>\n<\/article>\n<article id=\"blog-1-post-7262\" class=\"fusion-post-grid post-7262 post type-post status-publish format-standard has-post-thumbnail hentry category-neuigkeiten\">\n<div class=\"fusion-post-wrapper\" style=\"background-color:rgba(255,255,255,0);border:none;\">\n\n\t\t\t<div class=\"fusion-flexslider flexslider fusion-flexslider-loading fusion-post-slideshow\" style=\"border-color:rgba(235,234,234,0);\">\n\t\t<ul class=\"slides\">\n\t\t\t\n\t\t\t\t\t\t\t\t\t\t\t\t\t\t<li><div  class=\"fusion-image-wrapper\" aria-haspopup=\"true\">\n\t\t\t\t<img decoding=\"async\" width=\"1920\" height=\"1280\" src=\"https:\/\/www.mein-pflegejob.de\/blog\/media\/diskussion-pflegekammer.jpg\" class=\"attachment-full size-full lazyload wp-post-image\" alt=\"diskussion-pflegekammer\" srcset=\"data:image\/svg+xml,%3Csvg%20xmlns%3D%27http%3A%2F%2Fwww.w3.org%2F2000%2Fsvg%27%20width%3D%271920%27%20height%3D%271280%27%20viewBox%3D%270%200%201920%201280%27%3E%3Crect%20width%3D%271920%27%20height%3D%271280%27%20fill-opacity%3D%220%22%2F%3E%3C%2Fsvg%3E\" data-orig-src=\"https:\/\/www.mein-pflegejob.de\/blog\/media\/diskussion-pflegekammer.jpg\" data-srcset=\"https:\/\/www.mein-pflegejob.de\/blog\/media\/diskussion-pflegekammer-200x133.jpg 200w, https:\/\/www.mein-pflegejob.de\/blog\/media\/diskussion-pflegekammer-400x267.jpg 400w, https:\/\/www.mein-pflegejob.de\/blog\/media\/diskussion-pflegekammer-600x400.jpg 600w, https:\/\/www.mein-pflegejob.de\/blog\/media\/diskussion-pflegekammer-800x533.jpg 800w, https:\/\/www.mein-pflegejob.de\/blog\/media\/diskussion-pflegekammer-1200x800.jpg 1200w, https:\/\/www.mein-pflegejob.de\/blog\/media\/diskussion-pflegekammer.jpg 1920w\" data-sizes=\"auto\" \/><div class=\"fusion-rollover\">\n\t<div class=\"fusion-rollover-content\">\n\n\t\t\t\t\n\t\t\n\t\t\t\t\t\t\t\t\t\t\t\t<h4 class=\"fusion-rollover-title\">\n\t\t\t\t\t<a class=\"fusion-rollover-title-link\" href=\"https:\/\/www.mein-pflegejob.de\/blog\/geplante-landespflegekammer-in-baden-wuerttemberg-gescheitert\/\">\n\t\t\t\t\t\tGeplante Landespflegekammer in Baden-W\u00fcrttemberg gescheitert\t\t\t\t\t<\/a>\n\t\t\t\t<\/h4>\n\t\t\t\n\t\t\t\t\t\t\t\t\n\t\t\n\t\t\t\t\t\t<a class=\"fusion-link-wrapper\" href=\"https:\/\/www.mein-pflegejob.de\/blog\/geplante-landespflegekammer-in-baden-wuerttemberg-gescheitert\/\" aria-label=\"Geplante Landespflegekammer in Baden-W\u00fcrttemberg gescheitert\"><\/a>\n\t<\/div>\n<\/div>\n<\/div>\n<\/li>\n\t\t\t\n\t\t\t\n\t\t\t\t\t\t\t\t\t\t\t\t\t\t\t\t\t\t\t\t\t\t\t\t\t\t\t\t\t\t\t\t\t\t\t\t\t\t\t\t\t\t\t\t\t\t\t\t\t\t\t\t\t\t\t\t\t\t\t\t\t\t\t\t\t\t\t\t<\/ul>\n\t<\/div>\n\t<div class=\"fusion-post-content-wrapper\" style=\"padding:30px 0px 0px 0px;\"><div class=\"fusion-post-content post-content\"><h2 class=\"blog-shortcode-post-title entry-title\"><a href=\"https:\/\/www.mein-pflegejob.de\/blog\/geplante-landespflegekammer-in-baden-wuerttemberg-gescheitert\/\">Geplante Landespflegekammer in Baden-W\u00fcrttemberg gescheitert<\/a><\/h2><p class=\"fusion-single-line-meta\"><span class=\"vcard\" style=\"display: none;\"><span class=\"fn\"><a href=\"https:\/\/www.mein-pflegejob.de\/blog\/author\/isabel\/\" title=\"Beitr\u00e4ge von Isabel\" rel=\"author\">Isabel<\/a><\/span><\/span><span class=\"updated\" style=\"display:none;\">2024-06-14T13:07:04+02:00<\/span><span>14\/06\/24<\/span><span class=\"fusion-inline-sep\">|<\/span><\/p><\/div><\/div><div class=\"fusion-clearfix\"><\/div><\/div>\n<\/article>\n<article id=\"blog-1-post-7217\" class=\"fusion-post-grid post-7217 post type-post status-publish format-standard has-post-thumbnail hentry category-allgemein\">\n<div class=\"fusion-post-wrapper\" style=\"background-color:rgba(255,255,255,0);border:none;\">\n\n\t\t\t<div class=\"fusion-flexslider flexslider fusion-flexslider-loading fusion-post-slideshow\" style=\"border-color:rgba(235,234,234,0);\">\n\t\t<ul class=\"slides\">\n\t\t\t\n\t\t\t\t\t\t\t\t\t\t\t\t\t\t<li><div  class=\"fusion-image-wrapper\" aria-haspopup=\"true\">\n\t\t\t\t<img decoding=\"async\" width=\"1920\" height=\"1234\" src=\"https:\/\/www.mein-pflegejob.de\/blog\/media\/pexels-alena-koval-886521-scaled.jpg\" class=\"attachment-full size-full lazyload wp-post-image\" alt=\"Nachhaltigkeit in der Pflege: Tipps f\u00fcr Pflegefachkr\u00e4fte | Quelle: pexels\" srcset=\"data:image\/svg+xml,%3Csvg%20xmlns%3D%27http%3A%2F%2Fwww.w3.org%2F2000%2Fsvg%27%20width%3D%271920%27%20height%3D%271234%27%20viewBox%3D%270%200%201920%201234%27%3E%3Crect%20width%3D%271920%27%20height%3D%271234%27%20fill-opacity%3D%220%22%2F%3E%3C%2Fsvg%3E\" data-orig-src=\"https:\/\/www.mein-pflegejob.de\/blog\/media\/pexels-alena-koval-886521-scaled.jpg\" data-srcset=\"https:\/\/www.mein-pflegejob.de\/blog\/media\/pexels-alena-koval-886521-200x129.jpg 200w, https:\/\/www.mein-pflegejob.de\/blog\/media\/pexels-alena-koval-886521-400x257.jpg 400w, https:\/\/www.mein-pflegejob.de\/blog\/media\/pexels-alena-koval-886521-600x386.jpg 600w, https:\/\/www.mein-pflegejob.de\/blog\/media\/pexels-alena-koval-886521-800x514.jpg 800w, https:\/\/www.mein-pflegejob.de\/blog\/media\/pexels-alena-koval-886521-1200x771.jpg 1200w, https:\/\/www.mein-pflegejob.de\/blog\/media\/pexels-alena-koval-886521-scaled.jpg 1920w\" data-sizes=\"auto\" \/><div class=\"fusion-rollover\">\n\t<div class=\"fusion-rollover-content\">\n\n\t\t\t\t\n\t\t\n\t\t\t\t\t\t\t\t\t\t\t\t<h4 class=\"fusion-rollover-title\">\n\t\t\t\t\t<a class=\"fusion-rollover-title-link\" href=\"https:\/\/www.mein-pflegejob.de\/blog\/nachhaltigkeit-in-der-pflege-tipps-fuer-pflegefachkraefte\/\">\n\t\t\t\t\t\tNachhaltigkeit in der Pflege: Tipps f\u00fcr Pflegefachkr\u00e4fte\t\t\t\t\t<\/a>\n\t\t\t\t<\/h4>\n\t\t\t\n\t\t\t\t\t\t\t\t\n\t\t\n\t\t\t\t\t\t<a class=\"fusion-link-wrapper\" href=\"https:\/\/www.mein-pflegejob.de\/blog\/nachhaltigkeit-in-der-pflege-tipps-fuer-pflegefachkraefte\/\" aria-label=\"Nachhaltigkeit in der Pflege: Tipps f\u00fcr Pflegefachkr\u00e4fte\"><\/a>\n\t<\/div>\n<\/div>\n<\/div>\n<\/li>\n\t\t\t\n\t\t\t\n\t\t\t\t\t\t\t\t\t\t\t\t\t\t\t\t\t\t\t\t\t\t\t\t\t\t\t\t\t\t\t\t\t\t\t\t\t\t\t\t\t\t\t\t\t\t\t\t\t\t\t\t\t\t\t\t\t\t\t\t\t\t\t\t\t\t\t\t<\/ul>\n\t<\/div>\n\t<div class=\"fusion-post-content-wrapper\" style=\"padding:30px 0px 0px 0px;\"><div class=\"fusion-post-content post-content\"><h2 class=\"blog-shortcode-post-title entry-title\"><a href=\"https:\/\/www.mein-pflegejob.de\/blog\/nachhaltigkeit-in-der-pflege-tipps-fuer-pflegefachkraefte\/\">Nachhaltigkeit in der Pflege: Tipps f\u00fcr Pflegefachkr\u00e4fte<\/a><\/h2><p class=\"fusion-single-line-meta\"><span class=\"vcard\" style=\"display: none;\"><span class=\"fn\"><a href=\"https:\/\/www.mein-pflegejob.de\/blog\/author\/sabrina\/\" title=\"Beitr\u00e4ge von Sabrina\" rel=\"author\">Sabrina<\/a><\/span><\/span><span class=\"updated\" style=\"display:none;\">2024-04-09T08:45:00+02:00<\/span><span>18\/04\/24<\/span><span class=\"fusion-inline-sep\">|<\/span><\/p><\/div><\/div><div class=\"fusion-clearfix\"><\/div><\/div>\n<\/article>\n<article id=\"blog-1-post-7204\" class=\"fusion-post-grid post-7204 post type-post status-publish format-standard has-post-thumbnail hentry category-allgemein\">\n<div class=\"fusion-post-wrapper\" style=\"background-color:rgba(255,255,255,0);border:none;\">\n\n\t\t\t<div class=\"fusion-flexslider flexslider fusion-flexslider-loading fusion-post-slideshow\" style=\"border-color:rgba(235,234,234,0);\">\n\t\t<ul class=\"slides\">\n\t\t\t\n\t\t\t\t\t\t\t\t\t\t\t\t\t\t<li><div  class=\"fusion-image-wrapper\" aria-haspopup=\"true\">\n\t\t\t\t<img decoding=\"async\" width=\"1920\" height=\"1280\" src=\"https:\/\/www.mein-pflegejob.de\/blog\/media\/pexels-karolina-grabowska-4506105-scaled.jpg\" class=\"attachment-full size-full lazyload wp-post-image\" alt=\"R\u00fcckengesundheit bei Pflegefachkr\u00e4ften: Ein Blick auf Belastungen und Pr\u00e4vention | Quelle: pexels\" srcset=\"data:image\/svg+xml,%3Csvg%20xmlns%3D%27http%3A%2F%2Fwww.w3.org%2F2000%2Fsvg%27%20width%3D%271920%27%20height%3D%271280%27%20viewBox%3D%270%200%201920%201280%27%3E%3Crect%20width%3D%271920%27%20height%3D%271280%27%20fill-opacity%3D%220%22%2F%3E%3C%2Fsvg%3E\" data-orig-src=\"https:\/\/www.mein-pflegejob.de\/blog\/media\/pexels-karolina-grabowska-4506105-scaled.jpg\" data-srcset=\"https:\/\/www.mein-pflegejob.de\/blog\/media\/pexels-karolina-grabowska-4506105-200x133.jpg 200w, https:\/\/www.mein-pflegejob.de\/blog\/media\/pexels-karolina-grabowska-4506105-400x267.jpg 400w, https:\/\/www.mein-pflegejob.de\/blog\/media\/pexels-karolina-grabowska-4506105-600x400.jpg 600w, https:\/\/www.mein-pflegejob.de\/blog\/media\/pexels-karolina-grabowska-4506105-800x533.jpg 800w, https:\/\/www.mein-pflegejob.de\/blog\/media\/pexels-karolina-grabowska-4506105-1200x800.jpg 1200w, https:\/\/www.mein-pflegejob.de\/blog\/media\/pexels-karolina-grabowska-4506105-scaled.jpg 1920w\" data-sizes=\"auto\" \/><div class=\"fusion-rollover\">\n\t<div class=\"fusion-rollover-content\">\n\n\t\t\t\t\n\t\t\n\t\t\t\t\t\t\t\t\t\t\t\t<h4 class=\"fusion-rollover-title\">\n\t\t\t\t\t<a class=\"fusion-rollover-title-link\" href=\"https:\/\/www.mein-pflegejob.de\/blog\/rueckengesundheit-bei-pflegefachkraefte-belastungen-und-praevention\/\">\n\t\t\t\t\t\tR\u00fcckengesundheit bei Pflegefachkr\u00e4ften: Ein Blick auf Belastungen und Pr\u00e4vention\t\t\t\t\t<\/a>\n\t\t\t\t<\/h4>\n\t\t\t\n\t\t\t\t\t\t\t\t\n\t\t\n\t\t\t\t\t\t<a class=\"fusion-link-wrapper\" href=\"https:\/\/www.mein-pflegejob.de\/blog\/rueckengesundheit-bei-pflegefachkraefte-belastungen-und-praevention\/\" aria-label=\"R\u00fcckengesundheit bei Pflegefachkr\u00e4ften: Ein Blick auf Belastungen und Pr\u00e4vention\"><\/a>\n\t<\/div>\n<\/div>\n<\/div>\n<\/li>\n\t\t\t\n\t\t\t\n\t\t\t\t\t\t\t\t\t\t\t\t\t\t\t\t\t\t\t\t\t\t\t\t\t\t\t\t\t\t\t\t\t\t\t\t\t\t\t\t\t\t\t\t\t\t\t\t\t\t\t\t\t\t\t\t\t\t\t\t\t\t\t\t\t\t\t\t<\/ul>\n\t<\/div>\n\t<div class=\"fusion-post-content-wrapper\" style=\"padding:30px 0px 0px 0px;\"><div class=\"fusion-post-content post-content\"><h2 class=\"blog-shortcode-post-title entry-title\"><a href=\"https:\/\/www.mein-pflegejob.de\/blog\/rueckengesundheit-bei-pflegefachkraefte-belastungen-und-praevention\/\">R\u00fcckengesundheit bei Pflegefachkr\u00e4ften: Ein Blick auf Belastungen und Pr\u00e4vention<\/a><\/h2><p class=\"fusion-single-line-meta\"><span class=\"vcard\" style=\"display: none;\"><span class=\"fn\"><a href=\"https:\/\/www.mein-pflegejob.de\/blog\/author\/sabrina\/\" title=\"Beitr\u00e4ge von Sabrina\" rel=\"author\">Sabrina<\/a><\/span><\/span><span class=\"updated\" style=\"display:none;\">2024-03-12T14:33:01+01:00<\/span><span>15\/03\/24<\/span><span class=\"fusion-inline-sep\">|<\/span><\/p><\/div><\/div><div class=\"fusion-clearfix\"><\/div><\/div>\n<\/article>\n<article id=\"blog-1-post-7164\" class=\"fusion-post-grid post-7164 post type-post status-publish format-standard has-post-thumbnail hentry category-allgemein category-neuigkeiten\">\n<div class=\"fusion-post-wrapper\" style=\"background-color:rgba(255,255,255,0);border:none;\">\n\n\t\t\t<div class=\"fusion-flexslider flexslider fusion-flexslider-loading fusion-post-slideshow\" style=\"border-color:rgba(235,234,234,0);\">\n\t\t<ul class=\"slides\">\n\t\t\t\n\t\t\t\t\t\t\t\t\t\t\t\t\t\t<li><div  class=\"fusion-image-wrapper\" aria-haspopup=\"true\">\n\t\t\t\t<img decoding=\"async\" width=\"1280\" height=\"1200\" src=\"https:\/\/www.mein-pflegejob.de\/blog\/media\/pexels-cottonbro-studio-7653167-scaled-e1706536041674.jpg\" class=\"attachment-full size-full lazyload wp-post-image\" alt=\"Queer im Alter | Quelle: Pexels\" srcset=\"data:image\/svg+xml,%3Csvg%20xmlns%3D%27http%3A%2F%2Fwww.w3.org%2F2000%2Fsvg%27%20width%3D%271280%27%20height%3D%271200%27%20viewBox%3D%270%200%201280%201200%27%3E%3Crect%20width%3D%271280%27%20height%3D%271200%27%20fill-opacity%3D%220%22%2F%3E%3C%2Fsvg%3E\" data-orig-src=\"https:\/\/www.mein-pflegejob.de\/blog\/media\/pexels-cottonbro-studio-7653167-scaled-e1706536041674.jpg\" data-srcset=\"https:\/\/www.mein-pflegejob.de\/blog\/media\/pexels-cottonbro-studio-7653167-scaled-e1706536041674-200x188.jpg 200w, https:\/\/www.mein-pflegejob.de\/blog\/media\/pexels-cottonbro-studio-7653167-scaled-e1706536041674-400x375.jpg 400w, https:\/\/www.mein-pflegejob.de\/blog\/media\/pexels-cottonbro-studio-7653167-scaled-e1706536041674-600x563.jpg 600w, https:\/\/www.mein-pflegejob.de\/blog\/media\/pexels-cottonbro-studio-7653167-scaled-e1706536041674-800x750.jpg 800w, https:\/\/www.mein-pflegejob.de\/blog\/media\/pexels-cottonbro-studio-7653167-scaled-e1706536041674-1200x1125.jpg 1200w, https:\/\/www.mein-pflegejob.de\/blog\/media\/pexels-cottonbro-studio-7653167-scaled-e1706536041674.jpg 1280w\" data-sizes=\"auto\" \/><div class=\"fusion-rollover\">\n\t<div class=\"fusion-rollover-content\">\n\n\t\t\t\t\n\t\t\n\t\t\t\t\t\t\t\t\t\t\t\t<h4 class=\"fusion-rollover-title\">\n\t\t\t\t\t<a class=\"fusion-rollover-title-link\" href=\"https:\/\/www.mein-pflegejob.de\/blog\/queer-im-alter-gendersensible-pflege\/\">\n\t\t\t\t\t\tQueer im Alter &#8211; gendersensible Pflege\t\t\t\t\t<\/a>\n\t\t\t\t<\/h4>\n\t\t\t\n\t\t\t\t\t\t\t\t\n\t\t\n\t\t\t\t\t\t<a class=\"fusion-link-wrapper\" href=\"https:\/\/www.mein-pflegejob.de\/blog\/queer-im-alter-gendersensible-pflege\/\" aria-label=\"Queer im Alter &#8211; gendersensible Pflege\"><\/a>\n\t<\/div>\n<\/div>\n<\/div>\n<\/li>\n\t\t\t\n\t\t\t\n\t\t\t\t\t\t\t\t\t\t\t\t\t\t\t\t\t\t\t\t\t\t\t\t\t\t\t\t\t\t\t\t\t\t\t\t\t\t\t\t\t\t\t\t\t\t\t\t\t\t\t\t\t\t\t\t\t\t\t\t\t\t\t\t\t\t\t\t<\/ul>\n\t<\/div>\n\t<div class=\"fusion-post-content-wrapper\" style=\"padding:30px 0px 0px 0px;\"><div class=\"fusion-post-content post-content\"><h2 class=\"blog-shortcode-post-title entry-title\"><a href=\"https:\/\/www.mein-pflegejob.de\/blog\/queer-im-alter-gendersensible-pflege\/\">Queer im Alter &#8211; gendersensible Pflege<\/a><\/h2><p class=\"fusion-single-line-meta\"><span class=\"vcard\" style=\"display: none;\"><span class=\"fn\"><a href=\"https:\/\/www.mein-pflegejob.de\/blog\/author\/sabrina\/\" title=\"Beitr\u00e4ge von Sabrina\" rel=\"author\">Sabrina<\/a><\/span><\/span><span class=\"updated\" style=\"display:none;\">2024-02-05T08:27:14+01:00<\/span><span>05\/02\/24<\/span><span class=\"fusion-inline-sep\">|<\/span><\/p><\/div><\/div><div class=\"fusion-clearfix\"><\/div><\/div>\n<\/article>\n<article id=\"blog-1-post-7135\" class=\"fusion-post-grid post-7135 post type-post status-publish format-standard has-post-thumbnail hentry category-allgemein\">\n<div class=\"fusion-post-wrapper\" style=\"background-color:rgba(255,255,255,0);border:none;\">\n\n\t\t\t<div class=\"fusion-flexslider flexslider fusion-flexslider-loading fusion-post-slideshow\" style=\"border-color:rgba(235,234,234,0);\">\n\t\t<ul class=\"slides\">\n\t\t\t\n\t\t\t\t\t\t\t\t\t\t\t\t\t\t<li><div  class=\"fusion-image-wrapper\" aria-haspopup=\"true\">\n\t\t\t\t<img decoding=\"async\" width=\"1920\" height=\"1281\" src=\"https:\/\/www.mein-pflegejob.de\/blog\/media\/pexels-rfstudio-3621954-scaled.jpg\" class=\"attachment-full size-full lazyload wp-post-image\" alt=\"Warum Selbstf\u00fcrsorge f\u00fcr Pflegefachkr\u00e4fte so wichtig ist: Tipps zur Selbstf\u00fcrsorge und Stressbew\u00e4ltigung | Quelle: pexels\" srcset=\"data:image\/svg+xml,%3Csvg%20xmlns%3D%27http%3A%2F%2Fwww.w3.org%2F2000%2Fsvg%27%20width%3D%271920%27%20height%3D%271281%27%20viewBox%3D%270%200%201920%201281%27%3E%3Crect%20width%3D%271920%27%20height%3D%271281%27%20fill-opacity%3D%220%22%2F%3E%3C%2Fsvg%3E\" data-orig-src=\"https:\/\/www.mein-pflegejob.de\/blog\/media\/pexels-rfstudio-3621954-scaled.jpg\" data-srcset=\"https:\/\/www.mein-pflegejob.de\/blog\/media\/pexels-rfstudio-3621954-200x133.jpg 200w, https:\/\/www.mein-pflegejob.de\/blog\/media\/pexels-rfstudio-3621954-400x267.jpg 400w, https:\/\/www.mein-pflegejob.de\/blog\/media\/pexels-rfstudio-3621954-600x400.jpg 600w, https:\/\/www.mein-pflegejob.de\/blog\/media\/pexels-rfstudio-3621954-800x534.jpg 800w, https:\/\/www.mein-pflegejob.de\/blog\/media\/pexels-rfstudio-3621954-1200x801.jpg 1200w, https:\/\/www.mein-pflegejob.de\/blog\/media\/pexels-rfstudio-3621954-scaled.jpg 1920w\" data-sizes=\"auto\" \/><div class=\"fusion-rollover\">\n\t<div class=\"fusion-rollover-content\">\n\n\t\t\t\t\n\t\t\n\t\t\t\t\t\t\t\t\t\t\t\t<h4 class=\"fusion-rollover-title\">\n\t\t\t\t\t<a class=\"fusion-rollover-title-link\" href=\"https:\/\/www.mein-pflegejob.de\/blog\/warum-selbstfuersorge-fuer-pflegefachkraefte-so-wichtig-ist-tipps-zur-selbstfuersorge-und-stressbewaeltigung\/\">\n\t\t\t\t\t\tWarum Selbstf\u00fcrsorge f\u00fcr Pflegefachkr\u00e4fte so wichtig ist: Tipps zur Selbstf\u00fcrsorge und Stressbew\u00e4ltigung\t\t\t\t\t<\/a>\n\t\t\t\t<\/h4>\n\t\t\t\n\t\t\t\t\t\t\t\t\n\t\t\n\t\t\t\t\t\t<a class=\"fusion-link-wrapper\" href=\"https:\/\/www.mein-pflegejob.de\/blog\/warum-selbstfuersorge-fuer-pflegefachkraefte-so-wichtig-ist-tipps-zur-selbstfuersorge-und-stressbewaeltigung\/\" aria-label=\"Warum Selbstf\u00fcrsorge f\u00fcr Pflegefachkr\u00e4fte so wichtig ist: Tipps zur Selbstf\u00fcrsorge und Stressbew\u00e4ltigung\"><\/a>\n\t<\/div>\n<\/div>\n<\/div>\n<\/li>\n\t\t\t\n\t\t\t\n\t\t\t\t\t\t\t\t\t\t\t\t\t\t\t\t\t\t\t\t\t\t\t\t\t\t\t\t\t\t\t\t\t\t\t\t\t\t\t\t\t\t\t\t\t\t\t\t\t\t\t\t\t\t\t\t\t\t\t\t\t\t\t\t\t\t\t\t<\/ul>\n\t<\/div>\n\t<div class=\"fusion-post-content-wrapper\" style=\"padding:30px 0px 0px 0px;\"><div class=\"fusion-post-content post-content\"><h2 class=\"blog-shortcode-post-title entry-title\"><a href=\"https:\/\/www.mein-pflegejob.de\/blog\/warum-selbstfuersorge-fuer-pflegefachkraefte-so-wichtig-ist-tipps-zur-selbstfuersorge-und-stressbewaeltigung\/\">Warum Selbstf\u00fcrsorge f\u00fcr Pflegefachkr\u00e4fte so wichtig ist: Tipps zur Selbstf\u00fcrsorge und Stressbew\u00e4ltigung<\/a><\/h2><p class=\"fusion-single-line-meta\"><span class=\"vcard\" style=\"display: none;\"><span class=\"fn\"><a href=\"https:\/\/www.mein-pflegejob.de\/blog\/author\/sabrina\/\" title=\"Beitr\u00e4ge von Sabrina\" rel=\"author\">Sabrina<\/a><\/span><\/span><span class=\"updated\" style=\"display:none;\">2023-11-21T11:10:00+01:00<\/span><span>08\/01\/24<\/span><span class=\"fusion-inline-sep\">|<\/span><\/p><\/div><\/div><div class=\"fusion-clearfix\"><\/div><\/div>\n<\/article>\n<article id=\"blog-1-post-7114\" class=\"fusion-post-grid post-7114 post type-post status-publish format-standard has-post-thumbnail hentry category-allgemein category-neuigkeiten\">\n<div class=\"fusion-post-wrapper\" style=\"background-color:rgba(255,255,255,0);border:none;\">\n\n\t\t\t<div class=\"fusion-flexslider flexslider fusion-flexslider-loading fusion-post-slideshow\" style=\"border-color:rgba(235,234,234,0);\">\n\t\t<ul class=\"slides\">\n\t\t\t\n\t\t\t\t\t\t\t\t\t\t\t\t\t\t<li><div  class=\"fusion-image-wrapper\" aria-haspopup=\"true\">\n\t\t\t\t<img decoding=\"async\" width=\"2048\" height=\"1152\" src=\"https:\/\/www.mein-pflegejob.de\/blog\/media\/Destatis-Pflegestatistik-der-Beschaeftigten-in-ambulanter-Pflege.png\" class=\"attachment-full size-full lazyload wp-post-image\" alt=\"Destatis-Pflegestatistik der Besch\u00e4ftigten in ambulanten Pflege- und Betreuungsdiensten und Pflegeheimen | Quelle: Statistisches Bundesamt (Destatis), 2023\" srcset=\"data:image\/svg+xml,%3Csvg%20xmlns%3D%27http%3A%2F%2Fwww.w3.org%2F2000%2Fsvg%27%20width%3D%272048%27%20height%3D%271152%27%20viewBox%3D%270%200%202048%201152%27%3E%3Crect%20width%3D%272048%27%20height%3D%271152%27%20fill-opacity%3D%220%22%2F%3E%3C%2Fsvg%3E\" data-orig-src=\"https:\/\/www.mein-pflegejob.de\/blog\/media\/Destatis-Pflegestatistik-der-Beschaeftigten-in-ambulanter-Pflege.png\" data-srcset=\"https:\/\/www.mein-pflegejob.de\/blog\/media\/Destatis-Pflegestatistik-der-Beschaeftigten-in-ambulanter-Pflege-200x113.png 200w, https:\/\/www.mein-pflegejob.de\/blog\/media\/Destatis-Pflegestatistik-der-Beschaeftigten-in-ambulanter-Pflege-400x225.png 400w, https:\/\/www.mein-pflegejob.de\/blog\/media\/Destatis-Pflegestatistik-der-Beschaeftigten-in-ambulanter-Pflege-600x338.png 600w, https:\/\/www.mein-pflegejob.de\/blog\/media\/Destatis-Pflegestatistik-der-Beschaeftigten-in-ambulanter-Pflege-800x450.png 800w, https:\/\/www.mein-pflegejob.de\/blog\/media\/Destatis-Pflegestatistik-der-Beschaeftigten-in-ambulanter-Pflege-1200x675.png 1200w, https:\/\/www.mein-pflegejob.de\/blog\/media\/Destatis-Pflegestatistik-der-Beschaeftigten-in-ambulanter-Pflege.png 2048w\" data-sizes=\"auto\" \/><div class=\"fusion-rollover\">\n\t<div class=\"fusion-rollover-content\">\n\n\t\t\t\t\n\t\t\n\t\t\t\t\t\t\t\t\t\t\t\t<h4 class=\"fusion-rollover-title\">\n\t\t\t\t\t<a class=\"fusion-rollover-title-link\" href=\"https:\/\/www.mein-pflegejob.de\/blog\/pflegestatistik-zahl-der-beschaeftigten-mehr-als-verdoppelt\/\">\n\t\t\t\t\t\tPflegestatistik zeigt: Zahl der Besch\u00e4ftigten in ambulanten Pflegediensten innerhalb von 20 Jahren mehr als verdoppelt\t\t\t\t\t<\/a>\n\t\t\t\t<\/h4>\n\t\t\t\n\t\t\t\t\t\t\t\t\n\t\t\n\t\t\t\t\t\t<a class=\"fusion-link-wrapper\" href=\"https:\/\/www.mein-pflegejob.de\/blog\/pflegestatistik-zahl-der-beschaeftigten-mehr-als-verdoppelt\/\" aria-label=\"Pflegestatistik zeigt: Zahl der Besch\u00e4ftigten in ambulanten Pflegediensten innerhalb von 20 Jahren mehr als verdoppelt\"><\/a>\n\t<\/div>\n<\/div>\n<\/div>\n<\/li>\n\t\t\t\n\t\t\t\n\t\t\t\t\t\t\t\t\t\t\t\t\t\t\t\t\t\t\t\t\t\t\t\t\t\t\t\t\t\t\t\t\t\t\t\t\t\t\t\t\t\t\t\t\t\t\t\t\t\t\t\t\t\t\t\t\t\t\t\t\t\t\t\t\t\t\t\t<\/ul>\n\t<\/div>\n\t<div class=\"fusion-post-content-wrapper\" style=\"padding:30px 0px 0px 0px;\"><div class=\"fusion-post-content post-content\"><h2 class=\"blog-shortcode-post-title entry-title\"><a href=\"https:\/\/www.mein-pflegejob.de\/blog\/pflegestatistik-zahl-der-beschaeftigten-mehr-als-verdoppelt\/\">Pflegestatistik zeigt: Zahl der Besch\u00e4ftigten in ambulanten Pflegediensten innerhalb von 20 Jahren mehr als verdoppelt<\/a><\/h2><p class=\"fusion-single-line-meta\"><span class=\"vcard\" style=\"display: none;\"><span class=\"fn\"><a href=\"https:\/\/www.mein-pflegejob.de\/blog\/author\/sonja\/\" title=\"Beitr\u00e4ge von Sonja\" rel=\"author\">Sonja<\/a><\/span><\/span><span class=\"updated\" style=\"display:none;\">2023-07-25T09:43:18+02:00<\/span><span>26\/07\/23<\/span><span class=\"fusion-inline-sep\">|<\/span><\/p><\/div><\/div><div class=\"fusion-clearfix\"><\/div><\/div>\n<\/article>\n<article id=\"blog-1-post-7097\" class=\"fusion-post-grid post-7097 post type-post status-publish format-standard has-post-thumbnail hentry category-allgemein\">\n<div class=\"fusion-post-wrapper\" style=\"background-color:rgba(255,255,255,0);border:none;\">\n\n\t\t\t<div class=\"fusion-flexslider flexslider fusion-flexslider-loading fusion-post-slideshow\" style=\"border-color:rgba(235,234,234,0);\">\n\t\t<ul class=\"slides\">\n\t\t\t\n\t\t\t\t\t\t\t\t\t\t\t\t\t\t<li><div  class=\"fusion-image-wrapper\" aria-haspopup=\"true\">\n\t\t\t\t<img decoding=\"async\" width=\"1405\" height=\"1920\" src=\"https:\/\/www.mein-pflegejob.de\/blog\/media\/gehaelter-ziehen-gleich-scaled.jpg\" class=\"attachment-full size-full lazyload wp-post-image\" alt=\"Geh\u00e4lter im Branchenvergleich \u2013 Altenpflege zieht gleich\" srcset=\"data:image\/svg+xml,%3Csvg%20xmlns%3D%27http%3A%2F%2Fwww.w3.org%2F2000%2Fsvg%27%20width%3D%271405%27%20height%3D%271920%27%20viewBox%3D%270%200%201405%201920%27%3E%3Crect%20width%3D%271405%27%20height%3D%271920%27%20fill-opacity%3D%220%22%2F%3E%3C%2Fsvg%3E\" data-orig-src=\"https:\/\/www.mein-pflegejob.de\/blog\/media\/gehaelter-ziehen-gleich-scaled.jpg\" data-srcset=\"https:\/\/www.mein-pflegejob.de\/blog\/media\/gehaelter-ziehen-gleich-200x273.jpg 200w, https:\/\/www.mein-pflegejob.de\/blog\/media\/gehaelter-ziehen-gleich-400x547.jpg 400w, https:\/\/www.mein-pflegejob.de\/blog\/media\/gehaelter-ziehen-gleich-600x820.jpg 600w, https:\/\/www.mein-pflegejob.de\/blog\/media\/gehaelter-ziehen-gleich-800x1093.jpg 800w, https:\/\/www.mein-pflegejob.de\/blog\/media\/gehaelter-ziehen-gleich-1200x1640.jpg 1200w, https:\/\/www.mein-pflegejob.de\/blog\/media\/gehaelter-ziehen-gleich-scaled.jpg 1405w\" data-sizes=\"auto\" \/><div class=\"fusion-rollover\">\n\t<div class=\"fusion-rollover-content\">\n\n\t\t\t\t\n\t\t\n\t\t\t\t\t\t\t\t\t\t\t\t<h4 class=\"fusion-rollover-title\">\n\t\t\t\t\t<a class=\"fusion-rollover-title-link\" href=\"https:\/\/www.mein-pflegejob.de\/blog\/altenpflege-zieht-gleich-gehaelter-im-branchenvergleich\/\">\n\t\t\t\t\t\tGeh\u00e4lter im Branchenvergleich &#8211; Altenpflege zieht gleich\t\t\t\t\t<\/a>\n\t\t\t\t<\/h4>\n\t\t\t\n\t\t\t\t\t\t\t\t\n\t\t\n\t\t\t\t\t\t<a class=\"fusion-link-wrapper\" href=\"https:\/\/www.mein-pflegejob.de\/blog\/altenpflege-zieht-gleich-gehaelter-im-branchenvergleich\/\" aria-label=\"Geh\u00e4lter im Branchenvergleich &#8211; Altenpflege zieht gleich\"><\/a>\n\t<\/div>\n<\/div>\n<\/div>\n<\/li>\n\t\t\t\n\t\t\t\n\t\t\t\t\t\t\t\t\t\t\t\t\t\t\t\t\t\t\t\t\t\t\t\t\t\t\t\t\t\t\t\t\t\t\t\t\t\t\t\t\t\t\t\t\t\t\t\t\t\t\t\t\t\t\t\t\t\t\t\t\t\t\t\t\t\t\t\t<\/ul>\n\t<\/div>\n\t<div class=\"fusion-post-content-wrapper\" style=\"padding:30px 0px 0px 0px;\"><div class=\"fusion-post-content post-content\"><h2 class=\"blog-shortcode-post-title entry-title\"><a href=\"https:\/\/www.mein-pflegejob.de\/blog\/altenpflege-zieht-gleich-gehaelter-im-branchenvergleich\/\">Geh\u00e4lter im Branchenvergleich &#8211; Altenpflege zieht gleich<\/a><\/h2><p class=\"fusion-single-line-meta\"><span class=\"vcard\" style=\"display: none;\"><span class=\"fn\"><a href=\"https:\/\/www.mein-pflegejob.de\/blog\/author\/edwin\/\" title=\"Beitr\u00e4ge von Edwin\" rel=\"author\">Edwin<\/a><\/span><\/span><span class=\"updated\" style=\"display:none;\">2023-07-24T10:39:01+02:00<\/span><span>24\/07\/23<\/span><span class=\"fusion-inline-sep\">|<\/span><\/p><\/div><\/div><div class=\"fusion-clearfix\"><\/div><\/div>\n<\/article>\n<article id=\"blog-1-post-6994\" class=\"fusion-post-grid post-6994 post type-post status-publish format-standard has-post-thumbnail hentry category-allgemein\">\n<div class=\"fusion-post-wrapper\" style=\"background-color:rgba(255,255,255,0);border:none;\">\n\n\t\t\t<div class=\"fusion-flexslider flexslider fusion-flexslider-loading fusion-post-slideshow\" style=\"border-color:rgba(235,234,234,0);\">\n\t\t<ul class=\"slides\">\n\t\t\t\n\t\t\t\t\t\t\t\t\t\t\t\t\t\t<li><div  class=\"fusion-image-wrapper\" aria-haspopup=\"true\">\n\t\t\t\t<img decoding=\"async\" width=\"1920\" height=\"1280\" src=\"https:\/\/www.mein-pflegejob.de\/blog\/media\/gewalt-gegenueber-pflegepersonal-scaled.jpg\" class=\"attachment-full size-full lazyload wp-post-image\" alt=\"gewalt-gegen\u00fcber-pflegepersonal\" srcset=\"data:image\/svg+xml,%3Csvg%20xmlns%3D%27http%3A%2F%2Fwww.w3.org%2F2000%2Fsvg%27%20width%3D%271920%27%20height%3D%271280%27%20viewBox%3D%270%200%201920%201280%27%3E%3Crect%20width%3D%271920%27%20height%3D%271280%27%20fill-opacity%3D%220%22%2F%3E%3C%2Fsvg%3E\" data-orig-src=\"https:\/\/www.mein-pflegejob.de\/blog\/media\/gewalt-gegenueber-pflegepersonal-scaled.jpg\" data-srcset=\"https:\/\/www.mein-pflegejob.de\/blog\/media\/gewalt-gegenueber-pflegepersonal-200x133.jpg 200w, https:\/\/www.mein-pflegejob.de\/blog\/media\/gewalt-gegenueber-pflegepersonal-400x267.jpg 400w, https:\/\/www.mein-pflegejob.de\/blog\/media\/gewalt-gegenueber-pflegepersonal-600x400.jpg 600w, https:\/\/www.mein-pflegejob.de\/blog\/media\/gewalt-gegenueber-pflegepersonal-800x533.jpg 800w, https:\/\/www.mein-pflegejob.de\/blog\/media\/gewalt-gegenueber-pflegepersonal-1200x800.jpg 1200w, https:\/\/www.mein-pflegejob.de\/blog\/media\/gewalt-gegenueber-pflegepersonal-scaled.jpg 1920w\" data-sizes=\"auto\" \/><div class=\"fusion-rollover\">\n\t<div class=\"fusion-rollover-content\">\n\n\t\t\t\t\n\t\t\n\t\t\t\t\t\t\t\t\t\t\t\t<h4 class=\"fusion-rollover-title\">\n\t\t\t\t\t<a class=\"fusion-rollover-title-link\" href=\"https:\/\/www.mein-pflegejob.de\/blog\/gewalt-gegenueber-pflegekraeften-massnahmen-und-tipps\/\">\n\t\t\t\t\t\tGewalt gegen\u00fcber Pflegekr\u00e4ften: Deeskalationsma\u00dfnahmen und Tipps\t\t\t\t\t<\/a>\n\t\t\t\t<\/h4>\n\t\t\t\n\t\t\t\t\t\t\t\t\n\t\t\n\t\t\t\t\t\t<a class=\"fusion-link-wrapper\" href=\"https:\/\/www.mein-pflegejob.de\/blog\/gewalt-gegenueber-pflegekraeften-massnahmen-und-tipps\/\" aria-label=\"Gewalt gegen\u00fcber Pflegekr\u00e4ften: Deeskalationsma\u00dfnahmen und Tipps\"><\/a>\n\t<\/div>\n<\/div>\n<\/div>\n<\/li>\n\t\t\t\n\t\t\t\n\t\t\t\t\t\t\t\t\t\t\t\t\t\t\t\t\t\t\t\t\t\t\t\t\t\t\t\t\t\t\t\t\t\t\t\t\t\t\t\t\t\t\t\t\t\t\t\t\t\t\t\t\t\t\t\t\t\t\t\t\t\t\t\t\t\t\t\t<\/ul>\n\t<\/div>\n\t<div class=\"fusion-post-content-wrapper\" style=\"padding:30px 0px 0px 0px;\"><div class=\"fusion-post-content post-content\"><h2 class=\"blog-shortcode-post-title entry-title\"><a href=\"https:\/\/www.mein-pflegejob.de\/blog\/gewalt-gegenueber-pflegekraeften-massnahmen-und-tipps\/\">Gewalt gegen\u00fcber Pflegekr\u00e4ften: Deeskalationsma\u00dfnahmen und Tipps<\/a><\/h2><p class=\"fusion-single-line-meta\"><span class=\"vcard\" style=\"display: none;\"><span class=\"fn\"><a href=\"https:\/\/www.mein-pflegejob.de\/blog\/author\/edwin\/\" title=\"Beitr\u00e4ge von Edwin\" rel=\"author\">Edwin<\/a><\/span><\/span><span class=\"updated\" style=\"display:none;\">2023-06-22T11:25:15+02:00<\/span><span>22\/06\/23<\/span><span class=\"fusion-inline-sep\">|<\/span><\/p><\/div><\/div><div class=\"fusion-clearfix\"><\/div><\/div>\n<\/article>\n<article id=\"blog-1-post-6919\" class=\"fusion-post-grid post-6919 post type-post status-publish format-standard has-post-thumbnail hentry category-allgemein\">\n<div class=\"fusion-post-wrapper\" style=\"background-color:rgba(255,255,255,0);border:none;\">\n\n\t\t\t<div class=\"fusion-flexslider flexslider fusion-flexslider-loading fusion-post-slideshow\" style=\"border-color:rgba(235,234,234,0);\">\n\t\t<ul class=\"slides\">\n\t\t\t\n\t\t\t\t\t\t\t\t\t\t\t\t\t\t<li><div  class=\"fusion-image-wrapper\" aria-haspopup=\"true\">\n\t\t\t\t<img decoding=\"async\" width=\"881\" height=\"720\" src=\"https:\/\/www.mein-pflegejob.de\/blog\/media\/Leiharbeit.jpg\" class=\"attachment-full size-full lazyload wp-post-image\" alt=\"Von der Festanstellung zur Leiharbeit | Quelle: https:\/\/www.linkedin.com\/pulse\/zeitarbeit-an%C3%BCs-und-befristete-arbeitsvertr%C3%A4ge-gerald-falter\/?originalSubdomain=de\" srcset=\"data:image\/svg+xml,%3Csvg%20xmlns%3D%27http%3A%2F%2Fwww.w3.org%2F2000%2Fsvg%27%20width%3D%27881%27%20height%3D%27720%27%20viewBox%3D%270%200%20881%20720%27%3E%3Crect%20width%3D%27881%27%20height%3D%27720%27%20fill-opacity%3D%220%22%2F%3E%3C%2Fsvg%3E\" data-orig-src=\"https:\/\/www.mein-pflegejob.de\/blog\/media\/Leiharbeit.jpg\" data-srcset=\"https:\/\/www.mein-pflegejob.de\/blog\/media\/Leiharbeit-200x163.jpg 200w, https:\/\/www.mein-pflegejob.de\/blog\/media\/Leiharbeit-400x327.jpg 400w, https:\/\/www.mein-pflegejob.de\/blog\/media\/Leiharbeit-600x490.jpg 600w, https:\/\/www.mein-pflegejob.de\/blog\/media\/Leiharbeit-800x654.jpg 800w, https:\/\/www.mein-pflegejob.de\/blog\/media\/Leiharbeit.jpg 881w\" data-sizes=\"auto\" \/><div class=\"fusion-rollover\">\n\t<div class=\"fusion-rollover-content\">\n\n\t\t\t\t\n\t\t\n\t\t\t\t\t\t\t\t\t\t\t\t<h4 class=\"fusion-rollover-title\">\n\t\t\t\t\t<a class=\"fusion-rollover-title-link\" href=\"https:\/\/www.mein-pflegejob.de\/blog\/leiharbeit-in-der-pflege\/\">\n\t\t\t\t\t\tLeiharbeit in der Pflege\t\t\t\t\t<\/a>\n\t\t\t\t<\/h4>\n\t\t\t\n\t\t\t\t\t\t\t\t\n\t\t\n\t\t\t\t\t\t<a class=\"fusion-link-wrapper\" href=\"https:\/\/www.mein-pflegejob.de\/blog\/leiharbeit-in-der-pflege\/\" aria-label=\"Leiharbeit in der Pflege\"><\/a>\n\t<\/div>\n<\/div>\n<\/div>\n<\/li>\n\t\t\t\n\t\t\t\n\t\t\t\t\t\t\t\t\t\t\t\t\t\t\t\t\t\t\t\t\t\t\t\t\t\t\t\t\t\t\t\t\t\t\t\t\t\t\t\t\t\t\t\t\t\t\t\t\t\t\t\t\t\t\t\t\t\t\t\t\t\t\t\t\t\t\t\t<\/ul>\n\t<\/div>\n\t<div class=\"fusion-post-content-wrapper\" style=\"padding:30px 0px 0px 0px;\"><div class=\"fusion-post-content post-content\"><h2 class=\"blog-shortcode-post-title entry-title\"><a href=\"https:\/\/www.mein-pflegejob.de\/blog\/leiharbeit-in-der-pflege\/\">Leiharbeit in der Pflege<\/a><\/h2><p class=\"fusion-single-line-meta\"><span class=\"vcard\" style=\"display: none;\"><span class=\"fn\"><a href=\"https:\/\/www.mein-pflegejob.de\/blog\/author\/katja\/\" title=\"Beitr\u00e4ge von Katja\" rel=\"author\">Katja<\/a><\/span><\/span><span class=\"updated\" style=\"display:none;\">2023-06-07T15:23:02+02:00<\/span><span>07\/06\/23<\/span><span class=\"fusion-inline-sep\">|<\/span><\/p><\/div><\/div><div class=\"fusion-clearfix\"><\/div><\/div>\n<\/article>\n<article id=\"blog-1-post-6885\" class=\"fusion-post-grid post-6885 post type-post status-publish format-standard has-post-thumbnail hentry category-allgemein\">\n<div class=\"fusion-post-wrapper\" style=\"background-color:rgba(255,255,255,0);border:none;\">\n\n\t\t\t<div class=\"fusion-flexslider flexslider fusion-flexslider-loading fusion-post-slideshow\" style=\"border-color:rgba(235,234,234,0);\">\n\t\t<ul class=\"slides\">\n\t\t\t\n\t\t\t\t\t\t\t\t\t\t\t\t\t\t<li><div  class=\"fusion-image-wrapper\" aria-haspopup=\"true\">\n\t\t\t\t<img decoding=\"async\" width=\"1920\" height=\"1347\" src=\"https:\/\/www.mein-pflegejob.de\/blog\/media\/ein-tag-in-der-pflege-1.jpg\" class=\"attachment-full size-full lazyload wp-post-image\" alt=\"ein-tag-in-der-pflege\" srcset=\"data:image\/svg+xml,%3Csvg%20xmlns%3D%27http%3A%2F%2Fwww.w3.org%2F2000%2Fsvg%27%20width%3D%271920%27%20height%3D%271347%27%20viewBox%3D%270%200%201920%201347%27%3E%3Crect%20width%3D%271920%27%20height%3D%271347%27%20fill-opacity%3D%220%22%2F%3E%3C%2Fsvg%3E\" data-orig-src=\"https:\/\/www.mein-pflegejob.de\/blog\/media\/ein-tag-in-der-pflege-1.jpg\" data-srcset=\"https:\/\/www.mein-pflegejob.de\/blog\/media\/ein-tag-in-der-pflege-1-200x140.jpg 200w, https:\/\/www.mein-pflegejob.de\/blog\/media\/ein-tag-in-der-pflege-1-400x281.jpg 400w, https:\/\/www.mein-pflegejob.de\/blog\/media\/ein-tag-in-der-pflege-1-600x421.jpg 600w, https:\/\/www.mein-pflegejob.de\/blog\/media\/ein-tag-in-der-pflege-1-800x561.jpg 800w, https:\/\/www.mein-pflegejob.de\/blog\/media\/ein-tag-in-der-pflege-1-1200x842.jpg 1200w, https:\/\/www.mein-pflegejob.de\/blog\/media\/ein-tag-in-der-pflege-1.jpg 1920w\" data-sizes=\"auto\" \/><div class=\"fusion-rollover\">\n\t<div class=\"fusion-rollover-content\">\n\n\t\t\t\t\n\t\t\n\t\t\t\t\t\t\t\t\t\t\t\t<h4 class=\"fusion-rollover-title\">\n\t\t\t\t\t<a class=\"fusion-rollover-title-link\" href=\"https:\/\/www.mein-pflegejob.de\/blog\/ein-tag-in-der-pflege-arbeitsalltag-in-der-altenpflege\/\">\n\t\t\t\t\t\tEin Tag in der Pflege &#8211; Arbeitsalltag in der Altenpflege\t\t\t\t\t<\/a>\n\t\t\t\t<\/h4>\n\t\t\t\n\t\t\t\t\t\t\t\t\n\t\t\n\t\t\t\t\t\t<a class=\"fusion-link-wrapper\" href=\"https:\/\/www.mein-pflegejob.de\/blog\/ein-tag-in-der-pflege-arbeitsalltag-in-der-altenpflege\/\" aria-label=\"Ein Tag in der Pflege &#8211; Arbeitsalltag in der Altenpflege\"><\/a>\n\t<\/div>\n<\/div>\n<\/div>\n<\/li>\n\t\t\t\n\t\t\t\n\t\t\t\t\t\t\t\t\t\t\t\t\t\t\t\t\t\t\t\t\t\t\t\t\t\t\t\t\t\t\t\t\t\t\t\t\t\t\t\t\t\t\t\t\t\t\t\t\t\t\t\t\t\t\t\t\t\t\t\t\t\t\t\t\t\t\t\t<\/ul>\n\t<\/div>\n\t<div class=\"fusion-post-content-wrapper\" style=\"padding:30px 0px 0px 0px;\"><div class=\"fusion-post-content post-content\"><h2 class=\"blog-shortcode-post-title entry-title\"><a href=\"https:\/\/www.mein-pflegejob.de\/blog\/ein-tag-in-der-pflege-arbeitsalltag-in-der-altenpflege\/\">Ein Tag in der Pflege &#8211; Arbeitsalltag in der Altenpflege<\/a><\/h2><p class=\"fusion-single-line-meta\"><span class=\"vcard\" style=\"display: none;\"><span class=\"fn\"><a href=\"https:\/\/www.mein-pflegejob.de\/blog\/author\/edwin\/\" title=\"Beitr\u00e4ge von Edwin\" rel=\"author\">Edwin<\/a><\/span><\/span><span class=\"updated\" style=\"display:none;\">2023-07-03T09:31:26+02:00<\/span><span>19\/05\/23<\/span><span class=\"fusion-inline-sep\">|<\/span><\/p><\/div><\/div><div class=\"fusion-clearfix\"><\/div><\/div>\n<\/article>\n<article id=\"blog-1-post-6846\" class=\"fusion-post-grid post-6846 post type-post status-publish format-standard has-post-thumbnail hentry category-allgemein\">\n<div class=\"fusion-post-wrapper\" style=\"background-color:rgba(255,255,255,0);border:none;\">\n\n\t\t\t<div class=\"fusion-flexslider flexslider fusion-flexslider-loading fusion-post-slideshow\" style=\"border-color:rgba(235,234,234,0);\">\n\t\t<ul class=\"slides\">\n\t\t\t\n\t\t\t\t\t\t\t\t\t\t\t\t\t\t<li><div  class=\"fusion-image-wrapper\" aria-haspopup=\"true\">\n\t\t\t\t<img decoding=\"async\" width=\"1920\" height=\"1280\" src=\"https:\/\/www.mein-pflegejob.de\/blog\/media\/pexels-pixabay-164879-1-scaled.jpg\" class=\"attachment-full size-full lazyload wp-post-image\" alt=\"Podcast Mikrofon | Quelle: Pixabay\" srcset=\"data:image\/svg+xml,%3Csvg%20xmlns%3D%27http%3A%2F%2Fwww.w3.org%2F2000%2Fsvg%27%20width%3D%271920%27%20height%3D%271280%27%20viewBox%3D%270%200%201920%201280%27%3E%3Crect%20width%3D%271920%27%20height%3D%271280%27%20fill-opacity%3D%220%22%2F%3E%3C%2Fsvg%3E\" data-orig-src=\"https:\/\/www.mein-pflegejob.de\/blog\/media\/pexels-pixabay-164879-1-scaled.jpg\" data-srcset=\"https:\/\/www.mein-pflegejob.de\/blog\/media\/pexels-pixabay-164879-1-200x133.jpg 200w, https:\/\/www.mein-pflegejob.de\/blog\/media\/pexels-pixabay-164879-1-400x267.jpg 400w, https:\/\/www.mein-pflegejob.de\/blog\/media\/pexels-pixabay-164879-1-600x400.jpg 600w, https:\/\/www.mein-pflegejob.de\/blog\/media\/pexels-pixabay-164879-1-800x534.jpg 800w, https:\/\/www.mein-pflegejob.de\/blog\/media\/pexels-pixabay-164879-1-1200x800.jpg 1200w, https:\/\/www.mein-pflegejob.de\/blog\/media\/pexels-pixabay-164879-1-scaled.jpg 1920w\" data-sizes=\"auto\" \/><div class=\"fusion-rollover\">\n\t<div class=\"fusion-rollover-content\">\n\n\t\t\t\t\n\t\t\n\t\t\t\t\t\t\t\t\t\t\t\t<h4 class=\"fusion-rollover-title\">\n\t\t\t\t\t<a class=\"fusion-rollover-title-link\" href=\"https:\/\/www.mein-pflegejob.de\/blog\/podcasts-in-der-pflege-2023\/\">\n\t\t\t\t\t\tPodcasts in der Pflege 2023\t\t\t\t\t<\/a>\n\t\t\t\t<\/h4>\n\t\t\t\n\t\t\t\t\t\t\t\t\n\t\t\n\t\t\t\t\t\t<a class=\"fusion-link-wrapper\" href=\"https:\/\/www.mein-pflegejob.de\/blog\/podcasts-in-der-pflege-2023\/\" aria-label=\"Podcasts in der Pflege 2023\"><\/a>\n\t<\/div>\n<\/div>\n<\/div>\n<\/li>\n\t\t\t\n\t\t\t\n\t\t\t\t\t\t\t\t\t\t\t\t\t\t\t\t\t\t\t\t\t\t\t\t\t\t\t\t\t\t\t\t\t\t\t\t\t\t\t\t\t\t\t\t\t\t\t\t\t\t\t\t\t\t\t\t\t\t\t\t\t\t\t\t\t\t\t\t<\/ul>\n\t<\/div>\n\t<div class=\"fusion-post-content-wrapper\" style=\"padding:30px 0px 0px 0px;\"><div class=\"fusion-post-content post-content\"><h2 class=\"blog-shortcode-post-title entry-title\"><a href=\"https:\/\/www.mein-pflegejob.de\/blog\/podcasts-in-der-pflege-2023\/\">Podcasts in der Pflege 2023<\/a><\/h2><p class=\"fusion-single-line-meta\"><span class=\"vcard\" style=\"display: none;\"><span class=\"fn\"><a href=\"https:\/\/www.mein-pflegejob.de\/blog\/author\/sonja\/\" title=\"Beitr\u00e4ge von Sonja\" rel=\"author\">Sonja<\/a><\/span><\/span><span class=\"updated\" style=\"display:none;\">2023-05-10T10:01:05+02:00<\/span><span>08\/05\/23<\/span><span class=\"fusion-inline-sep\">|<\/span><\/p><\/div><\/div><div class=\"fusion-clearfix\"><\/div><\/div>\n<\/article>\n<article id=\"blog-1-post-6823\" class=\"fusion-post-grid post-6823 post type-post status-publish format-standard has-post-thumbnail hentry category-allgemein category-neuigkeiten category-politik\">\n<div class=\"fusion-post-wrapper\" style=\"background-color:rgba(255,255,255,0);border:none;\">\n\n\t\t\t<div class=\"fusion-flexslider flexslider fusion-flexslider-loading fusion-post-slideshow\" style=\"border-color:rgba(235,234,234,0);\">\n\t\t<ul class=\"slides\">\n\t\t\t\n\t\t\t\t\t\t\t\t\t\t\t\t\t\t<li><div  class=\"fusion-image-wrapper\" aria-haspopup=\"true\">\n\t\t\t\t<img decoding=\"async\" width=\"1920\" height=\"1280\" src=\"https:\/\/www.mein-pflegejob.de\/blog\/media\/Pflegestudium-Verguetung-scaled.jpg\" class=\"attachment-full size-full lazyload wp-post-image\" alt=\"Pflegestudium Verguetung\" srcset=\"data:image\/svg+xml,%3Csvg%20xmlns%3D%27http%3A%2F%2Fwww.w3.org%2F2000%2Fsvg%27%20width%3D%271920%27%20height%3D%271280%27%20viewBox%3D%270%200%201920%201280%27%3E%3Crect%20width%3D%271920%27%20height%3D%271280%27%20fill-opacity%3D%220%22%2F%3E%3C%2Fsvg%3E\" data-orig-src=\"https:\/\/www.mein-pflegejob.de\/blog\/media\/Pflegestudium-Verguetung-scaled.jpg\" data-srcset=\"https:\/\/www.mein-pflegejob.de\/blog\/media\/Pflegestudium-Verguetung-200x133.jpg 200w, https:\/\/www.mein-pflegejob.de\/blog\/media\/Pflegestudium-Verguetung-400x267.jpg 400w, https:\/\/www.mein-pflegejob.de\/blog\/media\/Pflegestudium-Verguetung-600x400.jpg 600w, https:\/\/www.mein-pflegejob.de\/blog\/media\/Pflegestudium-Verguetung-800x533.jpg 800w, https:\/\/www.mein-pflegejob.de\/blog\/media\/Pflegestudium-Verguetung-1200x800.jpg 1200w, https:\/\/www.mein-pflegejob.de\/blog\/media\/Pflegestudium-Verguetung-scaled.jpg 1920w\" data-sizes=\"auto\" \/><div class=\"fusion-rollover\">\n\t<div class=\"fusion-rollover-content\">\n\n\t\t\t\t\n\t\t\n\t\t\t\t\t\t\t\t\t\t\t\t<h4 class=\"fusion-rollover-title\">\n\t\t\t\t\t<a class=\"fusion-rollover-title-link\" href=\"https:\/\/www.mein-pflegejob.de\/blog\/gesetzentwurf-verguetung-waehrend-des-pflegestudiums\/\">\n\t\t\t\t\t\tGesetzentwurf: Verg\u00fctung w\u00e4hrend des Pflegestudiums\t\t\t\t\t<\/a>\n\t\t\t\t<\/h4>\n\t\t\t\n\t\t\t\t\t\t\t\t\n\t\t\n\t\t\t\t\t\t<a class=\"fusion-link-wrapper\" href=\"https:\/\/www.mein-pflegejob.de\/blog\/gesetzentwurf-verguetung-waehrend-des-pflegestudiums\/\" aria-label=\"Gesetzentwurf: Verg\u00fctung w\u00e4hrend des Pflegestudiums\"><\/a>\n\t<\/div>\n<\/div>\n<\/div>\n<\/li>\n\t\t\t\n\t\t\t\n\t\t\t\t\t\t\t\t\t\t\t\t\t\t\t\t\t\t\t\t\t\t\t\t\t\t\t\t\t\t\t\t\t\t\t\t\t\t\t\t\t\t\t\t\t\t\t\t\t\t\t\t\t\t\t\t\t\t\t\t\t\t\t\t\t\t\t\t<\/ul>\n\t<\/div>\n\t<div class=\"fusion-post-content-wrapper\" style=\"padding:30px 0px 0px 0px;\"><div class=\"fusion-post-content post-content\"><h2 class=\"blog-shortcode-post-title entry-title\"><a href=\"https:\/\/www.mein-pflegejob.de\/blog\/gesetzentwurf-verguetung-waehrend-des-pflegestudiums\/\">Gesetzentwurf: Verg\u00fctung w\u00e4hrend des Pflegestudiums<\/a><\/h2><p class=\"fusion-single-line-meta\"><span class=\"vcard\" style=\"display: none;\"><span class=\"fn\"><a href=\"https:\/\/www.mein-pflegejob.de\/blog\/author\/edwin\/\" title=\"Beitr\u00e4ge von Edwin\" rel=\"author\">Edwin<\/a><\/span><\/span><span class=\"updated\" style=\"display:none;\">2023-04-24T10:53:05+02:00<\/span><span>24\/04\/23<\/span><span class=\"fusion-inline-sep\">|<\/span><\/p><\/div><\/div><div class=\"fusion-clearfix\"><\/div><\/div>\n<\/article>\n<article id=\"blog-1-post-6811\" class=\"fusion-post-grid post-6811 post type-post status-publish format-standard has-post-thumbnail hentry category-allgemein category-neuigkeiten category-pflegenotstand\">\n<div class=\"fusion-post-wrapper\" style=\"background-color:rgba(255,255,255,0);border:none;\">\n\n\t\t\t<div class=\"fusion-flexslider flexslider fusion-flexslider-loading fusion-post-slideshow\" style=\"border-color:rgba(235,234,234,0);\">\n\t\t<ul class=\"slides\">\n\t\t\t\n\t\t\t\t\t\t\t\t\t\t\t\t\t\t<li><div  class=\"fusion-image-wrapper\" aria-haspopup=\"true\">\n\t\t\t\t<img decoding=\"async\" width=\"1024\" height=\"683\" src=\"https:\/\/www.mein-pflegejob.de\/blog\/media\/Azubis-Pflegekraefte.jpg\" class=\"attachment-full size-full lazyload wp-post-image\" alt=\"Ausbildung in der Pflege | Quelle: Pixel-Shot - Adobe Stock\" srcset=\"data:image\/svg+xml,%3Csvg%20xmlns%3D%27http%3A%2F%2Fwww.w3.org%2F2000%2Fsvg%27%20width%3D%271024%27%20height%3D%27683%27%20viewBox%3D%270%200%201024%20683%27%3E%3Crect%20width%3D%271024%27%20height%3D%27683%27%20fill-opacity%3D%220%22%2F%3E%3C%2Fsvg%3E\" data-orig-src=\"https:\/\/www.mein-pflegejob.de\/blog\/media\/Azubis-Pflegekraefte.jpg\" data-srcset=\"https:\/\/www.mein-pflegejob.de\/blog\/media\/Azubis-Pflegekraefte-200x133.jpg 200w, https:\/\/www.mein-pflegejob.de\/blog\/media\/Azubis-Pflegekraefte-400x267.jpg 400w, https:\/\/www.mein-pflegejob.de\/blog\/media\/Azubis-Pflegekraefte-600x400.jpg 600w, https:\/\/www.mein-pflegejob.de\/blog\/media\/Azubis-Pflegekraefte-800x534.jpg 800w, https:\/\/www.mein-pflegejob.de\/blog\/media\/Azubis-Pflegekraefte.jpg 1024w\" data-sizes=\"auto\" \/><div class=\"fusion-rollover\">\n\t<div class=\"fusion-rollover-content\">\n\n\t\t\t\t\n\t\t\n\t\t\t\t\t\t\t\t\t\t\t\t<h4 class=\"fusion-rollover-title\">\n\t\t\t\t\t<a class=\"fusion-rollover-title-link\" href=\"https:\/\/www.mein-pflegejob.de\/blog\/zahl-der-pflege-azubis-sinkt\/\">\n\t\t\t\t\t\tZahl der Pflege-Azubis sinkt\t\t\t\t\t<\/a>\n\t\t\t\t<\/h4>\n\t\t\t\n\t\t\t\t\t\t\t\t\n\t\t\n\t\t\t\t\t\t<a class=\"fusion-link-wrapper\" href=\"https:\/\/www.mein-pflegejob.de\/blog\/zahl-der-pflege-azubis-sinkt\/\" aria-label=\"Zahl der Pflege-Azubis sinkt\"><\/a>\n\t<\/div>\n<\/div>\n<\/div>\n<\/li>\n\t\t\t\n\t\t\t\n\t\t\t\t\t\t\t\t\t\t\t\t\t\t\t\t\t\t\t\t\t\t\t\t\t\t\t\t\t\t\t\t\t\t\t\t\t\t\t\t\t\t\t\t\t\t\t\t\t\t\t\t\t\t\t\t\t\t\t\t\t\t\t\t\t\t\t\t<\/ul>\n\t<\/div>\n\t<div class=\"fusion-post-content-wrapper\" style=\"padding:30px 0px 0px 0px;\"><div class=\"fusion-post-content post-content\"><h2 class=\"blog-shortcode-post-title entry-title\"><a href=\"https:\/\/www.mein-pflegejob.de\/blog\/zahl-der-pflege-azubis-sinkt\/\">Zahl der Pflege-Azubis sinkt<\/a><\/h2><p class=\"fusion-single-line-meta\"><span class=\"vcard\" style=\"display: none;\"><span class=\"fn\"><a href=\"https:\/\/www.mein-pflegejob.de\/blog\/author\/isabel\/\" title=\"Beitr\u00e4ge von Isabel\" rel=\"author\">Isabel<\/a><\/span><\/span><span class=\"updated\" style=\"display:none;\">2023-04-06T09:14:56+02:00<\/span><span>06\/04\/23<\/span><span class=\"fusion-inline-sep\">|<\/span><\/p><\/div><\/div><div class=\"fusion-clearfix\"><\/div><\/div>\n<\/article>\n<div class=\"fusion-clearfix\"><\/div><\/div><\/div><div class=\"fusion-separator fusion-full-width-sep\" style=\"align-self: center;margin-left: auto;margin-right: auto;margin-top:20px;margin-bottom:20px;width:100%;\"><\/div><div style=\"text-align:center;\"><a class=\"fusion-button button-flat fusion-button-default-size button-default fusion-button-default button-4 fusion-button-default-span fusion-button-default-type\" target=\"_self\" href=\"https:\/\/www.mein-pflegejob.de\/blog\/news\/\"><span class=\"fusion-button-text\">Zu den News<\/span><\/a><\/div><\/div><\/div><div class=\"fusion-layout-column fusion_builder_column fusion-builder-column-14 fusion_builder_column_2_5 2_5 fusion-flex-column\" style=\"--awb-bg-color:#eff2f5;--awb-bg-color-hover:#eff2f5;--awb-bg-size:cover;--awb-width-large:40%;--awb-margin-top-large:20px;--awb-spacing-right-large:4.8%;--awb-margin-bottom-large:20px;--awb-spacing-left-large:5.76%;--awb-width-medium:100%;--awb-order-medium:0;--awb-spacing-right-medium:1.92%;--awb-spacing-left-medium:1.92%;--awb-width-small:100%;--awb-order-small:0;--awb-spacing-right-small:1.92%;--awb-spacing-left-small:1.92%;\"><div class=\"fusion-column-wrapper fusion-column-has-shadow fusion-flex-justify-content-flex-start fusion-content-layout-column\"><div class=\"fusion-text fusion-text-7\" style=\"--awb-margin-left:15px;\"><h3>Pflegenotstand<\/h3>\n<\/div><div class=\"fusion-recent-posts fusion-recent-posts-1 avada-container layout-thumbnails-on-side layout-columns-1\" style=\"--awb-margin-right:15px;--awb-margin-left:15px;\"><section class=\"fusion-columns columns fusion-columns-1 columns-1\"><article class=\"post fusion-column column col col-lg-12 col-md-12 col-sm-12\"><div class=\"fusion-flexslider fusion-flexslider-loading flexslider floated-slideshow flexslider-hover-type-none\"><ul class=\"slides\"><li><a href=\"https:\/\/www.mein-pflegejob.de\/blog\/zahl-der-pflege-azubis-sinkt\/\" aria-label=\"Zahl der Pflege-Azubis sinkt\" class=\"hover-type-none\"><img decoding=\"async\" width=\"177\" height=\"142\" src=\"data:image\/svg+xml,%3Csvg%20xmlns%3D%27http%3A%2F%2Fwww.w3.org%2F2000%2Fsvg%27%20width%3D%27177%27%20height%3D%27142%27%20viewBox%3D%270%200%20177%20142%27%3E%3Crect%20width%3D%27177%27%20height%3D%27142%27%20fill-opacity%3D%220%22%2F%3E%3C%2Fsvg%3E\" data-orig-src=\"https:\/\/www.mein-pflegejob.de\/blog\/media\/Azubis-Pflegekraefte-177x142.jpg\" class=\"lazyload attachment-portfolio-five size-portfolio-five\" alt=\"Ausbildung in der Pflege | Quelle: Pixel-Shot - Adobe Stock\" \/><\/a><\/li><\/ul><\/div><div class=\"recent-posts-content\"><span class=\"vcard\" style=\"display: none;\"><span class=\"fn\"><a href=\"https:\/\/www.mein-pflegejob.de\/blog\/author\/isabel\/\" title=\"Beitr\u00e4ge von Isabel\" rel=\"author\">Isabel<\/a><\/span><\/span><span class=\"updated\" style=\"display:none;\">2023-04-06T09:14:56+02:00<\/span><h4 class=\"entry-title\"><a href=\"https:\/\/www.mein-pflegejob.de\/blog\/zahl-der-pflege-azubis-sinkt\/\">Zahl der Pflege-Azubis sinkt<\/a><\/h4><p class=\"meta\"><span class=\"vcard\" style=\"display: none;\"><span class=\"fn\"><a href=\"https:\/\/www.mein-pflegejob.de\/blog\/author\/isabel\/\" title=\"Beitr\u00e4ge von Isabel\" rel=\"author\">Isabel<\/a><\/span><\/span><span class=\"updated\" style=\"display:none;\">2023-04-06T09:14:56+02:00<\/span><\/p><\/div><\/article><article class=\"post fusion-column column col col-lg-12 col-md-12 col-sm-12\"><div class=\"fusion-flexslider fusion-flexslider-loading flexslider floated-slideshow flexslider-hover-type-none\"><ul class=\"slides\"><li><a href=\"https:\/\/www.mein-pflegejob.de\/blog\/pflegestreik-in-nrw-was-die-pflege-fordert\/\" aria-label=\"Pflegestreik in NRW \u2013 Was die Pflege fordert\" class=\"hover-type-none\"><img decoding=\"async\" width=\"1440\" height=\"810\" src=\"https:\/\/www.mein-pflegejob.de\/blog\/media\/klinikstreik-in-nrw-1.jpg\" data-orig-src=\"https:\/\/www.mein-pflegejob.de\/blog\/media\/klinikstreik-in-nrw-1.jpg\" class=\"lazyload attachment-portfolio-five size-portfolio-five\" alt=\"Klinikstreik in NRW | Quelle: stern.de\" srcset=\"data:image\/svg+xml,%3Csvg%20xmlns%3D%27http%3A%2F%2Fwww.w3.org%2F2000%2Fsvg%27%20width%3D%271440%27%20height%3D%27810%27%20viewBox%3D%270%200%201440%20810%27%3E%3Crect%20width%3D%271440%27%20height%3D%27810%27%20fill-opacity%3D%220%22%2F%3E%3C%2Fsvg%3E\" data-srcset=\"https:\/\/www.mein-pflegejob.de\/blog\/media\/klinikstreik-in-nrw-1-200x113.jpg 200w, https:\/\/www.mein-pflegejob.de\/blog\/media\/klinikstreik-in-nrw-1-300x169.jpg 300w, https:\/\/www.mein-pflegejob.de\/blog\/media\/klinikstreik-in-nrw-1-400x225.jpg 400w, https:\/\/www.mein-pflegejob.de\/blog\/media\/klinikstreik-in-nrw-1-600x338.jpg 600w, https:\/\/www.mein-pflegejob.de\/blog\/media\/klinikstreik-in-nrw-1-768x432.jpg 768w, https:\/\/www.mein-pflegejob.de\/blog\/media\/klinikstreik-in-nrw-1-800x450.jpg 800w, https:\/\/www.mein-pflegejob.de\/blog\/media\/klinikstreik-in-nrw-1-1024x576.jpg 1024w, https:\/\/www.mein-pflegejob.de\/blog\/media\/klinikstreik-in-nrw-1-1200x675.jpg 1200w, https:\/\/www.mein-pflegejob.de\/blog\/media\/klinikstreik-in-nrw-1.jpg 1440w\" data-sizes=\"auto\" data-orig-sizes=\"(max-width: 1440px) 100vw, 1440px\" \/><\/a><\/li><\/ul><\/div><div class=\"recent-posts-content\"><span class=\"vcard\" style=\"display: none;\"><span class=\"fn\"><a href=\"https:\/\/www.mein-pflegejob.de\/blog\/author\/sonja\/\" title=\"Beitr\u00e4ge von Sonja\" rel=\"author\">Sonja<\/a><\/span><\/span><span class=\"updated\" style=\"display:none;\">2022-07-20T11:49:45+02:00<\/span><h4 class=\"entry-title\"><a href=\"https:\/\/www.mein-pflegejob.de\/blog\/pflegestreik-in-nrw-was-die-pflege-fordert\/\">Pflegestreik in NRW \u2013 Was die Pflege fordert<\/a><\/h4><p class=\"meta\"><span class=\"vcard\" style=\"display: none;\"><span class=\"fn\"><a href=\"https:\/\/www.mein-pflegejob.de\/blog\/author\/sonja\/\" title=\"Beitr\u00e4ge von Sonja\" rel=\"author\">Sonja<\/a><\/span><\/span><span class=\"updated\" style=\"display:none;\">2022-07-20T11:49:45+02:00<\/span><\/p><\/div><\/article><article class=\"post fusion-column column col col-lg-12 col-md-12 col-sm-12\"><div class=\"fusion-flexslider fusion-flexslider-loading flexslider floated-slideshow flexslider-hover-type-none\"><ul class=\"slides\"><li><a href=\"https:\/\/www.mein-pflegejob.de\/blog\/neue-studie-ich-pflege-wieder-wenn\/\" aria-label=\"Neue Studie: 300.000 Pflegefachkr\u00e4fte bereit zur Berufsr\u00fcckkehr und Arbeitszeitaufstockung\" class=\"hover-type-none\"><img decoding=\"async\" width=\"1200\" height=\"408\" src=\"https:\/\/www.mein-pflegejob.de\/blog\/media\/csm_AKB199_LO_Pflegekraefte_3erReihe_2_iStock_header_3c8be9f31b.jpg\" data-orig-src=\"https:\/\/www.mein-pflegejob.de\/blog\/media\/csm_AKB199_LO_Pflegekraefte_3erReihe_2_iStock_header_3c8be9f31b.jpg\" class=\"lazyload attachment-portfolio-five size-portfolio-five\" alt=\"Bundesweite Studie \u201eIch pflege wieder, wenn...&quot; | Quelle: Arbeitnehmerkammer Bremen\" srcset=\"data:image\/svg+xml,%3Csvg%20xmlns%3D%27http%3A%2F%2Fwww.w3.org%2F2000%2Fsvg%27%20width%3D%271200%27%20height%3D%27408%27%20viewBox%3D%270%200%201200%20408%27%3E%3Crect%20width%3D%271200%27%20height%3D%27408%27%20fill-opacity%3D%220%22%2F%3E%3C%2Fsvg%3E\" data-srcset=\"https:\/\/www.mein-pflegejob.de\/blog\/media\/csm_AKB199_LO_Pflegekraefte_3erReihe_2_iStock_header_3c8be9f31b-200x68.jpg 200w, https:\/\/www.mein-pflegejob.de\/blog\/media\/csm_AKB199_LO_Pflegekraefte_3erReihe_2_iStock_header_3c8be9f31b-300x102.jpg 300w, https:\/\/www.mein-pflegejob.de\/blog\/media\/csm_AKB199_LO_Pflegekraefte_3erReihe_2_iStock_header_3c8be9f31b-400x136.jpg 400w, https:\/\/www.mein-pflegejob.de\/blog\/media\/csm_AKB199_LO_Pflegekraefte_3erReihe_2_iStock_header_3c8be9f31b-600x204.jpg 600w, https:\/\/www.mein-pflegejob.de\/blog\/media\/csm_AKB199_LO_Pflegekraefte_3erReihe_2_iStock_header_3c8be9f31b-768x261.jpg 768w, https:\/\/www.mein-pflegejob.de\/blog\/media\/csm_AKB199_LO_Pflegekraefte_3erReihe_2_iStock_header_3c8be9f31b-800x272.jpg 800w, https:\/\/www.mein-pflegejob.de\/blog\/media\/csm_AKB199_LO_Pflegekraefte_3erReihe_2_iStock_header_3c8be9f31b-1024x348.jpg 1024w, https:\/\/www.mein-pflegejob.de\/blog\/media\/csm_AKB199_LO_Pflegekraefte_3erReihe_2_iStock_header_3c8be9f31b.jpg 1200w\" data-sizes=\"auto\" data-orig-sizes=\"(max-width: 1200px) 100vw, 1200px\" \/><\/a><\/li><\/ul><\/div><div class=\"recent-posts-content\"><span class=\"vcard\" style=\"display: none;\"><span class=\"fn\"><a href=\"https:\/\/www.mein-pflegejob.de\/blog\/author\/sonja\/\" title=\"Beitr\u00e4ge von Sonja\" rel=\"author\">Sonja<\/a><\/span><\/span><span class=\"updated\" style=\"display:none;\">2022-07-08T09:25:09+02:00<\/span><h4 class=\"entry-title\"><a href=\"https:\/\/www.mein-pflegejob.de\/blog\/neue-studie-ich-pflege-wieder-wenn\/\">Neue Studie: 300.000 Pflegefachkr\u00e4fte bereit zur Berufsr\u00fcckkehr und Arbeitszeitaufstockung<\/a><\/h4><p class=\"meta\"><span class=\"vcard\" style=\"display: none;\"><span class=\"fn\"><a href=\"https:\/\/www.mein-pflegejob.de\/blog\/author\/sonja\/\" title=\"Beitr\u00e4ge von Sonja\" rel=\"author\">Sonja<\/a><\/span><\/span><span class=\"updated\" style=\"display:none;\">2022-07-08T09:25:09+02:00<\/span><\/p><\/div><\/article><article class=\"post fusion-column column col col-lg-12 col-md-12 col-sm-12\"><div class=\"fusion-flexslider fusion-flexslider-loading flexslider floated-slideshow flexslider-hover-type-none\"><ul class=\"slides\"><li><a href=\"https:\/\/www.mein-pflegejob.de\/blog\/pflegestreik-in-berlin\/\" aria-label=\"Pflegestreik in Berlin\" class=\"hover-type-none\"><img decoding=\"async\" width=\"640\" height=\"427\" src=\"https:\/\/www.mein-pflegejob.de\/blog\/media\/pflegestreik-berlin.jpg\" data-orig-src=\"https:\/\/www.mein-pflegejob.de\/blog\/media\/pflegestreik-berlin.jpg\" class=\"lazyload attachment-portfolio-five size-portfolio-five\" alt=\"pflegestreik-berlin\" srcset=\"data:image\/svg+xml,%3Csvg%20xmlns%3D%27http%3A%2F%2Fwww.w3.org%2F2000%2Fsvg%27%20width%3D%27640%27%20height%3D%27427%27%20viewBox%3D%270%200%20640%20427%27%3E%3Crect%20width%3D%27640%27%20height%3D%27427%27%20fill-opacity%3D%220%22%2F%3E%3C%2Fsvg%3E\" data-srcset=\"https:\/\/www.mein-pflegejob.de\/blog\/media\/pflegestreik-berlin-200x133.jpg 200w, https:\/\/www.mein-pflegejob.de\/blog\/media\/pflegestreik-berlin-300x200.jpg 300w, https:\/\/www.mein-pflegejob.de\/blog\/media\/pflegestreik-berlin-400x267.jpg 400w, https:\/\/www.mein-pflegejob.de\/blog\/media\/pflegestreik-berlin-600x400.jpg 600w, https:\/\/www.mein-pflegejob.de\/blog\/media\/pflegestreik-berlin.jpg 640w\" data-sizes=\"auto\" data-orig-sizes=\"(max-width: 640px) 100vw, 640px\" \/><\/a><\/li><\/ul><\/div><div class=\"recent-posts-content\"><span class=\"vcard\" style=\"display: none;\"><span class=\"fn\"><a href=\"https:\/\/www.mein-pflegejob.de\/blog\/author\/edwin\/\" title=\"Beitr\u00e4ge von Edwin\" rel=\"author\">Edwin<\/a><\/span><\/span><span class=\"updated\" style=\"display:none;\">2021-09-14T10:25:33+02:00<\/span><h4 class=\"entry-title\"><a href=\"https:\/\/www.mein-pflegejob.de\/blog\/pflegestreik-in-berlin\/\">Pflegestreik in Berlin<\/a><\/h4><p class=\"meta\"><span class=\"vcard\" style=\"display: none;\"><span class=\"fn\"><a href=\"https:\/\/www.mein-pflegejob.de\/blog\/author\/edwin\/\" title=\"Beitr\u00e4ge von Edwin\" rel=\"author\">Edwin<\/a><\/span><\/span><span class=\"updated\" style=\"display:none;\">2021-09-14T10:25:33+02:00<\/span><\/p><\/div><\/article><article class=\"post fusion-column column col col-lg-12 col-md-12 col-sm-12\"><div class=\"fusion-flexslider fusion-flexslider-loading flexslider floated-slideshow flexslider-hover-type-none\"><ul class=\"slides\"><li><a href=\"https:\/\/www.mein-pflegejob.de\/blog\/pflege-azubis-unzufriedenheit-bei-der-ausbildung\/\" aria-label=\"Pflege-Azubis: Unzufriedenheit bei der Ausbildung\" class=\"hover-type-none\"><img decoding=\"async\" width=\"1920\" height=\"1280\" src=\"https:\/\/www.mein-pflegejob.de\/blog\/media\/pflege-azubis-unzufriedenheit-scaled.jpg\" data-orig-src=\"https:\/\/www.mein-pflegejob.de\/blog\/media\/pflege-azubis-unzufriedenheit-scaled.jpg\" class=\"lazyload attachment-portfolio-five size-portfolio-five\" alt=\"pflege azubis unzufriedenheit bei der ausbildung\" srcset=\"data:image\/svg+xml,%3Csvg%20xmlns%3D%27http%3A%2F%2Fwww.w3.org%2F2000%2Fsvg%27%20width%3D%271920%27%20height%3D%271280%27%20viewBox%3D%270%200%201920%201280%27%3E%3Crect%20width%3D%271920%27%20height%3D%271280%27%20fill-opacity%3D%220%22%2F%3E%3C%2Fsvg%3E\" data-srcset=\"https:\/\/www.mein-pflegejob.de\/blog\/media\/pflege-azubis-unzufriedenheit-200x133.jpg 200w, https:\/\/www.mein-pflegejob.de\/blog\/media\/pflege-azubis-unzufriedenheit-300x200.jpg 300w, https:\/\/www.mein-pflegejob.de\/blog\/media\/pflege-azubis-unzufriedenheit-400x267.jpg 400w, https:\/\/www.mein-pflegejob.de\/blog\/media\/pflege-azubis-unzufriedenheit-600x400.jpg 600w, https:\/\/www.mein-pflegejob.de\/blog\/media\/pflege-azubis-unzufriedenheit-768x512.jpg 768w, https:\/\/www.mein-pflegejob.de\/blog\/media\/pflege-azubis-unzufriedenheit-800x533.jpg 800w, https:\/\/www.mein-pflegejob.de\/blog\/media\/pflege-azubis-unzufriedenheit-1024x683.jpg 1024w, https:\/\/www.mein-pflegejob.de\/blog\/media\/pflege-azubis-unzufriedenheit-1200x800.jpg 1200w, https:\/\/www.mein-pflegejob.de\/blog\/media\/pflege-azubis-unzufriedenheit-1536x1024.jpg 1536w, https:\/\/www.mein-pflegejob.de\/blog\/media\/pflege-azubis-unzufriedenheit-scaled.jpg 1920w\" data-sizes=\"auto\" data-orig-sizes=\"(max-width: 1920px) 100vw, 1920px\" \/><\/a><\/li><\/ul><\/div><div class=\"recent-posts-content\"><span class=\"vcard\" style=\"display: none;\"><span class=\"fn\"><a href=\"https:\/\/www.mein-pflegejob.de\/blog\/author\/edwin\/\" title=\"Beitr\u00e4ge von Edwin\" rel=\"author\">Edwin<\/a><\/span><\/span><span class=\"updated\" style=\"display:none;\">2021-08-19T08:32:06+02:00<\/span><h4 class=\"entry-title\"><a href=\"https:\/\/www.mein-pflegejob.de\/blog\/pflege-azubis-unzufriedenheit-bei-der-ausbildung\/\">Pflege-Azubis: Unzufriedenheit bei der Ausbildung<\/a><\/h4><p class=\"meta\"><span class=\"vcard\" style=\"display: none;\"><span class=\"fn\"><a href=\"https:\/\/www.mein-pflegejob.de\/blog\/author\/edwin\/\" title=\"Beitr\u00e4ge von Edwin\" rel=\"author\">Edwin<\/a><\/span><\/span><span class=\"updated\" style=\"display:none;\">2021-08-19T08:32:06+02:00<\/span><\/p><\/div><\/article><\/section><\/div><div class=\"fusion-text fusion-text-8\" style=\"--awb-text-transform:none;--awb-margin-left:15px;\"><h3>F\u00fcr Pflegeanbieter<\/h3>\n<\/div><div class=\"fusion-recent-posts fusion-recent-posts-2 avada-container layout-thumbnails-on-side layout-columns-1\" style=\"--awb-margin-right:15px;--awb-margin-left:15px;\"><section class=\"fusion-columns columns fusion-columns-1 columns-1\"><article class=\"post fusion-column column col col-lg-12 col-md-12 col-sm-12\"><div class=\"fusion-flexslider fusion-flexslider-loading flexslider floated-slideshow flexslider-hover-type-none\"><ul class=\"slides\"><li><a href=\"https:\/\/www.mein-pflegejob.de\/blog\/foerderung-von-diversitaet-und-inklusion\/\" aria-label=\"F\u00f6rderung von Diversit\u00e4t und Inklusion in Pflegeeinrichtungen\" class=\"hover-type-none\"><img decoding=\"async\" width=\"1024\" height=\"1024\" src=\"https:\/\/www.mein-pflegejob.de\/blog\/media\/DALL\u00b7E-Foerderung-von-Vielfalt-in-Pflegeeinrichtungen.webp\" data-orig-src=\"https:\/\/www.mein-pflegejob.de\/blog\/media\/DALL\u00b7E-Foerderung-von-Vielfalt-in-Pflegeeinrichtungen.webp\" class=\"lazyload attachment-portfolio-five size-portfolio-five\" alt=\"F\u00f6rderung von Vielfalt in Pflegeeinrichtungen | QUELLE: KI-generiertes Bild mithilfe von DALL\u00b7E\" srcset=\"data:image\/svg+xml,%3Csvg%20xmlns%3D%27http%3A%2F%2Fwww.w3.org%2F2000%2Fsvg%27%20width%3D%271024%27%20height%3D%271024%27%20viewBox%3D%270%200%201024%201024%27%3E%3Crect%20width%3D%271024%27%20height%3D%271024%27%20fill-opacity%3D%220%22%2F%3E%3C%2Fsvg%3E\" data-srcset=\"https:\/\/www.mein-pflegejob.de\/blog\/media\/DALL\u00b7E-Foerderung-von-Vielfalt-in-Pflegeeinrichtungen-66x66.webp 66w, https:\/\/www.mein-pflegejob.de\/blog\/media\/DALL\u00b7E-Foerderung-von-Vielfalt-in-Pflegeeinrichtungen-150x150.webp 150w, https:\/\/www.mein-pflegejob.de\/blog\/media\/DALL\u00b7E-Foerderung-von-Vielfalt-in-Pflegeeinrichtungen-200x200.webp 200w, https:\/\/www.mein-pflegejob.de\/blog\/media\/DALL\u00b7E-Foerderung-von-Vielfalt-in-Pflegeeinrichtungen-300x300.webp 300w, https:\/\/www.mein-pflegejob.de\/blog\/media\/DALL\u00b7E-Foerderung-von-Vielfalt-in-Pflegeeinrichtungen-400x400.webp 400w, https:\/\/www.mein-pflegejob.de\/blog\/media\/DALL\u00b7E-Foerderung-von-Vielfalt-in-Pflegeeinrichtungen-600x600.webp 600w, https:\/\/www.mein-pflegejob.de\/blog\/media\/DALL\u00b7E-Foerderung-von-Vielfalt-in-Pflegeeinrichtungen-768x768.webp 768w, https:\/\/www.mein-pflegejob.de\/blog\/media\/DALL\u00b7E-Foerderung-von-Vielfalt-in-Pflegeeinrichtungen-800x800.webp 800w, https:\/\/www.mein-pflegejob.de\/blog\/media\/DALL\u00b7E-Foerderung-von-Vielfalt-in-Pflegeeinrichtungen.webp 1024w\" data-sizes=\"auto\" data-orig-sizes=\"(max-width: 1024px) 100vw, 1024px\" \/><\/a><\/li><\/ul><\/div><div class=\"recent-posts-content\"><span class=\"vcard\" style=\"display: none;\"><span class=\"fn\"><a href=\"https:\/\/www.mein-pflegejob.de\/blog\/author\/sonja\/\" title=\"Beitr\u00e4ge von Sonja\" rel=\"author\">Sonja<\/a><\/span><\/span><span class=\"updated\" style=\"display:none;\">2026-02-11T11:19:19+01:00<\/span><h4 class=\"entry-title\"><a href=\"https:\/\/www.mein-pflegejob.de\/blog\/foerderung-von-diversitaet-und-inklusion\/\">F\u00f6rderung von Diversit\u00e4t und Inklusion in Pflegeeinrichtungen<\/a><\/h4><p class=\"meta\"><span class=\"vcard\" style=\"display: none;\"><span class=\"fn\"><a href=\"https:\/\/www.mein-pflegejob.de\/blog\/author\/sonja\/\" title=\"Beitr\u00e4ge von Sonja\" rel=\"author\">Sonja<\/a><\/span><\/span><span class=\"updated\" style=\"display:none;\">2026-02-11T11:19:19+01:00<\/span><\/p><\/div><\/article><article class=\"post fusion-column column col col-lg-12 col-md-12 col-sm-12\"><div class=\"fusion-flexslider fusion-flexslider-loading flexslider floated-slideshow flexslider-hover-type-none\"><ul class=\"slides\"><li><a href=\"https:\/\/www.mein-pflegejob.de\/blog\/personalbemessung-in-vollstationaeren-pflegeeinrichtungen-pebem-2023\/\" aria-label=\"Personalbemessung in vollstation\u00e4ren Pflegeeinrichtungen (PeBeM) 2023\" class=\"hover-type-none\"><img decoding=\"async\" width=\"640\" height=\"427\" src=\"https:\/\/www.mein-pflegejob.de\/blog\/media\/Pflegepersonal.jpg\" data-orig-src=\"https:\/\/www.mein-pflegejob.de\/blog\/media\/Pflegepersonal.jpg\" class=\"lazyload attachment-portfolio-five size-portfolio-five\" alt=\"Pflegepersonal - Ein neues Personalbemessungsverfahren kommt | Quelle: cottonbro studio - Pexels\" srcset=\"data:image\/svg+xml,%3Csvg%20xmlns%3D%27http%3A%2F%2Fwww.w3.org%2F2000%2Fsvg%27%20width%3D%27640%27%20height%3D%27427%27%20viewBox%3D%270%200%20640%20427%27%3E%3Crect%20width%3D%27640%27%20height%3D%27427%27%20fill-opacity%3D%220%22%2F%3E%3C%2Fsvg%3E\" data-srcset=\"https:\/\/www.mein-pflegejob.de\/blog\/media\/Pflegepersonal-200x133.jpg 200w, https:\/\/www.mein-pflegejob.de\/blog\/media\/Pflegepersonal-300x200.jpg 300w, https:\/\/www.mein-pflegejob.de\/blog\/media\/Pflegepersonal-400x267.jpg 400w, https:\/\/www.mein-pflegejob.de\/blog\/media\/Pflegepersonal-600x400.jpg 600w, https:\/\/www.mein-pflegejob.de\/blog\/media\/Pflegepersonal.jpg 640w\" data-sizes=\"auto\" data-orig-sizes=\"(max-width: 640px) 100vw, 640px\" \/><\/a><\/li><\/ul><\/div><div class=\"recent-posts-content\"><span class=\"vcard\" style=\"display: none;\"><span class=\"fn\"><a href=\"https:\/\/www.mein-pflegejob.de\/blog\/author\/sonja\/\" title=\"Beitr\u00e4ge von Sonja\" rel=\"author\">Sonja<\/a><\/span><\/span><span class=\"updated\" style=\"display:none;\">2026-02-11T11:28:59+01:00<\/span><h4 class=\"entry-title\"><a href=\"https:\/\/www.mein-pflegejob.de\/blog\/personalbemessung-in-vollstationaeren-pflegeeinrichtungen-pebem-2023\/\">Personalbemessung in vollstation\u00e4ren Pflegeeinrichtungen (PeBeM) 2023<\/a><\/h4><p class=\"meta\"><span class=\"vcard\" style=\"display: none;\"><span class=\"fn\"><a href=\"https:\/\/www.mein-pflegejob.de\/blog\/author\/sonja\/\" title=\"Beitr\u00e4ge von Sonja\" rel=\"author\">Sonja<\/a><\/span><\/span><span class=\"updated\" style=\"display:none;\">2026-02-11T11:28:59+01:00<\/span><\/p><\/div><\/article><article class=\"post fusion-column column col col-lg-12 col-md-12 col-sm-12\"><div class=\"fusion-flexslider fusion-flexslider-loading flexslider floated-slideshow flexslider-hover-type-none\"><ul class=\"slides\"><li><a href=\"https:\/\/www.mein-pflegejob.de\/blog\/vorteile-eines-pflegestellenmarkts-zur-personalgewinnung\/\" aria-label=\"Die Vorteile eines Pflege-Stellenmarkts zur Personalgewinnung &#8211; Am Beispiel von Mein-Pflegejob.de\" class=\"hover-type-none\"><img decoding=\"async\" width=\"1920\" height=\"1280\" src=\"https:\/\/www.mein-pflegejob.de\/blog\/media\/pexels-vojtech-okenka-392018-1-scaled.jpg\" data-orig-src=\"https:\/\/www.mein-pflegejob.de\/blog\/media\/pexels-vojtech-okenka-392018-1-scaled.jpg\" class=\"lazyload attachment-portfolio-five size-portfolio-five\" alt=\"Die Vorteile eines Pflege-Stellenmarkts zur Personalgewinnung | Quelle: Vojtech Okenka - Pexels\" srcset=\"data:image\/svg+xml,%3Csvg%20xmlns%3D%27http%3A%2F%2Fwww.w3.org%2F2000%2Fsvg%27%20width%3D%271920%27%20height%3D%271280%27%20viewBox%3D%270%200%201920%201280%27%3E%3Crect%20width%3D%271920%27%20height%3D%271280%27%20fill-opacity%3D%220%22%2F%3E%3C%2Fsvg%3E\" data-srcset=\"https:\/\/www.mein-pflegejob.de\/blog\/media\/pexels-vojtech-okenka-392018-1-200x133.jpg 200w, https:\/\/www.mein-pflegejob.de\/blog\/media\/pexels-vojtech-okenka-392018-1-300x200.jpg 300w, https:\/\/www.mein-pflegejob.de\/blog\/media\/pexels-vojtech-okenka-392018-1-400x267.jpg 400w, https:\/\/www.mein-pflegejob.de\/blog\/media\/pexels-vojtech-okenka-392018-1-600x400.jpg 600w, https:\/\/www.mein-pflegejob.de\/blog\/media\/pexels-vojtech-okenka-392018-1-768x512.jpg 768w, https:\/\/www.mein-pflegejob.de\/blog\/media\/pexels-vojtech-okenka-392018-1-800x533.jpg 800w, https:\/\/www.mein-pflegejob.de\/blog\/media\/pexels-vojtech-okenka-392018-1-1024x683.jpg 1024w, https:\/\/www.mein-pflegejob.de\/blog\/media\/pexels-vojtech-okenka-392018-1-1200x800.jpg 1200w, https:\/\/www.mein-pflegejob.de\/blog\/media\/pexels-vojtech-okenka-392018-1-1536x1024.jpg 1536w, https:\/\/www.mein-pflegejob.de\/blog\/media\/pexels-vojtech-okenka-392018-1-scaled.jpg 1920w\" data-sizes=\"auto\" data-orig-sizes=\"(max-width: 1920px) 100vw, 1920px\" \/><\/a><\/li><\/ul><\/div><div class=\"recent-posts-content\"><span class=\"vcard\" style=\"display: none;\"><span class=\"fn\"><a href=\"https:\/\/www.mein-pflegejob.de\/blog\/author\/sonja\/\" title=\"Beitr\u00e4ge von Sonja\" rel=\"author\">Sonja<\/a><\/span><\/span><span class=\"updated\" style=\"display:none;\">2026-02-11T11:29:47+01:00<\/span><h4 class=\"entry-title\"><a href=\"https:\/\/www.mein-pflegejob.de\/blog\/vorteile-eines-pflegestellenmarkts-zur-personalgewinnung\/\">Die Vorteile eines Pflege-Stellenmarkts zur Personalgewinnung &#8211; Am Beispiel von Mein-Pflegejob.de<\/a><\/h4><p class=\"meta\"><span class=\"vcard\" style=\"display: none;\"><span class=\"fn\"><a href=\"https:\/\/www.mein-pflegejob.de\/blog\/author\/sonja\/\" title=\"Beitr\u00e4ge von Sonja\" rel=\"author\">Sonja<\/a><\/span><\/span><span class=\"updated\" style=\"display:none;\">2026-02-11T11:29:47+01:00<\/span><\/p><\/div><\/article><article class=\"post fusion-column column col col-lg-12 col-md-12 col-sm-12\"><div class=\"fusion-flexslider fusion-flexslider-loading flexslider floated-slideshow flexslider-hover-type-none\"><ul class=\"slides\"><li><a href=\"https:\/\/www.mein-pflegejob.de\/blog\/pflegegehaelter-in-deutschland-und-benefits-zur-pflegepersonalgewinnung-und-haltung\/\" aria-label=\"Wie viel verdienen Pflegekr\u00e4fte in Deutschland und mit welchen Benefits Sie Pflegepersonal tats\u00e4chlich gewinnen und halten k\u00f6nnen\" class=\"hover-type-none\"><img decoding=\"async\" width=\"1748\" height=\"1240\" src=\"https:\/\/www.mein-pflegejob.de\/blog\/media\/BENEFITS3.jpg\" data-orig-src=\"https:\/\/www.mein-pflegejob.de\/blog\/media\/BENEFITS3.jpg\" class=\"lazyload attachment-portfolio-five size-portfolio-five\" alt=\"Gehaltsreport 2022 Pflege\" srcset=\"data:image\/svg+xml,%3Csvg%20xmlns%3D%27http%3A%2F%2Fwww.w3.org%2F2000%2Fsvg%27%20width%3D%271748%27%20height%3D%271240%27%20viewBox%3D%270%200%201748%201240%27%3E%3Crect%20width%3D%271748%27%20height%3D%271240%27%20fill-opacity%3D%220%22%2F%3E%3C%2Fsvg%3E\" data-srcset=\"https:\/\/www.mein-pflegejob.de\/blog\/media\/BENEFITS3-200x142.jpg 200w, https:\/\/www.mein-pflegejob.de\/blog\/media\/BENEFITS3-300x213.jpg 300w, https:\/\/www.mein-pflegejob.de\/blog\/media\/BENEFITS3-400x284.jpg 400w, https:\/\/www.mein-pflegejob.de\/blog\/media\/BENEFITS3-600x426.jpg 600w, https:\/\/www.mein-pflegejob.de\/blog\/media\/BENEFITS3-768x545.jpg 768w, https:\/\/www.mein-pflegejob.de\/blog\/media\/BENEFITS3-800x568.jpg 800w, https:\/\/www.mein-pflegejob.de\/blog\/media\/BENEFITS3-1024x726.jpg 1024w, https:\/\/www.mein-pflegejob.de\/blog\/media\/BENEFITS3-1200x851.jpg 1200w, https:\/\/www.mein-pflegejob.de\/blog\/media\/BENEFITS3-1536x1090.jpg 1536w, https:\/\/www.mein-pflegejob.de\/blog\/media\/BENEFITS3.jpg 1748w\" data-sizes=\"auto\" data-orig-sizes=\"(max-width: 1748px) 100vw, 1748px\" \/><\/a><\/li><\/ul><\/div><div class=\"recent-posts-content\"><span class=\"vcard\" style=\"display: none;\"><span class=\"fn\"><a href=\"https:\/\/www.mein-pflegejob.de\/blog\/author\/sonja\/\" title=\"Beitr\u00e4ge von Sonja\" rel=\"author\">Sonja<\/a><\/span><\/span><span class=\"updated\" style=\"display:none;\">2022-08-11T12:56:46+02:00<\/span><h4 class=\"entry-title\"><a href=\"https:\/\/www.mein-pflegejob.de\/blog\/pflegegehaelter-in-deutschland-und-benefits-zur-pflegepersonalgewinnung-und-haltung\/\">Wie viel verdienen Pflegekr\u00e4fte in Deutschland und mit welchen Benefits Sie Pflegepersonal tats\u00e4chlich gewinnen und halten k\u00f6nnen<\/a><\/h4><p class=\"meta\"><span class=\"vcard\" style=\"display: none;\"><span class=\"fn\"><a href=\"https:\/\/www.mein-pflegejob.de\/blog\/author\/sonja\/\" title=\"Beitr\u00e4ge von Sonja\" rel=\"author\">Sonja<\/a><\/span><\/span><span class=\"updated\" style=\"display:none;\">2022-08-11T12:56:46+02:00<\/span><\/p><\/div><\/article><article class=\"post fusion-column column col col-lg-12 col-md-12 col-sm-12\"><div class=\"fusion-flexslider fusion-flexslider-loading flexslider floated-slideshow flexslider-hover-type-none\"><ul class=\"slides\"><li><a href=\"https:\/\/www.mein-pflegejob.de\/blog\/warum-allgemeine-jobboersen-fuer-die-pflegefachkraeftegewinnung-nicht-funktionieren\/\" aria-label=\"Warum allgemeine Jobb\u00f6rsen f\u00fcr die Personalgewinnung in der Pflege nicht funktionieren und welche Online-Kan\u00e4le erfolgreich sind\" class=\"hover-type-none\"><img decoding=\"async\" width=\"1024\" height=\"768\" src=\"https:\/\/www.mein-pflegejob.de\/blog\/media\/Cyan-Online-Bestellung-Prozess-Flussdiagramm-1.jpg\" data-orig-src=\"https:\/\/www.mein-pflegejob.de\/blog\/media\/Cyan-Online-Bestellung-Prozess-Flussdiagramm-1.jpg\" class=\"lazyload attachment-portfolio-five size-portfolio-five\" alt=\"Online-Kan\u00e4le | Quelle: Canva\" srcset=\"data:image\/svg+xml,%3Csvg%20xmlns%3D%27http%3A%2F%2Fwww.w3.org%2F2000%2Fsvg%27%20width%3D%271024%27%20height%3D%27768%27%20viewBox%3D%270%200%201024%20768%27%3E%3Crect%20width%3D%271024%27%20height%3D%27768%27%20fill-opacity%3D%220%22%2F%3E%3C%2Fsvg%3E\" data-srcset=\"https:\/\/www.mein-pflegejob.de\/blog\/media\/Cyan-Online-Bestellung-Prozess-Flussdiagramm-1-200x150.jpg 200w, https:\/\/www.mein-pflegejob.de\/blog\/media\/Cyan-Online-Bestellung-Prozess-Flussdiagramm-1-300x225.jpg 300w, https:\/\/www.mein-pflegejob.de\/blog\/media\/Cyan-Online-Bestellung-Prozess-Flussdiagramm-1-400x300.jpg 400w, https:\/\/www.mein-pflegejob.de\/blog\/media\/Cyan-Online-Bestellung-Prozess-Flussdiagramm-1-600x450.jpg 600w, https:\/\/www.mein-pflegejob.de\/blog\/media\/Cyan-Online-Bestellung-Prozess-Flussdiagramm-1-768x576.jpg 768w, https:\/\/www.mein-pflegejob.de\/blog\/media\/Cyan-Online-Bestellung-Prozess-Flussdiagramm-1-800x600.jpg 800w, https:\/\/www.mein-pflegejob.de\/blog\/media\/Cyan-Online-Bestellung-Prozess-Flussdiagramm-1.jpg 1024w\" data-sizes=\"auto\" data-orig-sizes=\"(max-width: 1024px) 100vw, 1024px\" \/><\/a><\/li><\/ul><\/div><div class=\"recent-posts-content\"><span class=\"vcard\" style=\"display: none;\"><span class=\"fn\"><a href=\"https:\/\/www.mein-pflegejob.de\/blog\/author\/sonja\/\" title=\"Beitr\u00e4ge von Sonja\" rel=\"author\">Sonja<\/a><\/span><\/span><span class=\"updated\" style=\"display:none;\">2026-02-11T11:31:05+01:00<\/span><h4 class=\"entry-title\"><a href=\"https:\/\/www.mein-pflegejob.de\/blog\/warum-allgemeine-jobboersen-fuer-die-pflegefachkraeftegewinnung-nicht-funktionieren\/\">Warum allgemeine Jobb\u00f6rsen f\u00fcr die Personalgewinnung in der Pflege nicht funktionieren und welche Online-Kan\u00e4le erfolgreich sind<\/a><\/h4><p class=\"meta\"><span class=\"vcard\" style=\"display: none;\"><span class=\"fn\"><a href=\"https:\/\/www.mein-pflegejob.de\/blog\/author\/sonja\/\" title=\"Beitr\u00e4ge von Sonja\" rel=\"author\">Sonja<\/a><\/span><\/span><span class=\"updated\" style=\"display:none;\">2026-02-11T11:31:05+01:00<\/span><\/p><\/div><\/article><\/section><\/div><\/div><\/div><\/div><\/div><div class=\"fusion-fullwidth fullwidth-box fusion-builder-row-6 fusion-flex-container nonhundred-percent-fullwidth non-hundred-percent-height-scrolling fusion-no-large-visibility\" style=\"--awb-border-radius-top-left:0px;--awb-border-radius-top-right:0px;--awb-border-radius-bottom-right:0px;--awb-border-radius-bottom-left:0px;--awb-padding-top:30px;--awb-padding-bottom-small:0px;--awb-margin-bottom:-40px;--awb-flex-wrap:wrap;\" ><div class=\"fusion-builder-row fusion-row fusion-flex-align-items-flex-start fusion-flex-content-wrap\" style=\"max-width:93.6%;margin-left: calc(-4% \/ 2 );margin-right: calc(-4% \/ 2 );\"><div class=\"fusion-layout-column fusion_builder_column fusion-builder-column-15 fusion_builder_column_1_1 1_1 fusion-flex-column fusion-animated\" style=\"--awb-bg-blend:overlay;--awb-bg-size:cover;--awb-width-large:100%;--awb-margin-top-large:20px;--awb-spacing-right-large:1.92%;--awb-margin-bottom-large:0px;--awb-spacing-left-large:1.92%;--awb-width-medium:100%;--awb-spacing-right-medium:1.92%;--awb-spacing-left-medium:1.92%;--awb-width-small:100%;--awb-spacing-right-small:1.92%;--awb-spacing-left-small:1.92%;\" data-animationType=\"fadeInDown\" data-animationDuration=\"0.8\" data-animationOffset=\"top-into-view\"><div class=\"fusion-column-wrapper fusion-column-has-shadow fusion-flex-justify-content-flex-start fusion-content-layout-column\"><div class=\"fusion-title title fusion-title-4 fusion-sep-none fusion-title-text fusion-title-size-three\" style=\"--awb-margin-top:0px;\"><h3 class=\"fusion-title-heading title-heading-left fusion-responsive-typography-calculated\" style=\"margin:0;--fontSize:32;line-height:1.28;\">Neuste Blogartikel<\/h3><\/div><div class=\"fusion-text fusion-text-9\"><p>Aktuelle News aus der Pflegebranche &#8211; schnapp dir einen Kaffee \u2615 und los geht&#8217;s :)<\/p>\n<\/div><div ><a class=\"fusion-button button-flat fusion-button-default-size button-default fusion-button-default button-5 fusion-button-default-span fusion-button-default-type\" target=\"_self\" href=\"https:\/\/www.mein-pflegejob.de\/blog\/news\/\"><span class=\"fusion-button-text\">Zu den News<\/span><\/a><\/div><div class=\"fusion-separator fusion-full-width-sep\" style=\"align-self: center;margin-left: auto;margin-right: auto;margin-bottom:60px;width:100%;\"><\/div><div class=\"fusion-recent-posts fusion-recent-posts-3 avada-container layout-default layout-columns-1\"><section class=\"fusion-columns columns fusion-columns-1 columns-1\"><article class=\"post fusion-column column col col-lg-12 col-md-12 col-sm-12\"><div class=\"fusion-flexslider fusion-flexslider-loading flexslider flexslider-hover-type-zoomout\"><ul class=\"slides\"><li><a href=\"https:\/\/www.mein-pflegejob.de\/blog\/gute-nachrichten-fuer-die-altenpflege-der-neue-mindestlohn-ist-da\/\" aria-label=\"Gute Nachrichten f\u00fcr die Altenpflege: Der neue Mindestlohn ist da!\" class=\"hover-type-zoomout\"><img decoding=\"async\" width=\"700\" height=\"441\" src=\"https:\/\/www.mein-pflegejob.de\/blog\/media\/money-6163908_1280-700x441.png\" class=\"attachment-recent-posts size-recent-posts lazyload\" alt=\"Altenpflege neuer Mindestlohn Juli 2025\" srcset=\"data:image\/svg+xml,%3Csvg%20xmlns%3D%27http%3A%2F%2Fwww.w3.org%2F2000%2Fsvg%27%20width%3D%271280%27%20height%3D%27867%27%20viewBox%3D%270%200%201280%20867%27%3E%3Crect%20width%3D%271280%27%20height%3D%27867%27%20fill-opacity%3D%220%22%2F%3E%3C%2Fsvg%3E\" data-orig-src=\"https:\/\/www.mein-pflegejob.de\/blog\/media\/money-6163908_1280-700x441.png\" data-srcset=\"https:\/\/www.mein-pflegejob.de\/blog\/media\/money-6163908_1280-320x202.png 320w, https:\/\/www.mein-pflegejob.de\/blog\/media\/money-6163908_1280-700x441.png 700w\" data-sizes=\"auto\" \/><\/a><\/li><\/ul><\/div><div class=\"recent-posts-content\"><span class=\"vcard\" style=\"display: none;\"><span class=\"fn\"><a href=\"https:\/\/www.mein-pflegejob.de\/blog\/author\/edwin\/\" title=\"Beitr\u00e4ge von Edwin\" rel=\"author\">Edwin<\/a><\/span><\/span><span class=\"updated\" style=\"display:none;\">2025-07-16T15:53:28+02:00<\/span><h4 class=\"entry-title\"><a href=\"https:\/\/www.mein-pflegejob.de\/blog\/gute-nachrichten-fuer-die-altenpflege-der-neue-mindestlohn-ist-da\/\">Gute Nachrichten f\u00fcr die Altenpflege: Der neue Mindestlohn ist da!<\/a><\/h4><p class=\"meta\"><span class=\"vcard\" style=\"display: none;\"><span class=\"fn\"><a href=\"https:\/\/www.mein-pflegejob.de\/blog\/author\/edwin\/\" title=\"Beitr\u00e4ge von Edwin\" rel=\"author\">Edwin<\/a><\/span><\/span><span class=\"updated\" style=\"display:none;\">2025-07-16T15:53:28+02:00<\/span><span>16\/07\/25<\/span><span class=\"fusion-inline-sep\">|<\/span><\/p><\/div><\/article><article class=\"post fusion-column column col col-lg-12 col-md-12 col-sm-12\"><div class=\"fusion-flexslider fusion-flexslider-loading flexslider flexslider-hover-type-zoomout\"><ul class=\"slides\"><li><a href=\"https:\/\/www.mein-pflegejob.de\/blog\/geplante-landespflegekammer-in-baden-wuerttemberg-gescheitert\/\" aria-label=\"Geplante Landespflegekammer in Baden-W\u00fcrttemberg gescheitert\" class=\"hover-type-zoomout\"><img decoding=\"async\" width=\"700\" height=\"441\" src=\"https:\/\/www.mein-pflegejob.de\/blog\/media\/diskussion-pflegekammer-700x441.jpg\" class=\"attachment-recent-posts size-recent-posts lazyload\" alt=\"diskussion-pflegekammer\" srcset=\"data:image\/svg+xml,%3Csvg%20xmlns%3D%27http%3A%2F%2Fwww.w3.org%2F2000%2Fsvg%27%20width%3D%271920%27%20height%3D%271280%27%20viewBox%3D%270%200%201920%201280%27%3E%3Crect%20width%3D%271920%27%20height%3D%271280%27%20fill-opacity%3D%220%22%2F%3E%3C%2Fsvg%3E\" data-orig-src=\"https:\/\/www.mein-pflegejob.de\/blog\/media\/diskussion-pflegekammer-700x441.jpg\" data-srcset=\"https:\/\/www.mein-pflegejob.de\/blog\/media\/diskussion-pflegekammer-320x202.jpg 320w, https:\/\/www.mein-pflegejob.de\/blog\/media\/diskussion-pflegekammer-700x441.jpg 700w\" data-sizes=\"auto\" \/><\/a><\/li><\/ul><\/div><div class=\"recent-posts-content\"><span class=\"vcard\" style=\"display: none;\"><span class=\"fn\"><a href=\"https:\/\/www.mein-pflegejob.de\/blog\/author\/isabel\/\" title=\"Beitr\u00e4ge von Isabel\" rel=\"author\">Isabel<\/a><\/span><\/span><span class=\"updated\" style=\"display:none;\">2024-06-14T13:07:04+02:00<\/span><h4 class=\"entry-title\"><a href=\"https:\/\/www.mein-pflegejob.de\/blog\/geplante-landespflegekammer-in-baden-wuerttemberg-gescheitert\/\">Geplante Landespflegekammer in Baden-W\u00fcrttemberg gescheitert<\/a><\/h4><p class=\"meta\"><span class=\"vcard\" style=\"display: none;\"><span class=\"fn\"><a href=\"https:\/\/www.mein-pflegejob.de\/blog\/author\/isabel\/\" title=\"Beitr\u00e4ge von Isabel\" rel=\"author\">Isabel<\/a><\/span><\/span><span class=\"updated\" style=\"display:none;\">2024-06-14T13:07:04+02:00<\/span><span>14\/06\/24<\/span><span class=\"fusion-inline-sep\">|<\/span><\/p><\/div><\/article><article class=\"post fusion-column column col col-lg-12 col-md-12 col-sm-12\"><div class=\"fusion-flexslider fusion-flexslider-loading flexslider flexslider-hover-type-zoomout\"><ul class=\"slides\"><li><a href=\"https:\/\/www.mein-pflegejob.de\/blog\/nachhaltigkeit-in-der-pflege-tipps-fuer-pflegefachkraefte\/\" aria-label=\"Nachhaltigkeit in der Pflege: Tipps f\u00fcr Pflegefachkr\u00e4fte\" class=\"hover-type-zoomout\"><img decoding=\"async\" width=\"700\" height=\"441\" src=\"https:\/\/www.mein-pflegejob.de\/blog\/media\/pexels-alena-koval-886521-700x441.jpg\" class=\"attachment-recent-posts size-recent-posts lazyload\" alt=\"Nachhaltigkeit in der Pflege: Tipps f\u00fcr Pflegefachkr\u00e4fte | Quelle: pexels\" srcset=\"data:image\/svg+xml,%3Csvg%20xmlns%3D%27http%3A%2F%2Fwww.w3.org%2F2000%2Fsvg%27%20width%3D%271920%27%20height%3D%271234%27%20viewBox%3D%270%200%201920%201234%27%3E%3Crect%20width%3D%271920%27%20height%3D%271234%27%20fill-opacity%3D%220%22%2F%3E%3C%2Fsvg%3E\" data-orig-src=\"https:\/\/www.mein-pflegejob.de\/blog\/media\/pexels-alena-koval-886521-700x441.jpg\" data-srcset=\"https:\/\/www.mein-pflegejob.de\/blog\/media\/pexels-alena-koval-886521-320x202.jpg 320w, https:\/\/www.mein-pflegejob.de\/blog\/media\/pexels-alena-koval-886521-700x441.jpg 700w\" data-sizes=\"auto\" \/><\/a><\/li><\/ul><\/div><div class=\"recent-posts-content\"><span class=\"vcard\" style=\"display: none;\"><span class=\"fn\"><a href=\"https:\/\/www.mein-pflegejob.de\/blog\/author\/sabrina\/\" title=\"Beitr\u00e4ge von Sabrina\" rel=\"author\">Sabrina<\/a><\/span><\/span><span class=\"updated\" style=\"display:none;\">2024-04-09T08:45:00+02:00<\/span><h4 class=\"entry-title\"><a href=\"https:\/\/www.mein-pflegejob.de\/blog\/nachhaltigkeit-in-der-pflege-tipps-fuer-pflegefachkraefte\/\">Nachhaltigkeit in der Pflege: Tipps f\u00fcr Pflegefachkr\u00e4fte<\/a><\/h4><p class=\"meta\"><span class=\"vcard\" style=\"display: none;\"><span class=\"fn\"><a href=\"https:\/\/www.mein-pflegejob.de\/blog\/author\/sabrina\/\" title=\"Beitr\u00e4ge von Sabrina\" rel=\"author\">Sabrina<\/a><\/span><\/span><span class=\"updated\" style=\"display:none;\">2024-04-09T08:45:00+02:00<\/span><span>18\/04\/24<\/span><span class=\"fusion-inline-sep\">|<\/span><\/p><\/div><\/article><\/section><\/div><\/div><\/div><\/div><\/div><div class=\"fusion-fullwidth fullwidth-box fusion-builder-row-7 fusion-flex-container nonhundred-percent-fullwidth hundred-percent-height hundred-percent-height-center-content non-hundred-percent-height-scrolling\" style=\"--awb-border-radius-top-left:0px;--awb-border-radius-top-right:0px;--awb-border-radius-bottom-right:0px;--awb-border-radius-bottom-left:0px;--awb-padding-top:0%;--awb-padding-right:0%;--awb-padding-bottom:0%;--awb-padding-left:0%;--awb-padding-top-small:15px;--awb-padding-bottom-small:15px;--awb-margin-top-small:0px;--awb-margin-bottom-small:0px;--awb-background-color:#e3e3e3;--awb-flex-wrap:wrap;\" ><div class=\"fusion-builder-row fusion-row fusion-flex-align-items-stretch fusion-flex-align-content-center fusion-flex-justify-content-center fusion-flex-content-wrap\" style=\"max-width:calc( 90% + 0px );margin-left: calc(-0px \/ 2 );margin-right: calc(-0px \/ 2 );\"><div class=\"fusion-layout-column fusion_builder_column fusion-builder-column-16 fusion_builder_column_1_2 1_2 fusion-flex-column fusion-animated\" style=\"--awb-bg-position:center center;--awb-bg-size:cover;--awb-width-large:50%;--awb-margin-top-large:0px;--awb-spacing-right-large:0px;--awb-margin-bottom-large:0px;--awb-spacing-left-large:0px;--awb-width-medium:100%;--awb-order-medium:0;--awb-spacing-right-medium:0px;--awb-spacing-left-medium:0px;--awb-width-small:100%;--awb-order-small:0;--awb-spacing-right-small:0px;--awb-spacing-left-small:0px;\" data-animationType=\"fadeInLeft\" data-animationDuration=\"0.8\" data-animationOffset=\"top-into-view\"><div class=\"fusion-column-wrapper fusion-column-has-shadow fusion-flex-justify-content-flex-start fusion-content-layout-column\"><div class=\"fusion-image-element fusion-no-small-visibility\" style=\"text-align:center;--awb-caption-title-font-family:var(--h2_typography-font-family);--awb-caption-title-font-weight:var(--h2_typography-font-weight);--awb-caption-title-font-style:var(--h2_typography-font-style);--awb-caption-title-size:var(--h2_typography-font-size);--awb-caption-title-transform:var(--h2_typography-text-transform);--awb-caption-title-line-height:var(--h2_typography-line-height);--awb-caption-title-letter-spacing:var(--h2_typography-letter-spacing);\"><span class=\" fusion-imageframe imageframe-none imageframe-2 hover-type-none\"><img decoding=\"async\" width=\"1400\" height=\"934\" title=\"Pflegegehalt\" src=\"https:\/\/www.mein-pflegejob.de\/blog\/media\/Pflegegehalt.jpg\" data-orig-src=\"https:\/\/www.mein-pflegejob.de\/blog\/media\/Pflegegehalt.jpg\" alt class=\"lazyload img-responsive wp-image-4312\" srcset=\"data:image\/svg+xml,%3Csvg%20xmlns%3D%27http%3A%2F%2Fwww.w3.org%2F2000%2Fsvg%27%20width%3D%271400%27%20height%3D%27934%27%20viewBox%3D%270%200%201400%20934%27%3E%3Crect%20width%3D%271400%27%20height%3D%27934%27%20fill-opacity%3D%220%22%2F%3E%3C%2Fsvg%3E\" data-srcset=\"https:\/\/www.mein-pflegejob.de\/blog\/media\/Pflegegehalt-200x133.jpg 200w, https:\/\/www.mein-pflegejob.de\/blog\/media\/Pflegegehalt-400x267.jpg 400w, https:\/\/www.mein-pflegejob.de\/blog\/media\/Pflegegehalt-600x400.jpg 600w, https:\/\/www.mein-pflegejob.de\/blog\/media\/Pflegegehalt-800x534.jpg 800w, https:\/\/www.mein-pflegejob.de\/blog\/media\/Pflegegehalt-1200x801.jpg 1200w, https:\/\/www.mein-pflegejob.de\/blog\/media\/Pflegegehalt.jpg 1400w\" data-sizes=\"auto\" data-orig-sizes=\"(max-width: 1024px) 100vw, (max-width: 640px) 100vw, 1200px\" \/><\/span><\/div><\/div><\/div><div class=\"fusion-layout-column fusion_builder_column fusion-builder-column-17 fusion_builder_column_1_2 1_2 fusion-flex-column fusion-animated\" style=\"--awb-padding-top:11%;--awb-padding-right:11%;--awb-padding-bottom:11%;--awb-padding-left:11%;--awb-bg-color:#ffffff;--awb-bg-color-hover:#ffffff;--awb-bg-size:cover;--awb-width-large:50%;--awb-margin-top-large:0px;--awb-spacing-right-large:0px;--awb-margin-bottom-large:0%;--awb-spacing-left-large:0px;--awb-width-medium:100%;--awb-spacing-right-medium:0px;--awb-spacing-left-medium:0px;--awb-width-small:100%;--awb-spacing-right-small:0px;--awb-spacing-left-small:0px;\" data-animationType=\"fadeInRight\" data-animationDuration=\"0.8\" data-animationOffset=\"top-into-view\"><div class=\"fusion-column-wrapper fusion-column-has-shadow fusion-flex-justify-content-center fusion-content-layout-column\"><div class=\"fusion-title title fusion-title-5 fusion-sep-none fusion-title-center fusion-title-text fusion-title-size-two\" style=\"--awb-margin-bottom:24px;--awb-font-size:42px;\"><h2 class=\"fusion-title-heading title-heading-center fusion-responsive-typography-calculated\" style=\"margin:0;font-size:1em;--fontSize:42;line-height:1.28;\">Geh\u00e4lter in der Pflege<\/h2><\/div><div class=\"fusion-text fusion-text-10\"><p style=\"text-align: center;\">Was verdient eine Pflegekraft?<\/p>\n<\/div><div class=\"fusion-separator fusion-full-width-sep\" style=\"align-self: center;margin-left: auto;margin-right: auto;margin-bottom:10px;width:100%;\"><\/div><div style=\"text-align:center;\"><a class=\"fusion-button button-flat fusion-button-default-size button-default fusion-button-default button-6 fusion-button-default-span fusion-button-default-type\" target=\"_self\" href=\"https:\/\/www.mein-pflegejob.de\/blog\/pflege-gehalt\/\"><i class=\"fa-money-check-edit-alt fas button-icon-left\" aria-hidden=\"true\"><\/i><span class=\"fusion-button-text\">Zur Auswertung der Gehaltsumfrage<\/span><\/a><\/div><\/div><\/div><\/div><\/div><div class=\"fusion-fullwidth fullwidth-box fusion-builder-row-8 fusion-flex-container has-pattern-background has-mask-background nonhundred-percent-fullwidth non-hundred-percent-height-scrolling\" style=\"--awb-border-radius-top-left:0px;--awb-border-radius-top-right:0px;--awb-border-radius-bottom-right:0px;--awb-border-radius-bottom-left:0px;--awb-flex-wrap:wrap;\" ><div class=\"fusion-builder-row fusion-row fusion-flex-align-items-flex-start fusion-flex-justify-content-center fusion-flex-content-wrap\" style=\"max-width:93.6%;margin-left: calc(-4% \/ 2 );margin-right: calc(-4% \/ 2 );\"><\/div><\/div><div class=\"fusion-fullwidth fullwidth-box fusion-builder-row-9 fusion-flex-container has-pattern-background has-mask-background nonhundred-percent-fullwidth non-hundred-percent-height-scrolling\" style=\"--awb-border-radius-top-left:0px;--awb-border-radius-top-right:0px;--awb-border-radius-bottom-right:0px;--awb-border-radius-bottom-left:0px;--awb-padding-top:0px;--awb-flex-wrap:wrap;\" ><div class=\"fusion-builder-row fusion-row fusion-flex-align-items-flex-start fusion-flex-justify-content-center fusion-flex-content-wrap\" style=\"max-width:93.6%;margin-left: calc(-4% \/ 2 );margin-right: calc(-4% \/ 2 );\"><div class=\"fusion-layout-column fusion_builder_column fusion-builder-column-18 fusion_builder_column_2_3 2_3 fusion-flex-column fusion-flex-align-self-stretch\" style=\"--awb-bg-size:cover;--awb-width-large:66.666666666667%;--awb-margin-top-large:20px;--awb-spacing-right-large:2.88%;--awb-margin-bottom-large:20px;--awb-spacing-left-large:2.88%;--awb-width-medium:100%;--awb-order-medium:0;--awb-spacing-right-medium:1.92%;--awb-spacing-left-medium:1.92%;--awb-width-small:100%;--awb-order-small:0;--awb-spacing-right-small:1.92%;--awb-spacing-left-small:1.92%;\"><div class=\"fusion-column-wrapper fusion-column-has-shadow fusion-flex-justify-content-center fusion-content-layout-row fusion-flex-align-items-center\"><div class=\"fusion-builder-row fusion-builder-row-inner fusion-row fusion-flex-align-items-flex-start fusion-flex-justify-content-center fusion-flex-content-wrap\" style=\"width:104% !important;max-width:104% !important;margin-left: calc(-4% \/ 2 );margin-right: calc(-4% \/ 2 );\"><div class=\"fusion-layout-column fusion_builder_column_inner fusion-builder-nested-column-0 fusion_builder_column_inner_1_2 1_2 fusion-flex-column\" style=\"--awb-bg-size:cover;--awb-width-large:50%;--awb-margin-top-large:20px;--awb-spacing-right-large:3.84%;--awb-margin-bottom-large:20px;--awb-spacing-left-large:3.84%;--awb-width-medium:100%;--awb-order-medium:0;--awb-spacing-right-medium:1.92%;--awb-spacing-left-medium:1.92%;--awb-width-small:100%;--awb-order-small:0;--awb-spacing-right-small:1.92%;--awb-spacing-left-small:1.92%;\"><div class=\"fusion-column-wrapper fusion-column-has-shadow fusion-flex-justify-content-flex-start fusion-content-layout-column\"><div class=\"fusion-image-element \" style=\"text-align:center;--awb-caption-title-font-family:var(--h2_typography-font-family);--awb-caption-title-font-weight:var(--h2_typography-font-weight);--awb-caption-title-font-style:var(--h2_typography-font-style);--awb-caption-title-size:var(--h2_typography-font-size);--awb-caption-title-transform:var(--h2_typography-text-transform);--awb-caption-title-line-height:var(--h2_typography-line-height);--awb-caption-title-letter-spacing:var(--h2_typography-letter-spacing);\"><span class=\" fusion-imageframe imageframe-none imageframe-3 hover-type-none\"><img decoding=\"async\" width=\"400\" height=\"569\" alt=\"Pflegeexperte Florian Seybecke\" title=\"Pflegeexperte Florian Seybecke\" src=\"https:\/\/www.mein-pflegejob.de\/blog\/media\/Florian-Seybecke.jpg\" data-orig-src=\"https:\/\/www.mein-pflegejob.de\/blog\/media\/Florian-Seybecke-400x569.jpg\" class=\"lazyload img-responsive wp-image-7154\" srcset=\"data:image\/svg+xml,%3Csvg%20xmlns%3D%27http%3A%2F%2Fwww.w3.org%2F2000%2Fsvg%27%20width%3D%27614%27%20height%3D%27874%27%20viewBox%3D%270%200%20614%20874%27%3E%3Crect%20width%3D%27614%27%20height%3D%27874%27%20fill-opacity%3D%220%22%2F%3E%3C%2Fsvg%3E\" data-srcset=\"https:\/\/www.mein-pflegejob.de\/blog\/media\/Florian-Seybecke-200x285.jpg 200w, https:\/\/www.mein-pflegejob.de\/blog\/media\/Florian-Seybecke-400x569.jpg 400w, https:\/\/www.mein-pflegejob.de\/blog\/media\/Florian-Seybecke-600x854.jpg 600w, https:\/\/www.mein-pflegejob.de\/blog\/media\/Florian-Seybecke.jpg 614w\" data-sizes=\"auto\" data-orig-sizes=\"(max-width: 1024px) 100vw, (max-width: 640px) 100vw, 400px\" \/><\/span><\/div><\/div><\/div><div class=\"fusion-layout-column fusion_builder_column_inner fusion-builder-nested-column-1 fusion_builder_column_inner_1_2 1_2 fusion-flex-column\" style=\"--awb-bg-size:cover;--awb-width-large:50%;--awb-margin-top-large:20px;--awb-spacing-right-large:3.84%;--awb-margin-bottom-large:20px;--awb-spacing-left-large:3.84%;--awb-width-medium:100%;--awb-order-medium:0;--awb-spacing-right-medium:1.92%;--awb-spacing-left-medium:1.92%;--awb-width-small:100%;--awb-order-small:0;--awb-spacing-right-small:1.92%;--awb-spacing-left-small:1.92%;\"><div class=\"fusion-column-wrapper fusion-column-has-shadow fusion-flex-justify-content-flex-start fusion-content-layout-column\"><div class=\"fusion-text fusion-text-11\" style=\"--awb-content-alignment:left;--awb-font-size:16px;--awb-text-font-family:&quot;Futura Book&quot;;--awb-text-font-style:normal;--awb-text-font-weight:400;\"><h4>Pflegeexperte Florian Seybecke<\/h4>\n<p><strong>Schulungsbeauftragter und Dozent<\/strong> f\u00fcr<\/p>\n<ul>\n<li>NAT. Expertenstandards<\/li>\n<li>Notfallschulungen<\/li>\n<li>allgemeine Krankheitslehre in der Pflege<\/li>\n<\/ul>\n<p>Die Pflegeexperten GmbH, Hameln<\/p>\n<p><strong>Fachkoordinator neurologische Langzeitrehabilitation<\/strong><\/p>\n<p>ZBI Gruppe &#8211; Zentrum f\u00fcr Beatmung und Intensivpflege<\/p>\n<p><strong>Pflegedienstleitung und Schulungsbeauftragter <\/strong>in der au\u00dferklinischen Intensivpflege<\/p>\n<p>Intensiv24 GmbH, Wuppertal<\/p>\n<p><strong>Fachkraft in der au\u00dferklinischen Intensivpflege<\/strong><\/p>\n<p>Cura 24 GmbH, Hagen<\/p>\n<p><strong>Ausbildung zum examinierten Altenpfleger<\/strong><\/p>\n<p><strong>Bachelor of Science in Pflege<\/strong><\/p>\n<p>Schwerpunkt Care and Case Management<\/p>\n<ul>\n<li>Evidence Based Nursing<\/li>\n<li>Analyse<\/li>\n<li>Forschung<\/li>\n<li>Management<\/li>\n<\/ul>\n<p><strong>Weiterbildungen:<\/strong><\/p>\n<ul>\n<li>Case Manager (DGCC Zertifizeirt)<\/li>\n<li>verantwortliche Pflegefachkraft<\/li>\n<li>Pflegeexperten f\u00fcr Menschen im Wachkoma und MCS<\/li>\n<li>Fachkraft f\u00fcr au\u00dferklinische Beatmung<\/li>\n<\/ul>\n<\/div><\/div><\/div><\/div><\/div><\/div><\/div><\/div><div class=\"fusion-fullwidth fullwidth-box fusion-builder-row-10 fusion-flex-container nonhundred-percent-fullwidth non-hundred-percent-height-scrolling\" style=\"--awb-border-radius-top-left:0px;--awb-border-radius-top-right:0px;--awb-border-radius-bottom-right:0px;--awb-border-radius-bottom-left:0px;--awb-padding-top:5%;--awb-padding-bottom:5%;--awb-background-color:#6034b2;--awb-flex-wrap:wrap;\" ><div class=\"fusion-builder-row fusion-row fusion-flex-align-items-flex-start fusion-flex-content-wrap\" style=\"max-width:93.6%;margin-left: calc(-4% \/ 2 );margin-right: calc(-4% \/ 2 );\"><div class=\"fusion-layout-column fusion_builder_column fusion-builder-column-19 fusion_builder_column_1_1 1_1 fusion-flex-column fusion-animated\" style=\"--awb-bg-color:#6034b2;--awb-bg-color-hover:#6034b2;--awb-bg-size:cover;--awb-border-color:#181818;--awb-border-top:0;--awb-border-right:0;--awb-border-bottom:0;--awb-border-left:0;--awb-border-style:solid;--awb-width-large:100%;--awb-margin-top-large:20px;--awb-spacing-right-large:1.92%;--awb-margin-bottom-large:20px;--awb-spacing-left-large:1.92%;--awb-width-medium:100%;--awb-spacing-right-medium:1.92%;--awb-spacing-left-medium:1.92%;--awb-width-small:100%;--awb-spacing-right-small:1.92%;--awb-spacing-left-small:1.92%;\" data-animationType=\"fadeInDown\" data-animationDuration=\"0.8\" data-animationOffset=\"top-into-view\"><div class=\"fusion-column-wrapper fusion-column-has-shadow fusion-flex-justify-content-center fusion-content-layout-column\"><div style=\"text-align:center;\"><a class=\"fusion-button button-flat fusion-button-default-size button-default fusion-button-default button-7 fusion-button-default-span fusion-button-default-type\" target=\"_self\" href=\"https:\/\/www.mein-pflegejob.de\/\"><span class=\"fusion-button-text\">Traumjob finden<\/span><\/a><\/div><\/div><\/div><\/div><\/div>\n<\/p>\n","protected":false},"excerpt":{"rendered":"","protected":false},"author":1,"featured_media":0,"parent":0,"menu_order":0,"comment_status":"closed","ping_status":"open","template":"100-width.php","meta":{"footnotes":""},"yoast_head":"<!-- This site is optimized with the Yoast SEO plugin v23.4 - https:\/\/yoast.com\/wordpress\/plugins\/seo\/ -->\n<title>Home - Magazin Mein Pflegejob<\/title>\n<meta name=\"description\" content=\"Mit unserem Magazin halten wir Dich zu News aus der Pflegebranche auf dem Laufenden.\u2709\ufe0f Zudem findest Du Tipps rund ums Bewerben &amp; Arbeiten in der Pflege\" \/>\n<meta name=\"robots\" content=\"index, follow, max-snippet:-1, max-image-preview:large, max-video-preview:-1\" \/>\n<link rel=\"canonical\" href=\"https:\/\/www.mein-pflegejob.de\/blog\/\" \/>\n<meta property=\"og:locale\" content=\"de_DE\" \/>\n<meta property=\"og:type\" content=\"article\" \/>\n<meta property=\"og:title\" content=\"Home - Magazin Mein Pflegejob\" \/>\n<meta property=\"og:description\" content=\"Mit unserem Magazin halten wir Dich zu News aus der Pflegebranche auf dem Laufenden.\u2709\ufe0f Zudem findest Du Tipps rund ums Bewerben &amp; Arbeiten in der Pflege\" \/>\n<meta property=\"og:url\" content=\"https:\/\/www.mein-pflegejob.de\/blog\/\" \/>\n<meta property=\"og:site_name\" content=\"Magazin Mein Pflegejob\" \/>\n<meta property=\"article:publisher\" content=\"https:\/\/www.facebook.com\/meinpflegejob.meintraumjob\/\" \/>\n<meta property=\"article:modified_time\" content=\"2024-09-11T10:35:51+00:00\" \/>\n<meta name=\"twitter:card\" content=\"summary_large_image\" \/>\n<meta name=\"twitter:site\" content=\"@mein_pflegejob\" \/>\n<script type=\"application\/ld+json\" class=\"yoast-schema-graph\">{\"@context\":\"https:\/\/schema.org\",\"@graph\":[{\"@type\":\"WebPage\",\"@id\":\"https:\/\/www.mein-pflegejob.de\/blog\/\",\"url\":\"https:\/\/www.mein-pflegejob.de\/blog\/\",\"name\":\"Home - Magazin Mein Pflegejob\",\"isPartOf\":{\"@id\":\"https:\/\/www.mein-pflegejob.de\/blog\/#website\"},\"datePublished\":\"2019-02-07T14:56:49+00:00\",\"dateModified\":\"2024-09-11T10:35:51+00:00\",\"description\":\"Mit unserem Magazin halten wir Dich zu News aus der Pflegebranche auf dem Laufenden.\u2709\ufe0f Zudem findest Du Tipps rund ums Bewerben & Arbeiten in der Pflege\",\"breadcrumb\":{\"@id\":\"https:\/\/www.mein-pflegejob.de\/blog\/#breadcrumb\"},\"inLanguage\":\"de\",\"potentialAction\":[{\"@type\":\"ReadAction\",\"target\":[\"https:\/\/www.mein-pflegejob.de\/blog\/\"]}]},{\"@type\":\"BreadcrumbList\",\"@id\":\"https:\/\/www.mein-pflegejob.de\/blog\/#breadcrumb\",\"itemListElement\":[{\"@type\":\"ListItem\",\"position\":1,\"name\":\"Home\",\"item\":\"https:\/\/www.mein-pflegejob.de\/blog\/\"},{\"@type\":\"ListItem\",\"position\":2,\"name\":\"Home\"}]},{\"@type\":\"WebSite\",\"@id\":\"https:\/\/www.mein-pflegejob.de\/blog\/#website\",\"url\":\"https:\/\/www.mein-pflegejob.de\/blog\/\",\"name\":\"Magazin Mein Pflegejob\",\"description\":\"Der Stellenmarkt f\u00fcr die Pflegebranche\",\"publisher\":{\"@id\":\"https:\/\/www.mein-pflegejob.de\/blog\/#organization\"},\"potentialAction\":[{\"@type\":\"SearchAction\",\"target\":{\"@type\":\"EntryPoint\",\"urlTemplate\":\"https:\/\/www.mein-pflegejob.de\/blog\/?s={search_term_string}\"},\"query-input\":{\"@type\":\"PropertyValueSpecification\",\"valueRequired\":true,\"valueName\":\"search_term_string\"}}],\"inLanguage\":\"de\"},{\"@type\":\"Organization\",\"@id\":\"https:\/\/www.mein-pflegejob.de\/blog\/#organization\",\"name\":\"mein-pflegejob\",\"url\":\"https:\/\/www.mein-pflegejob.de\/blog\/\",\"logo\":{\"@type\":\"ImageObject\",\"inLanguage\":\"de\",\"@id\":\"https:\/\/www.mein-pflegejob.de\/blog\/#\/schema\/logo\/image\/\",\"url\":\"https:\/\/www.mein-pflegejob.de\/blog\/media\/Logo_klein.png\",\"contentUrl\":\"https:\/\/www.mein-pflegejob.de\/blog\/media\/Logo_klein.png\",\"width\":256,\"height\":80,\"caption\":\"mein-pflegejob\"},\"image\":{\"@id\":\"https:\/\/www.mein-pflegejob.de\/blog\/#\/schema\/logo\/image\/\"},\"sameAs\":[\"https:\/\/www.facebook.com\/meinpflegejob.meintraumjob\/\",\"https:\/\/x.com\/mein_pflegejob\",\"https:\/\/www.instagram.com\/meinpflegejob\/\",\"https:\/\/www.linkedin.com\/company\/mein-pflegejob-de\/\"]}]}<\/script>\n<!-- \/ Yoast SEO plugin. -->","yoast_head_json":{"title":"Home - Magazin Mein Pflegejob","description":"Mit unserem Magazin halten wir Dich zu News aus der Pflegebranche auf dem Laufenden.\u2709\ufe0f Zudem findest Du Tipps rund ums Bewerben & Arbeiten in der Pflege","robots":{"index":"index","follow":"follow","max-snippet":"max-snippet:-1","max-image-preview":"max-image-preview:large","max-video-preview":"max-video-preview:-1"},"canonical":"https:\/\/www.mein-pflegejob.de\/blog\/","og_locale":"de_DE","og_type":"article","og_title":"Home - Magazin Mein Pflegejob","og_description":"Mit unserem Magazin halten wir Dich zu News aus der Pflegebranche auf dem Laufenden.\u2709\ufe0f Zudem findest Du Tipps rund ums Bewerben & Arbeiten in der Pflege","og_url":"https:\/\/www.mein-pflegejob.de\/blog\/","og_site_name":"Magazin Mein Pflegejob","article_publisher":"https:\/\/www.facebook.com\/meinpflegejob.meintraumjob\/","article_modified_time":"2024-09-11T10:35:51+00:00","twitter_card":"summary_large_image","twitter_site":"@mein_pflegejob","schema":{"@context":"https:\/\/schema.org","@graph":[{"@type":"WebPage","@id":"https:\/\/www.mein-pflegejob.de\/blog\/","url":"https:\/\/www.mein-pflegejob.de\/blog\/","name":"Home - Magazin Mein Pflegejob","isPartOf":{"@id":"https:\/\/www.mein-pflegejob.de\/blog\/#website"},"datePublished":"2019-02-07T14:56:49+00:00","dateModified":"2024-09-11T10:35:51+00:00","description":"Mit unserem Magazin halten wir Dich zu News aus der Pflegebranche auf dem Laufenden.\u2709\ufe0f Zudem findest Du Tipps rund ums Bewerben & Arbeiten in der Pflege","breadcrumb":{"@id":"https:\/\/www.mein-pflegejob.de\/blog\/#breadcrumb"},"inLanguage":"de","potentialAction":[{"@type":"ReadAction","target":["https:\/\/www.mein-pflegejob.de\/blog\/"]}]},{"@type":"BreadcrumbList","@id":"https:\/\/www.mein-pflegejob.de\/blog\/#breadcrumb","itemListElement":[{"@type":"ListItem","position":1,"name":"Home","item":"https:\/\/www.mein-pflegejob.de\/blog\/"},{"@type":"ListItem","position":2,"name":"Home"}]},{"@type":"WebSite","@id":"https:\/\/www.mein-pflegejob.de\/blog\/#website","url":"https:\/\/www.mein-pflegejob.de\/blog\/","name":"Magazin Mein Pflegejob","description":"Der Stellenmarkt f\u00fcr die Pflegebranche","publisher":{"@id":"https:\/\/www.mein-pflegejob.de\/blog\/#organization"},"potentialAction":[{"@type":"SearchAction","target":{"@type":"EntryPoint","urlTemplate":"https:\/\/www.mein-pflegejob.de\/blog\/?s={search_term_string}"},"query-input":{"@type":"PropertyValueSpecification","valueRequired":true,"valueName":"search_term_string"}}],"inLanguage":"de"},{"@type":"Organization","@id":"https:\/\/www.mein-pflegejob.de\/blog\/#organization","name":"mein-pflegejob","url":"https:\/\/www.mein-pflegejob.de\/blog\/","logo":{"@type":"ImageObject","inLanguage":"de","@id":"https:\/\/www.mein-pflegejob.de\/blog\/#\/schema\/logo\/image\/","url":"https:\/\/www.mein-pflegejob.de\/blog\/media\/Logo_klein.png","contentUrl":"https:\/\/www.mein-pflegejob.de\/blog\/media\/Logo_klein.png","width":256,"height":80,"caption":"mein-pflegejob"},"image":{"@id":"https:\/\/www.mein-pflegejob.de\/blog\/#\/schema\/logo\/image\/"},"sameAs":["https:\/\/www.facebook.com\/meinpflegejob.meintraumjob\/","https:\/\/x.com\/mein_pflegejob","https:\/\/www.instagram.com\/meinpflegejob\/","https:\/\/www.linkedin.com\/company\/mein-pflegejob-de\/"]}]}},"_links":{"self":[{"href":"https:\/\/www.mein-pflegejob.de\/blog\/wp-json\/wp\/v2\/pages\/1190"}],"collection":[{"href":"https:\/\/www.mein-pflegejob.de\/blog\/wp-json\/wp\/v2\/pages"}],"about":[{"href":"https:\/\/www.mein-pflegejob.de\/blog\/wp-json\/wp\/v2\/types\/page"}],"author":[{"embeddable":true,"href":"https:\/\/www.mein-pflegejob.de\/blog\/wp-json\/wp\/v2\/users\/1"}],"replies":[{"embeddable":true,"href":"https:\/\/www.mein-pflegejob.de\/blog\/wp-json\/wp\/v2\/comments?post=1190"}],"version-history":[{"count":55,"href":"https:\/\/www.mein-pflegejob.de\/blog\/wp-json\/wp\/v2\/pages\/1190\/revisions"}],"predecessor-version":[{"id":7293,"href":"https:\/\/www.mein-pflegejob.de\/blog\/wp-json\/wp\/v2\/pages\/1190\/revisions\/7293"}],"wp:attachment":[{"href":"https:\/\/www.mein-pflegejob.de\/blog\/wp-json\/wp\/v2\/media?parent=1190"}],"curies":[{"name":"wp","href":"https:\/\/api.w.org\/{rel}","templated":true}]}}