{"id":2759,"date":"2020-02-26T09:12:32","date_gmt":"2020-02-26T08:12:32","guid":{"rendered":"https:\/\/blog.mein-pflegejob.de\/?page_id=2759"},"modified":"2024-07-24T13:21:01","modified_gmt":"2024-07-24T11:21:01","slug":"pflegeanbieter","status":"publish","type":"page","link":"https:\/\/www.mein-pflegejob.de\/blog\/pflegeanbieter\/","title":{"rendered":"Ratgeber f\u00fcr Pflegeanbieter"},"content":{"rendered":"<p><div class=\"fusion-fullwidth fullwidth-box fusion-builder-row-1 fusion-flex-container fusion-parallax-fixed nonhundred-percent-fullwidth non-hundred-percent-height-scrolling fusion-no-small-visibility lazyload\" style=\"--awb-border-radius-top-left:0px;--awb-border-radius-top-right:0px;--awb-border-radius-bottom-right:0px;--awb-border-radius-bottom-left:0px;--awb-padding-top:10%;--awb-padding-right:3%;--awb-padding-bottom:15px;--awb-padding-left:3%;--awb-background-size:cover;--awb-flex-wrap:wrap;background-attachment:fixed;\" data-bg=\"https:\/\/www.mein-pflegejob.de\/blog\/media\/blue-charity-collaboration-1842610-large-1200x800.jpg\" ><div class=\"fusion-builder-row fusion-row fusion-flex-align-items-flex-start fusion-flex-content-wrap\" style=\"max-width:93.6%;margin-left: calc(-4% \/ 2 );margin-right: calc(-4% \/ 2 );\"><div class=\"fusion-layout-column fusion_builder_column fusion-builder-column-0 fusion_builder_column_1_1 1_1 fusion-flex-column\" style=\"--awb-padding-bottom:10%;--awb-bg-size:cover;--awb-width-large:100%;--awb-margin-top-large:20px;--awb-spacing-right-large:1.92%;--awb-margin-bottom-large:20px;--awb-spacing-left-large:1.92%;--awb-width-medium:100%;--awb-spacing-right-medium:1.92%;--awb-spacing-left-medium:1.92%;--awb-width-small:100%;--awb-spacing-right-small:1.92%;--awb-spacing-left-small:1.92%;\"><div class=\"fusion-column-wrapper fusion-column-has-shadow fusion-flex-justify-content-center fusion-content-layout-column\"><div class=\"fusion-title title fusion-title-1 fusion-sep-none fusion-title-center fusion-title-text fusion-title-size-one marker\" style=\"--awb-text-color:#2f2f2f;--awb-font-size:50px;\"><h1 class=\"fusion-title-heading title-heading-center fusion-responsive-typography-calculated\" style=\"margin:0;font-size:1em;--fontSize:50;line-height:1.2;\"><p class=\"entry-title\" data-fontsize=\"90\" data-lineheight=\"108\">Ratgeber und Neuigkeiten f\u00fcr Pflegeanbieter<\/p><\/h1><\/div><\/div><\/div><\/div><\/div><div class=\"fusion-fullwidth fullwidth-box fusion-builder-row-2 fusion-flex-container fusion-parallax-fixed nonhundred-percent-fullwidth non-hundred-percent-height-scrolling fusion-no-medium-visibility fusion-no-large-visibility lazyload\" style=\"--awb-border-radius-top-left:0px;--awb-border-radius-top-right:0px;--awb-border-radius-bottom-right:0px;--awb-border-radius-bottom-left:0px;--awb-padding-top:10%;--awb-padding-right:3%;--awb-padding-bottom:15px;--awb-padding-left:3%;--awb-background-size:cover;--awb-flex-wrap:wrap;background-attachment:fixed;\" data-bg=\"https:\/\/www.mein-pflegejob.de\/blog\/media\/blue-charity-collaboration-1842610-large-800x533.jpg\" ><div class=\"fusion-builder-row fusion-row fusion-flex-align-items-flex-start fusion-flex-content-wrap\" style=\"max-width:93.6%;margin-left: calc(-4% \/ 2 );margin-right: calc(-4% \/ 2 );\"><div class=\"fusion-layout-column fusion_builder_column fusion-builder-column-1 fusion_builder_column_1_1 1_1 fusion-flex-column\" style=\"--awb-padding-bottom:10%;--awb-bg-size:cover;--awb-width-large:100%;--awb-margin-top-large:20px;--awb-spacing-right-large:1.92%;--awb-margin-bottom-large:20px;--awb-spacing-left-large:1.92%;--awb-width-medium:100%;--awb-spacing-right-medium:1.92%;--awb-spacing-left-medium:1.92%;--awb-width-small:100%;--awb-spacing-right-small:1.92%;--awb-spacing-left-small:1.92%;\"><div class=\"fusion-column-wrapper fusion-column-has-shadow fusion-flex-justify-content-center fusion-content-layout-column\"><div class=\"fusion-title title fusion-title-2 fusion-sep-none fusion-title-center fusion-title-text fusion-title-size-one marker\" style=\"--awb-text-color:#2f2f2f;--awb-font-size:35px;\"><h1 class=\"fusion-title-heading title-heading-center fusion-responsive-typography-calculated\" style=\"margin:0;font-size:1em;--fontSize:35;line-height:1.2;\"><p class=\"entry-title\" data-fontsize=\"90\" data-lineheight=\"108\">Ratgeber und Neuigkeiten f\u00fcr Pflegeanbieter<\/p><\/h1><\/div><\/div><\/div><\/div><\/div><div class=\"fusion-fullwidth fullwidth-box fusion-builder-row-3 fusion-flex-container nonhundred-percent-fullwidth non-hundred-percent-height-scrolling\" style=\"--awb-border-radius-top-left:0px;--awb-border-radius-top-right:0px;--awb-border-radius-bottom-right:0px;--awb-border-radius-bottom-left:0px;--awb-padding-top:4%;--awb-padding-bottom:4%;--awb-flex-wrap:wrap;\" ><div class=\"fusion-builder-row fusion-row fusion-flex-align-items-flex-start fusion-flex-content-wrap\" style=\"max-width:93.6%;margin-left: calc(-4% \/ 2 );margin-right: calc(-4% \/ 2 );\"><div class=\"fusion-layout-column fusion_builder_column fusion-builder-column-2 fusion_builder_column_1_1 1_1 fusion-flex-column\" style=\"--awb-bg-size:cover;--awb-width-large:100%;--awb-margin-top-large:20px;--awb-spacing-right-large:1.92%;--awb-margin-bottom-large:20px;--awb-spacing-left-large:1.92%;--awb-width-medium:100%;--awb-spacing-right-medium:1.92%;--awb-spacing-left-medium:1.92%;--awb-width-small:100%;--awb-spacing-right-small:1.92%;--awb-spacing-left-small:1.92%;\"><div class=\"fusion-column-wrapper fusion-flex-justify-content-flex-start fusion-content-layout-column\"><div class=\"fusion-blog-shortcode fusion-blog-shortcode-1 fusion-blog-archive fusion-blog-layout-grid-wrapper fusion-blog-infinite\" style=\"--grid_separator_color:#bebab3;\"><style type=\"text\/css\">.fusion-blog-shortcode-1 .fusion-blog-layout-grid .fusion-post-grid{padding:20px;}.fusion-blog-shortcode-1 .fusion-posts-container{margin-left: -20px !important; margin-right:-20px !important;}<\/style><div class=\"fusion-posts-container fusion-posts-container-infinite fusion-posts-container-load-more fusion-blog-rollover fusion-blog-layout-grid fusion-blog-layout-grid-3 isotope\" data-pages=\"2\" data-grid-col-space=\"40\" style=\"margin: -20px -20px 0;min-height:500px;\"><article id=\"blog-1-post-7188\" class=\"fusion-post-grid post-7188 post type-post status-publish format-standard has-post-thumbnail hentry category-kundenbereich\">\n<div class=\"fusion-post-wrapper\" style=\"background-color:rgba(239,242,245,1);border:none;\">\n\n\t\t\t<div class=\"fusion-flexslider flexslider fusion-flexslider-loading fusion-post-slideshow\" style=\"border-color:rgba(235,234,234,0);\">\n\t\t<ul class=\"slides\">\n\t\t\t\n\t\t\t\t\t\t\t\t\t\t\t\t\t\t<li><div  class=\"fusion-image-wrapper\" aria-haspopup=\"true\">\n\t\t\t\t<img decoding=\"async\" width=\"1024\" height=\"1024\" src=\"https:\/\/www.mein-pflegejob.de\/blog\/media\/DALL\u00b7E-Foerderung-von-Vielfalt-in-Pflegeeinrichtungen.webp\" class=\"attachment-full size-full lazyload wp-post-image\" alt=\"F\u00f6rderung von Vielfalt in Pflegeeinrichtungen | QUELLE: KI-generiertes Bild mithilfe von DALL\u00b7E\" srcset=\"data:image\/svg+xml,%3Csvg%20xmlns%3D%27http%3A%2F%2Fwww.w3.org%2F2000%2Fsvg%27%20width%3D%271024%27%20height%3D%271024%27%20viewBox%3D%270%200%201024%201024%27%3E%3Crect%20width%3D%271024%27%20height%3D%271024%27%20fill-opacity%3D%220%22%2F%3E%3C%2Fsvg%3E\" data-orig-src=\"https:\/\/www.mein-pflegejob.de\/blog\/media\/DALL\u00b7E-Foerderung-von-Vielfalt-in-Pflegeeinrichtungen.webp\" data-srcset=\"https:\/\/www.mein-pflegejob.de\/blog\/media\/DALL\u00b7E-Foerderung-von-Vielfalt-in-Pflegeeinrichtungen-66x66.webp 66w, https:\/\/www.mein-pflegejob.de\/blog\/media\/DALL\u00b7E-Foerderung-von-Vielfalt-in-Pflegeeinrichtungen-150x150.webp 150w, https:\/\/www.mein-pflegejob.de\/blog\/media\/DALL\u00b7E-Foerderung-von-Vielfalt-in-Pflegeeinrichtungen-200x200.webp 200w, https:\/\/www.mein-pflegejob.de\/blog\/media\/DALL\u00b7E-Foerderung-von-Vielfalt-in-Pflegeeinrichtungen-300x300.webp 300w, https:\/\/www.mein-pflegejob.de\/blog\/media\/DALL\u00b7E-Foerderung-von-Vielfalt-in-Pflegeeinrichtungen-400x400.webp 400w, https:\/\/www.mein-pflegejob.de\/blog\/media\/DALL\u00b7E-Foerderung-von-Vielfalt-in-Pflegeeinrichtungen-600x600.webp 600w, https:\/\/www.mein-pflegejob.de\/blog\/media\/DALL\u00b7E-Foerderung-von-Vielfalt-in-Pflegeeinrichtungen-768x768.webp 768w, https:\/\/www.mein-pflegejob.de\/blog\/media\/DALL\u00b7E-Foerderung-von-Vielfalt-in-Pflegeeinrichtungen-800x800.webp 800w, https:\/\/www.mein-pflegejob.de\/blog\/media\/DALL\u00b7E-Foerderung-von-Vielfalt-in-Pflegeeinrichtungen.webp 1024w\" data-sizes=\"auto\" \/><div class=\"fusion-rollover\">\n\t<div class=\"fusion-rollover-content\">\n\n\t\t\t\t\n\t\t\n\t\t\t\t\t\t\t\t\t\t\t\t<h4 class=\"fusion-rollover-title\">\n\t\t\t\t\t<a class=\"fusion-rollover-title-link\" href=\"https:\/\/www.mein-pflegejob.de\/blog\/foerderung-von-diversitaet-und-inklusion\/\">\n\t\t\t\t\t\tF\u00f6rderung von Diversit\u00e4t und Inklusion in Pflegeeinrichtungen\t\t\t\t\t<\/a>\n\t\t\t\t<\/h4>\n\t\t\t\n\t\t\t\t\t\t\t\t\n\t\t\n\t\t\t\t\t\t<a class=\"fusion-link-wrapper\" href=\"https:\/\/www.mein-pflegejob.de\/blog\/foerderung-von-diversitaet-und-inklusion\/\" aria-label=\"F\u00f6rderung von Diversit\u00e4t und Inklusion in Pflegeeinrichtungen\"><\/a>\n\t<\/div>\n<\/div>\n<\/div>\n<\/li>\n\t\t\t\n\t\t\t\n\t\t\t\t\t\t\t\t\t\t\t\t\t\t\t\t\t\t\t\t\t\t\t\t\t\t\t\t\t\t\t\t\t\t\t\t\t\t\t\t\t\t\t\t\t\t\t\t\t\t\t\t\t\t\t\t\t\t\t\t\t\t\t\t\t\t\t\t<\/ul>\n\t<\/div>\n\t<div class=\"fusion-post-content-wrapper\" style=\"padding:30px 25px 10px 25px;\"><div class=\"fusion-post-content post-content\"><h2 class=\"blog-shortcode-post-title entry-title\"><a href=\"https:\/\/www.mein-pflegejob.de\/blog\/foerderung-von-diversitaet-und-inklusion\/\">F\u00f6rderung von Diversit\u00e4t und Inklusion in Pflegeeinrichtungen<\/a><\/h2><div class=\"fusion-content-sep sep-single sep-solid\"><\/div><div class=\"fusion-post-content-container\"><p>   In der heutigen globalisierten Welt ist die Diversit\u00e4t innerhalb der Arbeitskr\u00e4fte in allen Branchen, besonders jedoch im Gesundheitswesen, un\u00fcbersehbar. Eine inklusive Arbeitskultur in Pflegeeinrichtungen ist nicht nur ein ethisches Gebot, sondern auch ein entscheidender Faktor f\u00fcr die<\/p><\/div><\/div><div class=\"fusion-meta-info\"><div class=\"fusion-alignleft\"><a class=\"fusion-read-more\" href=\"https:\/\/www.mein-pflegejob.de\/blog\/foerderung-von-diversitaet-und-inklusion\/\" aria-label=\"More on F\u00f6rderung von Diversit\u00e4t und Inklusion in Pflegeeinrichtungen\">Read More<\/a><\/div><\/div><\/div><div class=\"fusion-clearfix\"><\/div><\/div>\n<\/article>\n<article id=\"blog-1-post-7054\" class=\"fusion-post-grid post-7054 post type-post status-publish format-standard has-post-thumbnail hentry category-kundenbereich\">\n<div class=\"fusion-post-wrapper\" style=\"background-color:rgba(239,242,245,1);border:none;\">\n\n\t\t\t<div class=\"fusion-flexslider flexslider fusion-flexslider-loading fusion-post-slideshow\" style=\"border-color:rgba(235,234,234,0);\">\n\t\t<ul class=\"slides\">\n\t\t\t\n\t\t\t\t\t\t\t\t\t\t\t\t\t\t<li><div  class=\"fusion-image-wrapper\" aria-haspopup=\"true\">\n\t\t\t\t<img decoding=\"async\" width=\"640\" height=\"427\" src=\"https:\/\/www.mein-pflegejob.de\/blog\/media\/Pflegepersonal.jpg\" class=\"attachment-full size-full lazyload wp-post-image\" alt=\"Pflegepersonal - Ein neues Personalbemessungsverfahren kommt | Quelle: cottonbro studio - Pexels\" srcset=\"data:image\/svg+xml,%3Csvg%20xmlns%3D%27http%3A%2F%2Fwww.w3.org%2F2000%2Fsvg%27%20width%3D%27640%27%20height%3D%27427%27%20viewBox%3D%270%200%20640%20427%27%3E%3Crect%20width%3D%27640%27%20height%3D%27427%27%20fill-opacity%3D%220%22%2F%3E%3C%2Fsvg%3E\" data-orig-src=\"https:\/\/www.mein-pflegejob.de\/blog\/media\/Pflegepersonal.jpg\" data-srcset=\"https:\/\/www.mein-pflegejob.de\/blog\/media\/Pflegepersonal-200x133.jpg 200w, https:\/\/www.mein-pflegejob.de\/blog\/media\/Pflegepersonal-400x267.jpg 400w, https:\/\/www.mein-pflegejob.de\/blog\/media\/Pflegepersonal-600x400.jpg 600w, https:\/\/www.mein-pflegejob.de\/blog\/media\/Pflegepersonal.jpg 640w\" data-sizes=\"auto\" \/><div class=\"fusion-rollover\">\n\t<div class=\"fusion-rollover-content\">\n\n\t\t\t\t\n\t\t\n\t\t\t\t\t\t\t\t\t\t\t\t<h4 class=\"fusion-rollover-title\">\n\t\t\t\t\t<a class=\"fusion-rollover-title-link\" href=\"https:\/\/www.mein-pflegejob.de\/blog\/personalbemessung-in-vollstationaeren-pflegeeinrichtungen-pebem-2023\/\">\n\t\t\t\t\t\tPersonalbemessung in vollstation\u00e4ren Pflegeeinrichtungen (PeBeM) 2023\t\t\t\t\t<\/a>\n\t\t\t\t<\/h4>\n\t\t\t\n\t\t\t\t\t\t\t\t\n\t\t\n\t\t\t\t\t\t<a class=\"fusion-link-wrapper\" href=\"https:\/\/www.mein-pflegejob.de\/blog\/personalbemessung-in-vollstationaeren-pflegeeinrichtungen-pebem-2023\/\" aria-label=\"Personalbemessung in vollstation\u00e4ren Pflegeeinrichtungen (PeBeM) 2023\"><\/a>\n\t<\/div>\n<\/div>\n<\/div>\n<\/li>\n\t\t\t\n\t\t\t\n\t\t\t\t\t\t\t\t\t\t\t\t\t\t\t\t\t\t\t\t\t\t\t\t\t\t\t\t\t\t\t\t\t\t\t\t\t\t\t\t\t\t\t\t\t\t\t\t\t\t\t\t\t\t\t\t\t\t\t\t\t\t\t\t\t\t\t\t<\/ul>\n\t<\/div>\n\t<div class=\"fusion-post-content-wrapper\" style=\"padding:30px 25px 10px 25px;\"><div class=\"fusion-post-content post-content\"><h2 class=\"blog-shortcode-post-title entry-title\"><a href=\"https:\/\/www.mein-pflegejob.de\/blog\/personalbemessung-in-vollstationaeren-pflegeeinrichtungen-pebem-2023\/\">Personalbemessung in vollstation\u00e4ren Pflegeeinrichtungen (PeBeM) 2023<\/a><\/h2><div class=\"fusion-content-sep sep-single sep-solid\"><\/div><div class=\"fusion-post-content-container\"><p>Ab dem 01. Juli 2023 wird die veraltete Fachkraftquote von 1993\/1994 (auch als Personalschl\u00fcssel bekannt) durch das Personalbemessungsverfahren (kurz PeBeM) ausgetauscht.<\/p><\/div><\/div><div class=\"fusion-meta-info\"><div class=\"fusion-alignleft\"><a class=\"fusion-read-more\" href=\"https:\/\/www.mein-pflegejob.de\/blog\/personalbemessung-in-vollstationaeren-pflegeeinrichtungen-pebem-2023\/\" aria-label=\"More on Personalbemessung in vollstation\u00e4ren Pflegeeinrichtungen (PeBeM) 2023\">Read More<\/a><\/div><\/div><\/div><div class=\"fusion-clearfix\"><\/div><\/div>\n<\/article>\n<article id=\"blog-1-post-6722\" class=\"fusion-post-grid post-6722 post type-post status-publish format-standard has-post-thumbnail hentry category-kundenbereich\">\n<div class=\"fusion-post-wrapper\" style=\"background-color:rgba(239,242,245,1);border:none;\">\n\n\t\t\t<div class=\"fusion-flexslider flexslider fusion-flexslider-loading fusion-post-slideshow\" style=\"border-color:rgba(235,234,234,0);\">\n\t\t<ul class=\"slides\">\n\t\t\t\n\t\t\t\t\t\t\t\t\t\t\t\t\t\t<li><div  class=\"fusion-image-wrapper\" aria-haspopup=\"true\">\n\t\t\t\t<img decoding=\"async\" width=\"1920\" height=\"1280\" src=\"https:\/\/www.mein-pflegejob.de\/blog\/media\/pexels-vojtech-okenka-392018-1-scaled.jpg\" class=\"attachment-full size-full lazyload wp-post-image\" alt=\"Die Vorteile eines Pflege-Stellenmarkts zur Personalgewinnung | Quelle: Vojtech Okenka - Pexels\" srcset=\"data:image\/svg+xml,%3Csvg%20xmlns%3D%27http%3A%2F%2Fwww.w3.org%2F2000%2Fsvg%27%20width%3D%271920%27%20height%3D%271280%27%20viewBox%3D%270%200%201920%201280%27%3E%3Crect%20width%3D%271920%27%20height%3D%271280%27%20fill-opacity%3D%220%22%2F%3E%3C%2Fsvg%3E\" data-orig-src=\"https:\/\/www.mein-pflegejob.de\/blog\/media\/pexels-vojtech-okenka-392018-1-scaled.jpg\" data-srcset=\"https:\/\/www.mein-pflegejob.de\/blog\/media\/pexels-vojtech-okenka-392018-1-200x133.jpg 200w, https:\/\/www.mein-pflegejob.de\/blog\/media\/pexels-vojtech-okenka-392018-1-400x267.jpg 400w, https:\/\/www.mein-pflegejob.de\/blog\/media\/pexels-vojtech-okenka-392018-1-600x400.jpg 600w, https:\/\/www.mein-pflegejob.de\/blog\/media\/pexels-vojtech-okenka-392018-1-800x533.jpg 800w, https:\/\/www.mein-pflegejob.de\/blog\/media\/pexels-vojtech-okenka-392018-1-1200x800.jpg 1200w, https:\/\/www.mein-pflegejob.de\/blog\/media\/pexels-vojtech-okenka-392018-1-scaled.jpg 1920w\" data-sizes=\"auto\" \/><div class=\"fusion-rollover\">\n\t<div class=\"fusion-rollover-content\">\n\n\t\t\t\t\n\t\t\n\t\t\t\t\t\t\t\t\t\t\t\t<h4 class=\"fusion-rollover-title\">\n\t\t\t\t\t<a class=\"fusion-rollover-title-link\" href=\"https:\/\/www.mein-pflegejob.de\/blog\/vorteile-eines-pflegestellenmarkts-zur-personalgewinnung\/\">\n\t\t\t\t\t\tDie Vorteile eines Pflege-Stellenmarkts zur Personalgewinnung &#8211; Am Beispiel von Mein-Pflegejob.de\t\t\t\t\t<\/a>\n\t\t\t\t<\/h4>\n\t\t\t\n\t\t\t\t\t\t\t\t\n\t\t\n\t\t\t\t\t\t<a class=\"fusion-link-wrapper\" href=\"https:\/\/www.mein-pflegejob.de\/blog\/vorteile-eines-pflegestellenmarkts-zur-personalgewinnung\/\" aria-label=\"Die Vorteile eines Pflege-Stellenmarkts zur Personalgewinnung &#8211; Am Beispiel von Mein-Pflegejob.de\"><\/a>\n\t<\/div>\n<\/div>\n<\/div>\n<\/li>\n\t\t\t\n\t\t\t\n\t\t\t\t\t\t\t\t\t\t\t\t\t\t\t\t\t\t\t\t\t\t\t\t\t\t\t\t\t\t\t\t\t\t\t\t\t\t\t\t\t\t\t\t\t\t\t\t\t\t\t\t\t\t\t\t\t\t\t\t\t\t\t\t\t\t\t\t<\/ul>\n\t<\/div>\n\t<div class=\"fusion-post-content-wrapper\" style=\"padding:30px 25px 10px 25px;\"><div class=\"fusion-post-content post-content\"><h2 class=\"blog-shortcode-post-title entry-title\"><a href=\"https:\/\/www.mein-pflegejob.de\/blog\/vorteile-eines-pflegestellenmarkts-zur-personalgewinnung\/\">Die Vorteile eines Pflege-Stellenmarkts zur Personalgewinnung &#8211; Am Beispiel von Mein-Pflegejob.de<\/a><\/h2><div class=\"fusion-content-sep sep-single sep-solid\"><\/div><div class=\"fusion-post-content-container\"><p>Ein f\u00fcr die Pflege spezialisierter Stellenmarkt bietet Arbeitgebern und Arbeitnehmern eine Reihe von Vorteilen. Er erm\u00f6glicht es Arbeitgebern eine breite Palette an Pflegekr\u00e4ften zu finden, die ihren Anforderungen entsprechen, w\u00e4hrend er Arbeitnehmern erlaubt, sich auf eine Vielzahl von relevanten Pflegejobs zu bewerben und diese miteinander zu vergleichen.<\/p><\/div><\/div><div class=\"fusion-meta-info\"><div class=\"fusion-alignleft\"><a class=\"fusion-read-more\" href=\"https:\/\/www.mein-pflegejob.de\/blog\/vorteile-eines-pflegestellenmarkts-zur-personalgewinnung\/\" aria-label=\"More on Die Vorteile eines Pflege-Stellenmarkts zur Personalgewinnung &#8211; Am Beispiel von Mein-Pflegejob.de\">Read More<\/a><\/div><\/div><\/div><div class=\"fusion-clearfix\"><\/div><\/div>\n<\/article>\n<article id=\"blog-1-post-6516\" class=\"fusion-post-grid post-6516 post type-post status-publish format-standard has-post-thumbnail hentry category-kundenbereich\">\n<div class=\"fusion-post-wrapper\" style=\"background-color:rgba(239,242,245,1);border:none;\">\n\n\t\t\t<div class=\"fusion-flexslider flexslider fusion-flexslider-loading fusion-post-slideshow\" style=\"border-color:rgba(235,234,234,0);\">\n\t\t<ul class=\"slides\">\n\t\t\t\n\t\t\t\t\t\t\t\t\t\t\t\t\t\t<li><div  class=\"fusion-image-wrapper\" aria-haspopup=\"true\">\n\t\t\t\t<img decoding=\"async\" width=\"1748\" height=\"1240\" src=\"https:\/\/www.mein-pflegejob.de\/blog\/media\/BENEFITS3.jpg\" class=\"attachment-full size-full lazyload wp-post-image\" alt=\"Gehaltsreport 2022 Pflege\" srcset=\"data:image\/svg+xml,%3Csvg%20xmlns%3D%27http%3A%2F%2Fwww.w3.org%2F2000%2Fsvg%27%20width%3D%271748%27%20height%3D%271240%27%20viewBox%3D%270%200%201748%201240%27%3E%3Crect%20width%3D%271748%27%20height%3D%271240%27%20fill-opacity%3D%220%22%2F%3E%3C%2Fsvg%3E\" data-orig-src=\"https:\/\/www.mein-pflegejob.de\/blog\/media\/BENEFITS3.jpg\" data-srcset=\"https:\/\/www.mein-pflegejob.de\/blog\/media\/BENEFITS3-200x142.jpg 200w, https:\/\/www.mein-pflegejob.de\/blog\/media\/BENEFITS3-400x284.jpg 400w, https:\/\/www.mein-pflegejob.de\/blog\/media\/BENEFITS3-600x426.jpg 600w, https:\/\/www.mein-pflegejob.de\/blog\/media\/BENEFITS3-800x568.jpg 800w, https:\/\/www.mein-pflegejob.de\/blog\/media\/BENEFITS3-1200x851.jpg 1200w, https:\/\/www.mein-pflegejob.de\/blog\/media\/BENEFITS3.jpg 1748w\" data-sizes=\"auto\" \/><div class=\"fusion-rollover\">\n\t<div class=\"fusion-rollover-content\">\n\n\t\t\t\t\n\t\t\n\t\t\t\t\t\t\t\t\t\t\t\t<h4 class=\"fusion-rollover-title\">\n\t\t\t\t\t<a class=\"fusion-rollover-title-link\" href=\"https:\/\/www.mein-pflegejob.de\/blog\/pflegegehaelter-in-deutschland-und-benefits-zur-pflegepersonalgewinnung-und-haltung\/\">\n\t\t\t\t\t\tWie viel verdienen Pflegekr\u00e4fte in Deutschland und mit welchen Benefits Sie Pflegepersonal tats\u00e4chlich gewinnen und halten k\u00f6nnen\t\t\t\t\t<\/a>\n\t\t\t\t<\/h4>\n\t\t\t\n\t\t\t\t\t\t\t\t\n\t\t\n\t\t\t\t\t\t<a class=\"fusion-link-wrapper\" href=\"https:\/\/www.mein-pflegejob.de\/blog\/pflegegehaelter-in-deutschland-und-benefits-zur-pflegepersonalgewinnung-und-haltung\/\" aria-label=\"Wie viel verdienen Pflegekr\u00e4fte in Deutschland und mit welchen Benefits Sie Pflegepersonal tats\u00e4chlich gewinnen und halten k\u00f6nnen\"><\/a>\n\t<\/div>\n<\/div>\n<\/div>\n<\/li>\n\t\t\t\n\t\t\t\n\t\t\t\t\t\t\t\t\t\t\t\t\t\t\t\t\t\t\t\t\t\t\t\t\t\t\t\t\t\t\t\t\t\t\t\t\t\t\t\t\t\t\t\t\t\t\t\t\t\t\t\t\t\t\t\t\t\t\t\t\t\t\t\t\t\t\t\t<\/ul>\n\t<\/div>\n\t<div class=\"fusion-post-content-wrapper\" style=\"padding:30px 25px 10px 25px;\"><div class=\"fusion-post-content post-content\"><h2 class=\"blog-shortcode-post-title entry-title\"><a href=\"https:\/\/www.mein-pflegejob.de\/blog\/pflegegehaelter-in-deutschland-und-benefits-zur-pflegepersonalgewinnung-und-haltung\/\">Wie viel verdienen Pflegekr\u00e4fte in Deutschland und mit welchen Benefits Sie Pflegepersonal tats\u00e4chlich gewinnen und halten k\u00f6nnen<\/a><\/h2><div class=\"fusion-content-sep sep-single sep-solid\"><\/div><div class=\"fusion-post-content-container\"><p>   Mein-pflegejob.de hat sich auch dieses Jahr mit dem Thema der Entlohnung in der Pflege auseinandergesetzt und den Zeitraum April 2021 bis Mai 2022 aus unserer aktuellen Gehaltsumfrage ausgewertet. Im Wettstreit bei der Personalgewinnung und langfristiger Bindung der<\/p><\/div><\/div><div class=\"fusion-meta-info\"><div class=\"fusion-alignleft\"><a class=\"fusion-read-more\" href=\"https:\/\/www.mein-pflegejob.de\/blog\/pflegegehaelter-in-deutschland-und-benefits-zur-pflegepersonalgewinnung-und-haltung\/\" aria-label=\"More on Wie viel verdienen Pflegekr\u00e4fte in Deutschland und mit welchen Benefits Sie Pflegepersonal tats\u00e4chlich gewinnen und halten k\u00f6nnen\">Read More<\/a><\/div><\/div><\/div><div class=\"fusion-clearfix\"><\/div><\/div>\n<\/article>\n<article id=\"blog-1-post-5945\" class=\"fusion-post-grid post-5945 post type-post status-publish format-standard has-post-thumbnail hentry category-kundenbereich\">\n<div class=\"fusion-post-wrapper\" style=\"background-color:rgba(239,242,245,1);border:none;\">\n\n\t\t\t<div class=\"fusion-flexslider flexslider fusion-flexslider-loading fusion-post-slideshow\" style=\"border-color:rgba(235,234,234,0);\">\n\t\t<ul class=\"slides\">\n\t\t\t\n\t\t\t\t\t\t\t\t\t\t\t\t\t\t<li><div  class=\"fusion-image-wrapper\" aria-haspopup=\"true\">\n\t\t\t\t<img decoding=\"async\" width=\"1024\" height=\"768\" src=\"https:\/\/www.mein-pflegejob.de\/blog\/media\/Cyan-Online-Bestellung-Prozess-Flussdiagramm-1.jpg\" class=\"attachment-full size-full lazyload wp-post-image\" alt=\"Online-Kan\u00e4le | Quelle: Canva\" srcset=\"data:image\/svg+xml,%3Csvg%20xmlns%3D%27http%3A%2F%2Fwww.w3.org%2F2000%2Fsvg%27%20width%3D%271024%27%20height%3D%27768%27%20viewBox%3D%270%200%201024%20768%27%3E%3Crect%20width%3D%271024%27%20height%3D%27768%27%20fill-opacity%3D%220%22%2F%3E%3C%2Fsvg%3E\" data-orig-src=\"https:\/\/www.mein-pflegejob.de\/blog\/media\/Cyan-Online-Bestellung-Prozess-Flussdiagramm-1.jpg\" data-srcset=\"https:\/\/www.mein-pflegejob.de\/blog\/media\/Cyan-Online-Bestellung-Prozess-Flussdiagramm-1-200x150.jpg 200w, https:\/\/www.mein-pflegejob.de\/blog\/media\/Cyan-Online-Bestellung-Prozess-Flussdiagramm-1-400x300.jpg 400w, https:\/\/www.mein-pflegejob.de\/blog\/media\/Cyan-Online-Bestellung-Prozess-Flussdiagramm-1-600x450.jpg 600w, https:\/\/www.mein-pflegejob.de\/blog\/media\/Cyan-Online-Bestellung-Prozess-Flussdiagramm-1-800x600.jpg 800w, https:\/\/www.mein-pflegejob.de\/blog\/media\/Cyan-Online-Bestellung-Prozess-Flussdiagramm-1.jpg 1024w\" data-sizes=\"auto\" \/><div class=\"fusion-rollover\">\n\t<div class=\"fusion-rollover-content\">\n\n\t\t\t\t\n\t\t\n\t\t\t\t\t\t\t\t\t\t\t\t<h4 class=\"fusion-rollover-title\">\n\t\t\t\t\t<a class=\"fusion-rollover-title-link\" href=\"https:\/\/www.mein-pflegejob.de\/blog\/warum-allgemeine-jobboersen-fuer-die-pflegefachkraeftegewinnung-nicht-funktionieren\/\">\n\t\t\t\t\t\tWarum allgemeine Jobb\u00f6rsen f\u00fcr die Personalgewinnung in der Pflege nicht funktionieren und welche Online-Kan\u00e4le erfolgreich sind\t\t\t\t\t<\/a>\n\t\t\t\t<\/h4>\n\t\t\t\n\t\t\t\t\t\t\t\t\n\t\t\n\t\t\t\t\t\t<a class=\"fusion-link-wrapper\" href=\"https:\/\/www.mein-pflegejob.de\/blog\/warum-allgemeine-jobboersen-fuer-die-pflegefachkraeftegewinnung-nicht-funktionieren\/\" aria-label=\"Warum allgemeine Jobb\u00f6rsen f\u00fcr die Personalgewinnung in der Pflege nicht funktionieren und welche Online-Kan\u00e4le erfolgreich sind\"><\/a>\n\t<\/div>\n<\/div>\n<\/div>\n<\/li>\n\t\t\t\n\t\t\t\n\t\t\t\t\t\t\t\t\t\t\t\t\t\t\t\t\t\t\t\t\t\t\t\t\t\t\t\t\t\t\t\t\t\t\t\t\t\t\t\t\t\t\t\t\t\t\t\t\t\t\t\t\t\t\t\t\t\t\t\t\t\t\t\t\t\t\t\t<\/ul>\n\t<\/div>\n\t<div class=\"fusion-post-content-wrapper\" style=\"padding:30px 25px 10px 25px;\"><div class=\"fusion-post-content post-content\"><h2 class=\"blog-shortcode-post-title entry-title\"><a href=\"https:\/\/www.mein-pflegejob.de\/blog\/warum-allgemeine-jobboersen-fuer-die-pflegefachkraeftegewinnung-nicht-funktionieren\/\">Warum allgemeine Jobb\u00f6rsen f\u00fcr die Personalgewinnung in der Pflege nicht funktionieren und welche Online-Kan\u00e4le erfolgreich sind<\/a><\/h2><div class=\"fusion-content-sep sep-single sep-solid\"><\/div><div class=\"fusion-post-content-container\"><p>Welche Online-Kan\u00e4le f\u00fcr die Personalgewinnung in der Pflege am besten funktionieren. So erreichen Sie aktive und passive Kandidaten in der Pflege.<\/p><\/div><\/div><div class=\"fusion-meta-info\"><div class=\"fusion-alignleft\"><a class=\"fusion-read-more\" href=\"https:\/\/www.mein-pflegejob.de\/blog\/warum-allgemeine-jobboersen-fuer-die-pflegefachkraeftegewinnung-nicht-funktionieren\/\" aria-label=\"More on Warum allgemeine Jobb\u00f6rsen f\u00fcr die Personalgewinnung in der Pflege nicht funktionieren und welche Online-Kan\u00e4le erfolgreich sind\">Read More<\/a><\/div><\/div><\/div><div class=\"fusion-clearfix\"><\/div><\/div>\n<\/article>\n<article id=\"blog-1-post-6126\" class=\"fusion-post-grid post-6126 post type-post status-publish format-standard has-post-thumbnail hentry category-kundenbereich\">\n<div class=\"fusion-post-wrapper\" style=\"background-color:rgba(239,242,245,1);border:none;\">\n\n\t\t\t<div class=\"fusion-flexslider flexslider fusion-flexslider-loading fusion-post-slideshow\" style=\"border-color:rgba(235,234,234,0);\">\n\t\t<ul class=\"slides\">\n\t\t\t\n\t\t\t\t\t\t\t\t\t\t\t\t\t\t<li><div  class=\"fusion-image-wrapper\" aria-haspopup=\"true\">\n\t\t\t\t<img decoding=\"async\" width=\"1280\" height=\"1920\" src=\"https:\/\/www.mein-pflegejob.de\/blog\/media\/pexels-karolina-grabowska-5412432-1-scaled.jpg\" class=\"attachment-full size-full lazyload wp-post-image\" alt=\"Unbesetzte Stelle - Rechenformel | Quelle: Karolina Grabowska - Pexels\" srcset=\"data:image\/svg+xml,%3Csvg%20xmlns%3D%27http%3A%2F%2Fwww.w3.org%2F2000%2Fsvg%27%20width%3D%271280%27%20height%3D%271920%27%20viewBox%3D%270%200%201280%201920%27%3E%3Crect%20width%3D%271280%27%20height%3D%271920%27%20fill-opacity%3D%220%22%2F%3E%3C%2Fsvg%3E\" data-orig-src=\"https:\/\/www.mein-pflegejob.de\/blog\/media\/pexels-karolina-grabowska-5412432-1-scaled.jpg\" data-srcset=\"https:\/\/www.mein-pflegejob.de\/blog\/media\/pexels-karolina-grabowska-5412432-1-200x300.jpg 200w, https:\/\/www.mein-pflegejob.de\/blog\/media\/pexels-karolina-grabowska-5412432-1-400x600.jpg 400w, https:\/\/www.mein-pflegejob.de\/blog\/media\/pexels-karolina-grabowska-5412432-1-600x900.jpg 600w, https:\/\/www.mein-pflegejob.de\/blog\/media\/pexels-karolina-grabowska-5412432-1-800x1200.jpg 800w, https:\/\/www.mein-pflegejob.de\/blog\/media\/pexels-karolina-grabowska-5412432-1-1200x1800.jpg 1200w, https:\/\/www.mein-pflegejob.de\/blog\/media\/pexels-karolina-grabowska-5412432-1-scaled.jpg 1280w\" data-sizes=\"auto\" \/><div class=\"fusion-rollover\">\n\t<div class=\"fusion-rollover-content\">\n\n\t\t\t\t\n\t\t\n\t\t\t\t\t\t\t\t\t\t\t\t<h4 class=\"fusion-rollover-title\">\n\t\t\t\t\t<a class=\"fusion-rollover-title-link\" href=\"https:\/\/www.mein-pflegejob.de\/blog\/unbesetzte-stelle-rechenbeispiel\/\">\n\t\t\t\t\t\tSo teuer ist eine unbesetzte Stelle in der Pflege &#8211; Rechenbeispiel\t\t\t\t\t<\/a>\n\t\t\t\t<\/h4>\n\t\t\t\n\t\t\t\t\t\t\t\t\n\t\t\n\t\t\t\t\t\t<a class=\"fusion-link-wrapper\" href=\"https:\/\/www.mein-pflegejob.de\/blog\/unbesetzte-stelle-rechenbeispiel\/\" aria-label=\"So teuer ist eine unbesetzte Stelle in der Pflege &#8211; Rechenbeispiel\"><\/a>\n\t<\/div>\n<\/div>\n<\/div>\n<\/li>\n\t\t\t\n\t\t\t\n\t\t\t\t\t\t\t\t\t\t\t\t\t\t\t\t\t\t\t\t\t\t\t\t\t\t\t\t\t\t\t\t\t\t\t\t\t\t\t\t\t\t\t\t\t\t\t\t\t\t\t\t\t\t\t\t\t\t\t\t\t\t\t\t\t\t\t\t<\/ul>\n\t<\/div>\n\t<div class=\"fusion-post-content-wrapper\" style=\"padding:30px 25px 10px 25px;\"><div class=\"fusion-post-content post-content\"><h2 class=\"blog-shortcode-post-title entry-title\"><a href=\"https:\/\/www.mein-pflegejob.de\/blog\/unbesetzte-stelle-rechenbeispiel\/\">So teuer ist eine unbesetzte Stelle in der Pflege &#8211; Rechenbeispiel<\/a><\/h2><div class=\"fusion-content-sep sep-single sep-solid\"><\/div><div class=\"fusion-post-content-container\"><p>   Haben Sie schon einmal ausgerechnet, wie viel eine unbesetzte Pflegestelle in Ihrer Pflegeeinrichtung kostet (Vakanzkosten|Cost of Vacancy = CoV)? Anhand einer einfachen Formel l\u00e4sst sich berechnen, wie viel Geld Pflegeeinrichtungen durch nicht besetzte Stellen tats\u00e4chlich verlieren: <\/p><\/div><\/div><div class=\"fusion-meta-info\"><div class=\"fusion-alignleft\"><a class=\"fusion-read-more\" href=\"https:\/\/www.mein-pflegejob.de\/blog\/unbesetzte-stelle-rechenbeispiel\/\" aria-label=\"More on So teuer ist eine unbesetzte Stelle in der Pflege &#8211; Rechenbeispiel\">Read More<\/a><\/div><\/div><\/div><div class=\"fusion-clearfix\"><\/div><\/div>\n<\/article>\n<article id=\"blog-1-post-5646\" class=\"fusion-post-grid post-5646 post type-post status-publish format-standard has-post-thumbnail hentry category-kundenbereich\">\n<div class=\"fusion-post-wrapper\" style=\"background-color:rgba(239,242,245,1);border:none;\">\n\n\t\t\t<div class=\"fusion-flexslider flexslider fusion-flexslider-loading fusion-post-slideshow\" style=\"border-color:rgba(235,234,234,0);\">\n\t\t<ul class=\"slides\">\n\t\t\t\n\t\t\t\t\t\t\t\t\t\t\t\t\t\t<li><div  class=\"fusion-image-wrapper\" aria-haspopup=\"true\">\n\t\t\t\t<img decoding=\"async\" width=\"1024\" height=\"683\" src=\"data:image\/svg+xml,%3Csvg%20xmlns%3D%27http%3A%2F%2Fwww.w3.org%2F2000%2Fsvg%27%20width%3D%271024%27%20height%3D%27683%27%20viewBox%3D%270%200%201024%20683%27%3E%3Crect%20width%3D%271024%27%20height%3D%27683%27%20fill-opacity%3D%220%22%2F%3E%3C%2Fsvg%3E\" class=\"attachment-full size-full lazyload wp-post-image\" alt=\"Erfolgsfaktor Digitalisierung | Quelle (ohne Jahreszahl): Pixabay - Pexels\" data-orig-src=\"https:\/\/www.mein-pflegejob.de\/blog\/media\/Erfolgsfaktor-Digitalisierung-Quelle-Pixabay-Pexels-1-scaled-e1644573095304.jpg\" \/><div class=\"fusion-rollover\">\n\t<div class=\"fusion-rollover-content\">\n\n\t\t\t\t\n\t\t\n\t\t\t\t\t\t\t\t\t\t\t\t<h4 class=\"fusion-rollover-title\">\n\t\t\t\t\t<a class=\"fusion-rollover-title-link\" href=\"https:\/\/www.mein-pflegejob.de\/blog\/erfolgsfaktor-digitalisierung\/\">\n\t\t\t\t\t\tErfolgsfaktor Digitalisierung: So geht digitale Personalgewinnung in der Pflege\t\t\t\t\t<\/a>\n\t\t\t\t<\/h4>\n\t\t\t\n\t\t\t\t\t\t\t\t\n\t\t\n\t\t\t\t\t\t<a class=\"fusion-link-wrapper\" href=\"https:\/\/www.mein-pflegejob.de\/blog\/erfolgsfaktor-digitalisierung\/\" aria-label=\"Erfolgsfaktor Digitalisierung: So geht digitale Personalgewinnung in der Pflege\"><\/a>\n\t<\/div>\n<\/div>\n<\/div>\n<\/li>\n\t\t\t\n\t\t\t\n\t\t\t\t\t\t\t\t\t\t\t\t\t\t\t\t\t\t\t\t\t\t\t\t\t\t\t\t\t\t\t\t\t\t\t\t\t\t\t\t\t\t\t\t\t\t\t\t\t\t\t\t\t\t\t\t\t\t\t\t\t\t\t\t\t\t\t\t<\/ul>\n\t<\/div>\n\t<div class=\"fusion-post-content-wrapper\" style=\"padding:30px 25px 10px 25px;\"><div class=\"fusion-post-content post-content\"><h2 class=\"blog-shortcode-post-title entry-title\"><a href=\"https:\/\/www.mein-pflegejob.de\/blog\/erfolgsfaktor-digitalisierung\/\">Erfolgsfaktor Digitalisierung: So geht digitale Personalgewinnung in der Pflege<\/a><\/h2><div class=\"fusion-content-sep sep-single sep-solid\"><\/div><div class=\"fusion-post-content-container\"><p>    Die Digitalisierung der Verwaltungsprozesse macht die Pflegeeinrichtungen schnell und effizient. Es beschleunigt und vereinfacht die Abl\u00e4ufe innerhalb der Verwaltung, so dass die Einrichtungen sich auf das Wesentliche konzentrieren k\u00f6nnen. Egal, ob es sich um Pflegedokumentation, Dienstplanerstellung,<\/p><\/div><\/div><div class=\"fusion-meta-info\"><div class=\"fusion-alignleft\"><a class=\"fusion-read-more\" href=\"https:\/\/www.mein-pflegejob.de\/blog\/erfolgsfaktor-digitalisierung\/\" aria-label=\"More on Erfolgsfaktor Digitalisierung: So geht digitale Personalgewinnung in der Pflege\">Read More<\/a><\/div><\/div><\/div><div class=\"fusion-clearfix\"><\/div><\/div>\n<\/article>\n<article id=\"blog-1-post-5636\" class=\"fusion-post-grid post-5636 post type-post status-publish format-standard has-post-thumbnail hentry category-kundenbereich\">\n<div class=\"fusion-post-wrapper\" style=\"background-color:rgba(239,242,245,1);border:none;\">\n\n\t\t\t<div class=\"fusion-flexslider flexslider fusion-flexslider-loading fusion-post-slideshow\" style=\"border-color:rgba(235,234,234,0);\">\n\t\t<ul class=\"slides\">\n\t\t\t\n\t\t\t\t\t\t\t\t\t\t\t\t\t\t<li><div  class=\"fusion-image-wrapper\" aria-haspopup=\"true\">\n\t\t\t\t<img decoding=\"async\" width=\"600\" height=\"900\" src=\"data:image\/svg+xml,%3Csvg%20xmlns%3D%27http%3A%2F%2Fwww.w3.org%2F2000%2Fsvg%27%20width%3D%27600%27%20height%3D%27900%27%20viewBox%3D%270%200%20600%20900%27%3E%3Crect%20width%3D%27600%27%20height%3D%27900%27%20fill-opacity%3D%220%22%2F%3E%3C%2Fsvg%3E\" class=\"attachment-full size-full lazyload wp-post-image\" alt=\"Corona-Verhaltenstrends | Quelle: Darina Belonogova - Pexels\" data-orig-src=\"https:\/\/www.mein-pflegejob.de\/blog\/media\/pexels-darina-belonogova-8373791-1-scaled-e1637143333982.jpg\" \/><div class=\"fusion-rollover\">\n\t<div class=\"fusion-rollover-content\">\n\n\t\t\t\t\n\t\t\n\t\t\t\t\t\t\t\t\t\t\t\t<h4 class=\"fusion-rollover-title\">\n\t\t\t\t\t<a class=\"fusion-rollover-title-link\" href=\"https:\/\/www.mein-pflegejob.de\/blog\/corona-verhaltenstrends\/\">\n\t\t\t\t\t\tVerhaltenstrends der Pflegebed\u00fcrftigen &#038; Angeh\u00f6rigen w\u00e4hrend Corona\t\t\t\t\t<\/a>\n\t\t\t\t<\/h4>\n\t\t\t\n\t\t\t\t\t\t\t\t\n\t\t\n\t\t\t\t\t\t<a class=\"fusion-link-wrapper\" href=\"https:\/\/www.mein-pflegejob.de\/blog\/corona-verhaltenstrends\/\" aria-label=\"Verhaltenstrends der Pflegebed\u00fcrftigen &#038; Angeh\u00f6rigen w\u00e4hrend Corona\"><\/a>\n\t<\/div>\n<\/div>\n<\/div>\n<\/li>\n\t\t\t\n\t\t\t\n\t\t\t\t\t\t\t\t\t\t\t\t\t\t\t\t\t\t\t\t\t\t\t\t\t\t\t\t\t\t\t\t\t\t\t\t\t\t\t\t\t\t\t\t\t\t\t\t\t\t\t\t\t\t\t\t\t\t\t\t\t\t\t\t\t\t\t\t<\/ul>\n\t<\/div>\n\t<div class=\"fusion-post-content-wrapper\" style=\"padding:30px 25px 10px 25px;\"><div class=\"fusion-post-content post-content\"><h2 class=\"blog-shortcode-post-title entry-title\"><a href=\"https:\/\/www.mein-pflegejob.de\/blog\/corona-verhaltenstrends\/\">Verhaltenstrends der Pflegebed\u00fcrftigen &#038; Angeh\u00f6rigen w\u00e4hrend Corona<\/a><\/h2><div class=\"fusion-content-sep sep-single sep-solid\"><\/div><div class=\"fusion-post-content-container\"><p>   Corona-Pandemie-Verhaltenstrends: Was hat sich im Verhalten der Pflegebed\u00fcrftigen und Angeh\u00f6rigen ver\u00e4ndert? Und wie erreichen Sie diese am Besten?   Inhalt Digitalisierung in der Pflege 6 Verhaltenstrends 3 Marketing Tipps zur optimalen Bewohnergewinnung 1. Tragen Sie Ihre<\/p><\/div><\/div><div class=\"fusion-meta-info\"><div class=\"fusion-alignleft\"><a class=\"fusion-read-more\" href=\"https:\/\/www.mein-pflegejob.de\/blog\/corona-verhaltenstrends\/\" aria-label=\"More on Verhaltenstrends der Pflegebed\u00fcrftigen &#038; Angeh\u00f6rigen w\u00e4hrend Corona\">Read More<\/a><\/div><\/div><\/div><div class=\"fusion-clearfix\"><\/div><\/div>\n<\/article>\n<article id=\"blog-1-post-5613\" class=\"fusion-post-grid post-5613 post type-post status-publish format-standard has-post-thumbnail hentry category-kundenbereich\">\n<div class=\"fusion-post-wrapper\" style=\"background-color:rgba(239,242,245,1);border:none;\">\n\n\t\t\t<div class=\"fusion-flexslider flexslider fusion-flexslider-loading fusion-post-slideshow\" style=\"border-color:rgba(235,234,234,0);\">\n\t\t<ul class=\"slides\">\n\t\t\t\n\t\t\t\t\t\t\t\t\t\t\t\t\t\t<li><div  class=\"fusion-image-wrapper\" aria-haspopup=\"true\">\n\t\t\t\t<img decoding=\"async\" width=\"1920\" height=\"1280\" src=\"https:\/\/www.mein-pflegejob.de\/blog\/media\/pexels-andrea-piacquadio-935756-1-scaled.jpg\" class=\"attachment-full size-full lazyload wp-post-image\" alt=\"Neue Anforderungen f\u00fcr Stellenanzeigen | Quelle: Andrea Piacquadio - Pexels\" srcset=\"data:image\/svg+xml,%3Csvg%20xmlns%3D%27http%3A%2F%2Fwww.w3.org%2F2000%2Fsvg%27%20width%3D%271920%27%20height%3D%271280%27%20viewBox%3D%270%200%201920%201280%27%3E%3Crect%20width%3D%271920%27%20height%3D%271280%27%20fill-opacity%3D%220%22%2F%3E%3C%2Fsvg%3E\" data-orig-src=\"https:\/\/www.mein-pflegejob.de\/blog\/media\/pexels-andrea-piacquadio-935756-1-scaled.jpg\" data-srcset=\"https:\/\/www.mein-pflegejob.de\/blog\/media\/pexels-andrea-piacquadio-935756-1-200x133.jpg 200w, https:\/\/www.mein-pflegejob.de\/blog\/media\/pexels-andrea-piacquadio-935756-1-400x267.jpg 400w, https:\/\/www.mein-pflegejob.de\/blog\/media\/pexels-andrea-piacquadio-935756-1-600x400.jpg 600w, https:\/\/www.mein-pflegejob.de\/blog\/media\/pexels-andrea-piacquadio-935756-1-800x533.jpg 800w, https:\/\/www.mein-pflegejob.de\/blog\/media\/pexels-andrea-piacquadio-935756-1-1200x800.jpg 1200w, https:\/\/www.mein-pflegejob.de\/blog\/media\/pexels-andrea-piacquadio-935756-1-scaled.jpg 1920w\" data-sizes=\"auto\" \/><div class=\"fusion-rollover\">\n\t<div class=\"fusion-rollover-content\">\n\n\t\t\t\t\n\t\t\n\t\t\t\t\t\t\t\t\t\t\t\t<h4 class=\"fusion-rollover-title\">\n\t\t\t\t\t<a class=\"fusion-rollover-title-link\" href=\"https:\/\/www.mein-pflegejob.de\/blog\/neue-anforderungen-an-stellenanzeigen\/\">\n\t\t\t\t\t\tNeue Anforderungen an Stellenanzeigen\t\t\t\t\t<\/a>\n\t\t\t\t<\/h4>\n\t\t\t\n\t\t\t\t\t\t\t\t\n\t\t\n\t\t\t\t\t\t<a class=\"fusion-link-wrapper\" href=\"https:\/\/www.mein-pflegejob.de\/blog\/neue-anforderungen-an-stellenanzeigen\/\" aria-label=\"Neue Anforderungen an Stellenanzeigen\"><\/a>\n\t<\/div>\n<\/div>\n<\/div>\n<\/li>\n\t\t\t\n\t\t\t\n\t\t\t\t\t\t\t\t\t\t\t\t\t\t\t\t\t\t\t\t\t\t\t\t\t\t\t\t\t\t\t\t\t\t\t\t\t\t\t\t\t\t\t\t\t\t\t\t\t\t\t\t\t\t\t\t\t\t\t\t\t\t\t\t\t\t\t\t<\/ul>\n\t<\/div>\n\t<div class=\"fusion-post-content-wrapper\" style=\"padding:30px 25px 10px 25px;\"><div class=\"fusion-post-content post-content\"><h2 class=\"blog-shortcode-post-title entry-title\"><a href=\"https:\/\/www.mein-pflegejob.de\/blog\/neue-anforderungen-an-stellenanzeigen\/\">Neue Anforderungen an Stellenanzeigen<\/a><\/h2><div class=\"fusion-content-sep sep-single sep-solid\"><\/div><div class=\"fusion-post-content-container\"><p>    Durch Corona haben sich auch die Anforderungen an Stellenanzeigen ver\u00e4ndert. Hygienema\u00dfnahmen sowie Kurzarbeitsregelungen spielen nun bei der Bewerbung eine wichtige Rolle. Zudem werden die Themen Homeoffice und Nachhaltigkeit in den Stellenanzeigen immer mehr gefordert.  Neue<\/p><\/div><\/div><div class=\"fusion-meta-info\"><div class=\"fusion-alignleft\"><a class=\"fusion-read-more\" href=\"https:\/\/www.mein-pflegejob.de\/blog\/neue-anforderungen-an-stellenanzeigen\/\" aria-label=\"More on Neue Anforderungen an Stellenanzeigen\">Read More<\/a><\/div><\/div><\/div><div class=\"fusion-clearfix\"><\/div><\/div>\n<\/article>\n<div class=\"fusion-clearfix\"><\/div><\/div><div class=\"fusion-infinite-scroll-trigger\"><\/div><div class=\"pagination infinite-scroll clearfix\" style=\"display:none;\"><span class=\"current\">1<\/span><a href=\"https:\/\/www.mein-pflegejob.de\/blog\/wp-json\/wp\/v2\/pages\/2759\/page\/2\/\" class=\"inactive\">2<\/a><a class=\"pagination-next\" rel=\"next\" href=\"https:\/\/www.mein-pflegejob.de\/blog\/wp-json\/wp\/v2\/pages\/2759\/page\/2\/\"><span class=\"page-text\">Vor<\/span><span class=\"page-next\"><\/span><\/a><\/div><div class=\"fusion-clearfix\"><\/div><button class=\"fusion-load-more-button fusion-blog-button fusion-clearfix\">Load More Posts<\/button><\/div><\/div><\/div><\/div><\/div><div class=\"fusion-fullwidth fullwidth-box fusion-builder-row-4 fusion-flex-container nonhundred-percent-fullwidth non-hundred-percent-height-scrolling\" style=\"--awb-border-radius-top-left:0px;--awb-border-radius-top-right:0px;--awb-border-radius-bottom-right:0px;--awb-border-radius-bottom-left:0px;--awb-padding-top:5%;--awb-padding-bottom:5%;--awb-background-color:#6034b2;--awb-flex-wrap:wrap;\" ><div class=\"fusion-builder-row fusion-row fusion-flex-align-items-stretch fusion-flex-content-wrap\" style=\"max-width:93.6%;margin-left: calc(-4% \/ 2 );margin-right: calc(-4% \/ 2 );\"><div class=\"fusion-layout-column fusion_builder_column fusion-builder-column-3 fusion_builder_column_1_5 1_5 fusion-flex-column\" style=\"--awb-bg-size:cover;--awb-width-large:20%;--awb-margin-top-large:20px;--awb-spacing-right-large:9.6%;--awb-margin-bottom-large:20px;--awb-spacing-left-large:9.6%;--awb-width-medium:100%;--awb-order-medium:0;--awb-spacing-right-medium:1.92%;--awb-spacing-left-medium:1.92%;--awb-width-small:100%;--awb-order-small:0;--awb-spacing-right-small:1.92%;--awb-spacing-left-small:1.92%;\"><div class=\"fusion-column-wrapper fusion-column-has-shadow fusion-flex-justify-content-flex-start fusion-content-layout-column\"><\/div><\/div><div class=\"fusion-layout-column fusion_builder_column fusion-builder-column-4 fusion_builder_column_3_5 3_5 fusion-flex-column\" style=\"--awb-bg-size:cover;--awb-width-large:60%;--awb-margin-top-large:20px;--awb-spacing-right-large:3.2%;--awb-margin-bottom-large:20px;--awb-spacing-left-large:3.2%;--awb-width-medium:100%;--awb-order-medium:0;--awb-spacing-right-medium:1.92%;--awb-spacing-left-medium:1.92%;--awb-width-small:100%;--awb-order-small:0;--awb-spacing-right-small:1.92%;--awb-spacing-left-small:1.92%;\"><div class=\"fusion-column-wrapper fusion-column-has-shadow fusion-flex-justify-content-flex-start fusion-content-layout-column\"><div class=\"fusion-text fusion-text-1\" style=\"--awb-text-color:#ffffff;\"><p style=\"text-align: center;\">Sie m\u00f6chten exklusive Informationen &amp; Tipps f\u00fcr effizientes Online Marketing in der Pflegebranche erhalten?<\/p>\n<\/div><div style=\"text-align:center;\"><a class=\"fusion-button button-flat fusion-button-default-size button-default fusion-button-default button-1 fusion-button-default-span fusion-button-default-type\" target=\"_self\" href=\"https:\/\/account.wohnen-im-alter.de\/newsletter\"><span class=\"fusion-button-text\">F\u00fcr den Newsletter anmelden<\/span><\/a><\/div><\/div><\/div><div class=\"fusion-layout-column fusion_builder_column fusion-builder-column-5 fusion_builder_column_1_5 1_5 fusion-flex-column\" style=\"--awb-bg-size:cover;--awb-width-large:20%;--awb-margin-top-large:20px;--awb-spacing-right-large:9.6%;--awb-margin-bottom-large:20px;--awb-spacing-left-large:9.6%;--awb-width-medium:100%;--awb-order-medium:0;--awb-spacing-right-medium:1.92%;--awb-spacing-left-medium:1.92%;--awb-width-small:100%;--awb-order-small:0;--awb-spacing-right-small:1.92%;--awb-spacing-left-small:1.92%;\"><div class=\"fusion-column-wrapper fusion-column-has-shadow fusion-flex-justify-content-flex-start fusion-content-layout-column\"><\/div><\/div><\/div><\/div><div class=\"fusion-fullwidth fullwidth-box fusion-builder-row-5 fusion-flex-container nonhundred-percent-fullwidth non-hundred-percent-height-scrolling\" style=\"--awb-border-radius-top-left:0px;--awb-border-radius-top-right:0px;--awb-border-radius-bottom-right:0px;--awb-border-radius-bottom-left:0px;--awb-padding-top:2%;--awb-padding-bottom:1%;--awb-background-color:#e3e3e3;--awb-flex-wrap:wrap;\" ><div class=\"fusion-builder-row fusion-row fusion-flex-align-items-stretch fusion-flex-content-wrap\" style=\"max-width:93.6%;margin-left: calc(-4% \/ 2 );margin-right: calc(-4% \/ 2 );\"><div class=\"fusion-layout-column fusion_builder_column fusion-builder-column-6 fusion_builder_column_1_2 1_2 fusion-flex-column\" style=\"--awb-bg-size:cover;--awb-width-large:50%;--awb-margin-top-large:20px;--awb-spacing-right-large:3.84%;--awb-margin-bottom-large:20px;--awb-spacing-left-large:3.84%;--awb-width-medium:100%;--awb-spacing-right-medium:1.92%;--awb-spacing-left-medium:1.92%;--awb-width-small:100%;--awb-spacing-right-small:1.92%;--awb-spacing-left-small:1.92%;\"><div class=\"fusion-column-wrapper fusion-column-has-shadow fusion-flex-justify-content-flex-start fusion-content-layout-column\"><div class=\"fusion-builder-row fusion-builder-row-inner fusion-row fusion-flex-align-items-stretch fusion-flex-content-wrap\" style=\"width:104% !important;max-width:104% !important;margin-left: calc(-4% \/ 2 );margin-right: calc(-4% \/ 2 );\"><div class=\"fusion-layout-column fusion_builder_column_inner fusion-builder-nested-column-0 fusion_builder_column_inner_1_4 1_4 fusion-flex-column\" style=\"--awb-bg-size:cover;--awb-width-large:25%;--awb-margin-top-large:20px;--awb-spacing-right-large:7.68%;--awb-margin-bottom-large:20px;--awb-spacing-left-large:7.68%;--awb-width-medium:100%;--awb-spacing-right-medium:1.92%;--awb-spacing-left-medium:1.92%;--awb-width-small:100%;--awb-spacing-right-small:1.92%;--awb-spacing-left-small:1.92%;\"><div class=\"fusion-column-wrapper fusion-column-has-shadow fusion-flex-justify-content-flex-start fusion-content-layout-column\"><\/div><\/div><div class=\"fusion-layout-column fusion_builder_column_inner fusion-builder-nested-column-1 fusion_builder_column_inner_1_2 1_2 fusion-flex-column\" style=\"--awb-bg-size:cover;--awb-width-large:50%;--awb-margin-top-large:20px;--awb-spacing-right-large:3.84%;--awb-margin-bottom-large:20px;--awb-spacing-left-large:3.84%;--awb-width-medium:100%;--awb-spacing-right-medium:1.92%;--awb-spacing-left-medium:1.92%;--awb-width-small:100%;--awb-spacing-right-small:1.92%;--awb-spacing-left-small:1.92%;\"><div class=\"fusion-column-wrapper fusion-column-has-shadow fusion-flex-justify-content-flex-start fusion-content-layout-column\"><div class=\"fusion-image-element \" style=\"--awb-max-width:256px;--awb-caption-title-font-family:var(--h2_typography-font-family);--awb-caption-title-font-weight:var(--h2_typography-font-weight);--awb-caption-title-font-style:var(--h2_typography-font-style);--awb-caption-title-size:var(--h2_typography-font-size);--awb-caption-title-transform:var(--h2_typography-text-transform);--awb-caption-title-line-height:var(--h2_typography-line-height);--awb-caption-title-letter-spacing:var(--h2_typography-letter-spacing);\"><span class=\" fusion-imageframe imageframe-none imageframe-1 hover-type-none\"><img decoding=\"async\" width=\"1153\" height=\"385\" alt=\"Wohnen im Alter Logo\" title=\"Wohnen im Alter Logo\" src=\"https:\/\/www.mein-pflegejob.de\/blog\/media\/Wia_Logo_2017_3_1.png\" data-orig-src=\"https:\/\/www.mein-pflegejob.de\/blog\/media\/Wia_Logo_2017_3_1.png\" class=\"lazyload img-responsive wp-image-4362\" srcset=\"data:image\/svg+xml,%3Csvg%20xmlns%3D%27http%3A%2F%2Fwww.w3.org%2F2000%2Fsvg%27%20width%3D%271153%27%20height%3D%27385%27%20viewBox%3D%270%200%201153%20385%27%3E%3Crect%20width%3D%271153%27%20height%3D%27385%27%20fill-opacity%3D%220%22%2F%3E%3C%2Fsvg%3E\" data-srcset=\"https:\/\/www.mein-pflegejob.de\/blog\/media\/Wia_Logo_2017_3_1-200x67.png 200w, https:\/\/www.mein-pflegejob.de\/blog\/media\/Wia_Logo_2017_3_1-400x134.png 400w, https:\/\/www.mein-pflegejob.de\/blog\/media\/Wia_Logo_2017_3_1-600x200.png 600w, https:\/\/www.mein-pflegejob.de\/blog\/media\/Wia_Logo_2017_3_1-800x267.png 800w, https:\/\/www.mein-pflegejob.de\/blog\/media\/Wia_Logo_2017_3_1.png 1153w\" data-sizes=\"auto\" data-orig-sizes=\"(max-width: 1024px) 100vw, (max-width: 640px) 100vw, 1153px\" \/><\/span><\/div><\/div><\/div><div class=\"fusion-layout-column fusion_builder_column_inner fusion-builder-nested-column-2 fusion_builder_column_inner_1_4 1_4 fusion-flex-column\" style=\"--awb-bg-size:cover;--awb-width-large:25%;--awb-margin-top-large:20px;--awb-spacing-right-large:7.68%;--awb-margin-bottom-large:20px;--awb-spacing-left-large:7.68%;--awb-width-medium:100%;--awb-spacing-right-medium:1.92%;--awb-spacing-left-medium:1.92%;--awb-width-small:100%;--awb-spacing-right-small:1.92%;--awb-spacing-left-small:1.92%;\"><div class=\"fusion-column-wrapper fusion-column-has-shadow fusion-flex-justify-content-flex-start fusion-content-layout-column\"><\/div><\/div><\/div><div class=\"fusion-separator fusion-full-width-sep\" style=\"align-self: center;margin-left: auto;margin-right: auto;margin-top:20px;width:100%;\"><\/div><div class=\"fusion-text fusion-text-2\"><p><i>&#8222;Nicht die Jahre in unserem Leben z\u00e4hlen, sondern das Leben in unseren Jahren.&#8220; <\/i><i>&#8211; Adlai Ewing Stevenson<\/i><\/p>\n<p>Getreu diesem Motto ist es unser Ziel, Senioren und deren Angeh\u00f6rige mit den f\u00fcr sie geeigneten Einrichtungen zusammenzubringen und somit das Wohlbefinden und die Lebensqualit\u00e4t im Alter zu steigern.<\/p>\n<p>Pflegebed\u00fcrftige und \u00e4ltere Menschen k\u00f6nnen auf Wohnen-im-Alter.de mit Hilfe der zielgerichteten Suchfunktion bundesweit aus \u00fcber 30.000 Pflegeeinrichtungen und Wohnangeboten das passende Haus finden.<\/p>\n<\/div><div class=\"fusion-separator fusion-full-width-sep\" style=\"align-self: center;margin-left: auto;margin-right: auto;margin-top:20px;margin-bottom:20px;width:100%;\"><\/div><div style=\"text-align:center;\"><a class=\"fusion-button button-flat fusion-button-default-size button-default fusion-button-default button-2 fusion-button-default-span fusion-button-default-type\" target=\"_self\" href=\"https:\/\/www.wohnen-im-alter.de\/leistungsuebersicht.html\"><span class=\"fusion-button-text\">Pakete &amp; Preise Wohnen im Alter<\/span><\/a><\/div><\/div><\/div><div class=\"fusion-layout-column fusion_builder_column fusion-builder-column-7 fusion_builder_column_1_2 1_2 fusion-flex-column\" style=\"--awb-bg-size:cover;--awb-width-large:50%;--awb-margin-top-large:20px;--awb-spacing-right-large:3.84%;--awb-margin-bottom-large:20px;--awb-spacing-left-large:3.84%;--awb-width-medium:100%;--awb-spacing-right-medium:1.92%;--awb-spacing-left-medium:1.92%;--awb-width-small:100%;--awb-spacing-right-small:1.92%;--awb-spacing-left-small:1.92%;\"><div class=\"fusion-column-wrapper fusion-column-has-shadow fusion-flex-justify-content-flex-start fusion-content-layout-column\"><div class=\"fusion-builder-row fusion-builder-row-inner fusion-row fusion-flex-align-items-stretch fusion-flex-content-wrap\" style=\"width:104% !important;max-width:104% !important;margin-left: calc(-4% \/ 2 );margin-right: calc(-4% \/ 2 );\"><div class=\"fusion-layout-column fusion_builder_column_inner fusion-builder-nested-column-3 fusion_builder_column_inner_1_4 1_4 fusion-flex-column\" style=\"--awb-bg-size:cover;--awb-width-large:25%;--awb-margin-top-large:20px;--awb-spacing-right-large:7.68%;--awb-margin-bottom-large:20px;--awb-spacing-left-large:7.68%;--awb-width-medium:100%;--awb-spacing-right-medium:1.92%;--awb-spacing-left-medium:1.92%;--awb-width-small:100%;--awb-spacing-right-small:1.92%;--awb-spacing-left-small:1.92%;\"><div class=\"fusion-column-wrapper fusion-column-has-shadow fusion-flex-justify-content-flex-start fusion-content-layout-column\"><\/div><\/div><div class=\"fusion-layout-column fusion_builder_column_inner fusion-builder-nested-column-4 fusion_builder_column_inner_1_2 1_2 fusion-flex-column\" style=\"--awb-bg-size:cover;--awb-width-large:50%;--awb-margin-top-large:20px;--awb-spacing-right-large:3.84%;--awb-margin-bottom-large:20px;--awb-spacing-left-large:3.84%;--awb-width-medium:100%;--awb-spacing-right-medium:1.92%;--awb-spacing-left-medium:1.92%;--awb-width-small:100%;--awb-spacing-right-small:1.92%;--awb-spacing-left-small:1.92%;\"><div class=\"fusion-column-wrapper fusion-column-has-shadow fusion-flex-justify-content-flex-start fusion-content-layout-column\"><div class=\"fusion-image-element \" style=\"--awb-caption-title-font-family:var(--h2_typography-font-family);--awb-caption-title-font-weight:var(--h2_typography-font-weight);--awb-caption-title-font-style:var(--h2_typography-font-style);--awb-caption-title-size:var(--h2_typography-font-size);--awb-caption-title-transform:var(--h2_typography-text-transform);--awb-caption-title-line-height:var(--h2_typography-line-height);--awb-caption-title-letter-spacing:var(--h2_typography-letter-spacing);\"><span class=\" fusion-imageframe imageframe-none imageframe-2 hover-type-none\"><img decoding=\"async\" width=\"256\" height=\"80\" alt=\"Logo Mein Pflegejob\" title=\"Logo Mein Pflegejob\" src=\"https:\/\/www.mein-pflegejob.de\/blog\/media\/Logo_klein.png\" data-orig-src=\"https:\/\/www.mein-pflegejob.de\/blog\/media\/Logo_klein.png\" class=\"lazyload img-responsive wp-image-4308\" srcset=\"data:image\/svg+xml,%3Csvg%20xmlns%3D%27http%3A%2F%2Fwww.w3.org%2F2000%2Fsvg%27%20width%3D%27256%27%20height%3D%2780%27%20viewBox%3D%270%200%20256%2080%27%3E%3Crect%20width%3D%27256%27%20height%3D%2780%27%20fill-opacity%3D%220%22%2F%3E%3C%2Fsvg%3E\" data-srcset=\"https:\/\/www.mein-pflegejob.de\/blog\/media\/Logo_klein-200x63.png 200w, https:\/\/www.mein-pflegejob.de\/blog\/media\/Logo_klein.png 256w\" data-sizes=\"auto\" data-orig-sizes=\"(max-width: 1024px) 100vw, (max-width: 640px) 100vw, 256px\" \/><\/span><\/div><\/div><\/div><div class=\"fusion-layout-column fusion_builder_column_inner fusion-builder-nested-column-5 fusion_builder_column_inner_1_4 1_4 fusion-flex-column\" style=\"--awb-bg-size:cover;--awb-width-large:25%;--awb-margin-top-large:20px;--awb-spacing-right-large:7.68%;--awb-margin-bottom-large:20px;--awb-spacing-left-large:7.68%;--awb-width-medium:100%;--awb-spacing-right-medium:1.92%;--awb-spacing-left-medium:1.92%;--awb-width-small:100%;--awb-spacing-right-small:1.92%;--awb-spacing-left-small:1.92%;\"><div class=\"fusion-column-wrapper fusion-column-has-shadow fusion-flex-justify-content-flex-start fusion-content-layout-column\"><\/div><\/div><\/div><div class=\"fusion-separator fusion-full-width-sep\" style=\"align-self: center;margin-left: auto;margin-right: auto;margin-top:20px;width:100%;\"><\/div><div class=\"fusion-text fusion-text-3\"><p>Traumjob Pflege! Der Gro\u00dfteil der Pflegekr\u00e4fte hat sich bewusst f\u00fcr den Dienst am Menschen entschieden und \u00fcbt ihren Beruf mit viel Leidenschaft und sozialer Kompetenz aus.<\/p>\n<p>Nicht immer stimmen die eigenen Anspr\u00fcchen an den Beruf mit den Ansichten der unternehmerischen Ausrichtung des Arbeitsgebers \u00fcberein.<\/p>\n<p>Mit mein-pflegejob sind wir Bewerbern dabei behilflich, Arbeitgeber zu finden, die den Vorstellungen der Pflegekr\u00e4fte in Bezug auf Unternehmensphilosophie \/ -kultur, Gehaltsvorstellungen sowie sonstigen Benefits entsprechen.<\/p>\n<\/div><div class=\"fusion-separator fusion-full-width-sep\" style=\"align-self: center;margin-left: auto;margin-right: auto;margin-top:20px;margin-bottom:20px;width:100%;\"><\/div><div style=\"text-align:center;\"><a class=\"fusion-button button-flat fusion-button-default-size button-default fusion-button-default button-3 fusion-button-default-span fusion-button-default-type\" target=\"_self\" href=\"https:\/\/www.mein-pflegejob.de\/bestellung\/\"><span class=\"fusion-button-text\">Pakete &amp; Preise mein-pflegejob<\/span><\/a><\/div><\/div><\/div><\/div><\/div><\/p>\n","protected":false},"excerpt":{"rendered":"","protected":false},"author":1,"featured_media":0,"parent":0,"menu_order":0,"comment_status":"closed","ping_status":"closed","template":"100-width.php","meta":{"footnotes":""},"yoast_head":"<!-- This site is optimized with the Yoast SEO plugin v23.4 - https:\/\/yoast.com\/wordpress\/plugins\/seo\/ -->\n<title>Ratgeber f\u00fcr Pflegeanbieter - Magazin Mein Pflegejob<\/title>\n<meta name=\"robots\" content=\"index, follow, max-snippet:-1, max-image-preview:large, max-video-preview:-1\" \/>\n<link rel=\"canonical\" href=\"https:\/\/www.mein-pflegejob.de\/blog\/pflegeanbieter\/\" \/>\n<meta property=\"og:locale\" content=\"de_DE\" \/>\n<meta property=\"og:type\" content=\"article\" \/>\n<meta property=\"og:title\" content=\"Ratgeber f\u00fcr Pflegeanbieter - Magazin Mein Pflegejob\" \/>\n<meta property=\"og:url\" content=\"https:\/\/www.mein-pflegejob.de\/blog\/pflegeanbieter\/\" \/>\n<meta property=\"og:site_name\" content=\"Magazin Mein Pflegejob\" \/>\n<meta property=\"article:publisher\" content=\"https:\/\/www.facebook.com\/meinpflegejob.meintraumjob\/\" \/>\n<meta property=\"article:modified_time\" content=\"2024-07-24T11:21:01+00:00\" \/>\n<meta name=\"twitter:card\" content=\"summary_large_image\" \/>\n<meta name=\"twitter:site\" content=\"@mein_pflegejob\" \/>\n<script type=\"application\/ld+json\" class=\"yoast-schema-graph\">{\"@context\":\"https:\/\/schema.org\",\"@graph\":[{\"@type\":\"WebPage\",\"@id\":\"https:\/\/www.mein-pflegejob.de\/blog\/pflegeanbieter\/\",\"url\":\"https:\/\/www.mein-pflegejob.de\/blog\/pflegeanbieter\/\",\"name\":\"Ratgeber f\u00fcr Pflegeanbieter - Magazin Mein Pflegejob\",\"isPartOf\":{\"@id\":\"https:\/\/www.mein-pflegejob.de\/blog\/#website\"},\"datePublished\":\"2020-02-26T08:12:32+00:00\",\"dateModified\":\"2024-07-24T11:21:01+00:00\",\"breadcrumb\":{\"@id\":\"https:\/\/www.mein-pflegejob.de\/blog\/pflegeanbieter\/#breadcrumb\"},\"inLanguage\":\"de\",\"potentialAction\":[{\"@type\":\"ReadAction\",\"target\":[\"https:\/\/www.mein-pflegejob.de\/blog\/pflegeanbieter\/\"]}]},{\"@type\":\"BreadcrumbList\",\"@id\":\"https:\/\/www.mein-pflegejob.de\/blog\/pflegeanbieter\/#breadcrumb\",\"itemListElement\":[{\"@type\":\"ListItem\",\"position\":1,\"name\":\"Home\",\"item\":\"https:\/\/www.mein-pflegejob.de\/blog\/\"},{\"@type\":\"ListItem\",\"position\":2,\"name\":\"Ratgeber f\u00fcr Pflegeanbieter\"}]},{\"@type\":\"WebSite\",\"@id\":\"https:\/\/www.mein-pflegejob.de\/blog\/#website\",\"url\":\"https:\/\/www.mein-pflegejob.de\/blog\/\",\"name\":\"Magazin Mein Pflegejob\",\"description\":\"Der Stellenmarkt f\u00fcr die Pflegebranche\",\"publisher\":{\"@id\":\"https:\/\/www.mein-pflegejob.de\/blog\/#organization\"},\"potentialAction\":[{\"@type\":\"SearchAction\",\"target\":{\"@type\":\"EntryPoint\",\"urlTemplate\":\"https:\/\/www.mein-pflegejob.de\/blog\/?s={search_term_string}\"},\"query-input\":{\"@type\":\"PropertyValueSpecification\",\"valueRequired\":true,\"valueName\":\"search_term_string\"}}],\"inLanguage\":\"de\"},{\"@type\":\"Organization\",\"@id\":\"https:\/\/www.mein-pflegejob.de\/blog\/#organization\",\"name\":\"mein-pflegejob\",\"url\":\"https:\/\/www.mein-pflegejob.de\/blog\/\",\"logo\":{\"@type\":\"ImageObject\",\"inLanguage\":\"de\",\"@id\":\"https:\/\/www.mein-pflegejob.de\/blog\/#\/schema\/logo\/image\/\",\"url\":\"https:\/\/www.mein-pflegejob.de\/blog\/media\/Logo_klein.png\",\"contentUrl\":\"https:\/\/www.mein-pflegejob.de\/blog\/media\/Logo_klein.png\",\"width\":256,\"height\":80,\"caption\":\"mein-pflegejob\"},\"image\":{\"@id\":\"https:\/\/www.mein-pflegejob.de\/blog\/#\/schema\/logo\/image\/\"},\"sameAs\":[\"https:\/\/www.facebook.com\/meinpflegejob.meintraumjob\/\",\"https:\/\/x.com\/mein_pflegejob\",\"https:\/\/www.instagram.com\/meinpflegejob\/\",\"https:\/\/www.linkedin.com\/company\/mein-pflegejob-de\/\"]}]}<\/script>\n<!-- \/ Yoast SEO plugin. -->","yoast_head_json":{"title":"Ratgeber f\u00fcr Pflegeanbieter - Magazin Mein Pflegejob","robots":{"index":"index","follow":"follow","max-snippet":"max-snippet:-1","max-image-preview":"max-image-preview:large","max-video-preview":"max-video-preview:-1"},"canonical":"https:\/\/www.mein-pflegejob.de\/blog\/pflegeanbieter\/","og_locale":"de_DE","og_type":"article","og_title":"Ratgeber f\u00fcr Pflegeanbieter - Magazin Mein Pflegejob","og_url":"https:\/\/www.mein-pflegejob.de\/blog\/pflegeanbieter\/","og_site_name":"Magazin Mein Pflegejob","article_publisher":"https:\/\/www.facebook.com\/meinpflegejob.meintraumjob\/","article_modified_time":"2024-07-24T11:21:01+00:00","twitter_card":"summary_large_image","twitter_site":"@mein_pflegejob","schema":{"@context":"https:\/\/schema.org","@graph":[{"@type":"WebPage","@id":"https:\/\/www.mein-pflegejob.de\/blog\/pflegeanbieter\/","url":"https:\/\/www.mein-pflegejob.de\/blog\/pflegeanbieter\/","name":"Ratgeber f\u00fcr Pflegeanbieter - Magazin Mein Pflegejob","isPartOf":{"@id":"https:\/\/www.mein-pflegejob.de\/blog\/#website"},"datePublished":"2020-02-26T08:12:32+00:00","dateModified":"2024-07-24T11:21:01+00:00","breadcrumb":{"@id":"https:\/\/www.mein-pflegejob.de\/blog\/pflegeanbieter\/#breadcrumb"},"inLanguage":"de","potentialAction":[{"@type":"ReadAction","target":["https:\/\/www.mein-pflegejob.de\/blog\/pflegeanbieter\/"]}]},{"@type":"BreadcrumbList","@id":"https:\/\/www.mein-pflegejob.de\/blog\/pflegeanbieter\/#breadcrumb","itemListElement":[{"@type":"ListItem","position":1,"name":"Home","item":"https:\/\/www.mein-pflegejob.de\/blog\/"},{"@type":"ListItem","position":2,"name":"Ratgeber f\u00fcr Pflegeanbieter"}]},{"@type":"WebSite","@id":"https:\/\/www.mein-pflegejob.de\/blog\/#website","url":"https:\/\/www.mein-pflegejob.de\/blog\/","name":"Magazin Mein Pflegejob","description":"Der Stellenmarkt f\u00fcr die Pflegebranche","publisher":{"@id":"https:\/\/www.mein-pflegejob.de\/blog\/#organization"},"potentialAction":[{"@type":"SearchAction","target":{"@type":"EntryPoint","urlTemplate":"https:\/\/www.mein-pflegejob.de\/blog\/?s={search_term_string}"},"query-input":{"@type":"PropertyValueSpecification","valueRequired":true,"valueName":"search_term_string"}}],"inLanguage":"de"},{"@type":"Organization","@id":"https:\/\/www.mein-pflegejob.de\/blog\/#organization","name":"mein-pflegejob","url":"https:\/\/www.mein-pflegejob.de\/blog\/","logo":{"@type":"ImageObject","inLanguage":"de","@id":"https:\/\/www.mein-pflegejob.de\/blog\/#\/schema\/logo\/image\/","url":"https:\/\/www.mein-pflegejob.de\/blog\/media\/Logo_klein.png","contentUrl":"https:\/\/www.mein-pflegejob.de\/blog\/media\/Logo_klein.png","width":256,"height":80,"caption":"mein-pflegejob"},"image":{"@id":"https:\/\/www.mein-pflegejob.de\/blog\/#\/schema\/logo\/image\/"},"sameAs":["https:\/\/www.facebook.com\/meinpflegejob.meintraumjob\/","https:\/\/x.com\/mein_pflegejob","https:\/\/www.instagram.com\/meinpflegejob\/","https:\/\/www.linkedin.com\/company\/mein-pflegejob-de\/"]}]}},"_links":{"self":[{"href":"https:\/\/www.mein-pflegejob.de\/blog\/wp-json\/wp\/v2\/pages\/2759"}],"collection":[{"href":"https:\/\/www.mein-pflegejob.de\/blog\/wp-json\/wp\/v2\/pages"}],"about":[{"href":"https:\/\/www.mein-pflegejob.de\/blog\/wp-json\/wp\/v2\/types\/page"}],"author":[{"embeddable":true,"href":"https:\/\/www.mein-pflegejob.de\/blog\/wp-json\/wp\/v2\/users\/1"}],"replies":[{"embeddable":true,"href":"https:\/\/www.mein-pflegejob.de\/blog\/wp-json\/wp\/v2\/comments?post=2759"}],"version-history":[{"count":56,"href":"https:\/\/www.mein-pflegejob.de\/blog\/wp-json\/wp\/v2\/pages\/2759\/revisions"}],"predecessor-version":[{"id":7284,"href":"https:\/\/www.mein-pflegejob.de\/blog\/wp-json\/wp\/v2\/pages\/2759\/revisions\/7284"}],"wp:attachment":[{"href":"https:\/\/www.mein-pflegejob.de\/blog\/wp-json\/wp\/v2\/media?parent=2759"}],"curies":[{"name":"wp","href":"https:\/\/api.w.org\/{rel}","templated":true}]}}